{"id":2638,"date":"2024-10-07T10:13:28","date_gmt":"2024-10-07T10:13:28","guid":{"rendered":"https:\/\/www.elevamon.com\/mantenimiento-ascensores-montacargas\/curs-delevamon-a-bombers-de-la-generalitat-video\/"},"modified":"2024-10-07T10:13:30","modified_gmt":"2024-10-07T10:13:30","slug":"curs-delevamon-a-bombers-de-la-generalitat-video","status":"publish","type":"project","link":"https:\/\/www.elevamon.com\/ca\/mantenimiento-ascensores-montacargas\/curs-delevamon-a-bombers-de-la-generalitat-video\/","title":{"rendered":"CURS D&#8217;ELEVAMON A BOMBERS DE LA GENERALITAT (VIDEO)"},"content":{"rendered":"<p>[et_pb_section fb_built=&#8221;1&#8243; _builder_version=&#8221;4.16&#8243; global_colors_info=&#8221;{}&#8221; theme_builder_area=&#8221;post_content&#8221;][et_pb_row column_structure=&#8221;1_2,1_2&#8243; _builder_version=&#8221;4.16&#8243; global_colors_info=&#8221;{}&#8221; theme_builder_area=&#8221;post_content&#8221;][et_pb_column type=&#8221;1_2&#8243; _builder_version=&#8221;4.16&#8243; global_colors_info=&#8221;{}&#8221; theme_builder_area=&#8221;post_content&#8221;][et_pb_video src=&#8221;https:\/\/www.youtube.com\/watch?v=pjIy2kofVZ4&#8243; image_src=&#8221;\/\/i.ytimg.com\/vi\/_aaq2KK8-jE\/hqdefault.jpg&#8221; _builder_version=&#8221;4.23.1&#8243; hover_enabled=&#8221;0&#8243; global_colors_info=&#8221;{}&#8221; theme_builder_area=&#8221;post_content&#8221; sticky_enabled=&#8221;0&#8243;][\/et_pb_video][\/et_pb_column][et_pb_column type=&#8221;1_2&#8243; _builder_version=&#8221;4.16&#8243; global_colors_info=&#8221;{}&#8221; theme_builder_area=&#8221;post_content&#8221;][et_pb_text _builder_version=&#8221;4.23.1&#8243; header_3_line_height=&#8221;1.4em&#8221; custom_margin=&#8221;42px|||||&#8221; hover_enabled=&#8221;0&#8243; global_colors_info=&#8221;{}&#8221; theme_builder_area=&#8221;post_content&#8221; sticky_enabled=&#8221;0&#8243;]<\/p>\n<h3 style=\"text-align: center;\"><strong>CURS D&#8217;ELEVAMON A BOMBERS DE LA GENERALITAT<\/strong><\/h3>\n<p>[\/et_pb_text][et_pb_text _builder_version=&#8221;4.23.1&#8243; hover_enabled=&#8221;0&#8243; global_colors_info=&#8221;{}&#8221; theme_builder_area=&#8221;post_content&#8221; sticky_enabled=&#8221;0&#8243; custom_padding=&#8221;||7px|||&#8221;]<\/p>\n<p style=\"text-align: center;\">Curs realitzat per personal t\u00e8cnic d&#8217;Elevamon a bombers de la Generalitat, amb la finalitat de poder tenir un coneixement m\u00e9s gran en les tasques de soc\u00f3rrer persones que puguin veure&#8217;s atrapades dins d&#8217;un ascensor.<\/p>\n<p>[\/et_pb_text][\/et_pb_column][\/et_pb_row][\/et_pb_section]<\/p>\n","protected":false},"excerpt":{"rendered":"<p>CURS D&#8217;ELEVAMON A BOMBERS DE LA GENERALITATCurs realitzat per personal t\u00e8cnic d&#8217;Elevamon a bombers de la Generalitat, amb la finalitat de poder tenir un coneixement m\u00e9s gran en les tasques de soc\u00f3rrer persones que puguin veure&#8217;s atrapades dins d&#8217;un ascensor.<\/p>\n","protected":false},"author":2,"featured_media":2634,"comment_status":"open","ping_status":"closed","template":"","meta":{"_et_pb_use_builder":"on","_et_pb_old_content":"","_et_gb_content_width":"","footnotes":""},"project_category":[],"project_tag":[],"class_list":["post-2638","project","type-project","status-publish","has-post-thumbnail","hentry"],"yoast_head":"<!-- This site is optimized with the Yoast SEO plugin v26.8 - https:\/\/yoast.com\/product\/yoast-seo-wordpress\/ -->\n<title>Curs d&#039;Elevamon a bombers de la Generalitat<\/title>\n<meta name=\"description\" content=\"Curs realitzat per personal t\u00e8cnic d&#039;Elevamon a bombers de la Generalitat, per adquirir coneixement en tasques de rescat amb ascensor\" \/>\n<meta name=\"robots\" content=\"index, follow, max-snippet:-1, max-image-preview:large, max-video-preview:-1\" \/>\n<link rel=\"canonical\" href=\"https:\/\/www.elevamon.com\/ca\/mantenimiento-ascensores-montacargas\/curs-delevamon-a-bombers-de-la-generalitat-video\/\" \/>\n<meta property=\"og:locale\" content=\"ca_ES\" \/>\n<meta property=\"og:type\" content=\"article\" \/>\n<meta property=\"og:title\" content=\"Curs d&#039;Elevamon a bombers de la Generalitat\" \/>\n<meta property=\"og:description\" content=\"Curs realitzat per personal t\u00e8cnic d&#039;Elevamon a bombers de la Generalitat, per adquirir coneixement en tasques de rescat amb ascensor\" \/>\n<meta property=\"og:url\" content=\"https:\/\/www.elevamon.com\/ca\/mantenimiento-ascensores-montacargas\/curs-delevamon-a-bombers-de-la-generalitat-video\/\" \/>\n<meta property=\"og:site_name\" content=\"Elevamon Elevadores S.L.\" \/>\n<meta property=\"article:modified_time\" content=\"2024-10-07T10:13:30+00:00\" \/>\n<meta property=\"og:image\" content=\"https:\/\/www.elevamon.com\/wp-content\/uploads\/2024\/10\/curso-de-elevamon-a-bomberos-de-la-generalitat.jpg\" \/>\n\t<meta property=\"og:image:width\" content=\"500\" \/>\n\t<meta property=\"og:image:height\" content=\"354\" \/>\n\t<meta property=\"og:image:type\" content=\"image\/jpeg\" \/>\n<meta name=\"twitter:card\" content=\"summary_large_image\" \/>\n<meta name=\"twitter:label1\" content=\"Temps estimat de lectura\" \/>\n\t<meta name=\"twitter:data1\" content=\"1 minut\" \/>\n<script type=\"application\/ld+json\" class=\"yoast-schema-graph\">{\"@context\":\"https:\/\/schema.org\",\"@graph\":[{\"@type\":\"WebPage\",\"@id\":\"https:\/\/www.elevamon.com\/ca\/mantenimiento-ascensores-montacargas\/curs-delevamon-a-bombers-de-la-generalitat-video\/\",\"url\":\"https:\/\/www.elevamon.com\/ca\/mantenimiento-ascensores-montacargas\/curs-delevamon-a-bombers-de-la-generalitat-video\/\",\"name\":\"Curs d'Elevamon a bombers de la Generalitat\",\"isPartOf\":{\"@id\":\"https:\/\/www.elevamon.com\/ca\/#website\"},\"primaryImageOfPage\":{\"@id\":\"https:\/\/www.elevamon.com\/ca\/mantenimiento-ascensores-montacargas\/curs-delevamon-a-bombers-de-la-generalitat-video\/#primaryimage\"},\"image\":{\"@id\":\"https:\/\/www.elevamon.com\/ca\/mantenimiento-ascensores-montacargas\/curs-delevamon-a-bombers-de-la-generalitat-video\/#primaryimage\"},\"thumbnailUrl\":\"https:\/\/www.elevamon.com\/wp-content\/uploads\/2024\/10\/curso-de-elevamon-a-bomberos-de-la-generalitat.jpg\",\"datePublished\":\"2024-10-07T10:13:28+00:00\",\"dateModified\":\"2024-10-07T10:13:30+00:00\",\"description\":\"Curs realitzat per personal t\u00e8cnic d'Elevamon a bombers de la Generalitat, per adquirir coneixement en tasques de rescat amb ascensor\",\"breadcrumb\":{\"@id\":\"https:\/\/www.elevamon.com\/ca\/mantenimiento-ascensores-montacargas\/curs-delevamon-a-bombers-de-la-generalitat-video\/#breadcrumb\"},\"inLanguage\":\"ca\",\"potentialAction\":[{\"@type\":\"ReadAction\",\"target\":[\"https:\/\/www.elevamon.com\/ca\/mantenimiento-ascensores-montacargas\/curs-delevamon-a-bombers-de-la-generalitat-video\/\"]}]},{\"@type\":\"ImageObject\",\"inLanguage\":\"ca\",\"@id\":\"https:\/\/www.elevamon.com\/ca\/mantenimiento-ascensores-montacargas\/curs-delevamon-a-bombers-de-la-generalitat-video\/#primaryimage\",\"url\":\"https:\/\/www.elevamon.com\/wp-content\/uploads\/2024\/10\/curso-de-elevamon-a-bomberos-de-la-generalitat.jpg\",\"contentUrl\":\"https:\/\/www.elevamon.com\/wp-content\/uploads\/2024\/10\/curso-de-elevamon-a-bomberos-de-la-generalitat.jpg\",\"width\":500,\"height\":354,\"caption\":\"Curso de Elevamon a bomberos de la Generalitat\"},{\"@type\":\"BreadcrumbList\",\"@id\":\"https:\/\/www.elevamon.com\/ca\/mantenimiento-ascensores-montacargas\/curs-delevamon-a-bombers-de-la-generalitat-video\/#breadcrumb\",\"itemListElement\":[{\"@type\":\"ListItem\",\"position\":1,\"name\":\"Portada\",\"item\":\"https:\/\/www.elevamon.com\/ca\/inici\/\"},{\"@type\":\"ListItem\",\"position\":2,\"name\":\"Projects\",\"item\":\"https:\/\/www.elevamon.com\/ca\/mantenimiento-ascensores-montacargas\/\"},{\"@type\":\"ListItem\",\"position\":3,\"name\":\"CURS D&#8217;ELEVAMON A BOMBERS DE LA GENERALITAT (VIDEO)\"}]},{\"@type\":\"WebSite\",\"@id\":\"https:\/\/www.elevamon.com\/ca\/#website\",\"url\":\"https:\/\/www.elevamon.com\/ca\/\",\"name\":\"Elevamon Elevadores S.L.\",\"description\":\"Mantenimiento de Ascensores Barcelona y Rub&iacute; | Instalaci&oacute;n, mantenimiento y reparaci&oacute;n de ascensores\",\"publisher\":{\"@id\":\"https:\/\/www.elevamon.com\/ca\/#organization\"},\"potentialAction\":[{\"@type\":\"SearchAction\",\"target\":{\"@type\":\"EntryPoint\",\"urlTemplate\":\"https:\/\/www.elevamon.com\/ca\/?s={search_term_string}\"},\"query-input\":{\"@type\":\"PropertyValueSpecification\",\"valueRequired\":true,\"valueName\":\"search_term_string\"}}],\"inLanguage\":\"ca\"},{\"@type\":\"Organization\",\"@id\":\"https:\/\/www.elevamon.com\/ca\/#organization\",\"name\":\"Elevam\u00f3n Elevadores S.L.\",\"url\":\"https:\/\/www.elevamon.com\/ca\/\",\"logo\":{\"@type\":\"ImageObject\",\"inLanguage\":\"ca\",\"@id\":\"https:\/\/www.elevamon.com\/ca\/#\/schema\/logo\/image\/\",\"url\":\"https:\/\/www.elevamon.com\/wp-content\/uploads\/2019\/12\/logo-elevamon.png\",\"contentUrl\":\"https:\/\/www.elevamon.com\/wp-content\/uploads\/2019\/12\/logo-elevamon.png\",\"width\":245,\"height\":205,\"caption\":\"Elevam\u00f3n Elevadores S.L.\"},\"image\":{\"@id\":\"https:\/\/www.elevamon.com\/ca\/#\/schema\/logo\/image\/\"},\"sameAs\":[\"https:\/\/www.youtube.com\/channel\/UC6bKkiPq-5OK8IiQqcGTttg\"]}]}<\/script>\n<!-- \/ Yoast SEO plugin. -->","yoast_head_json":{"title":"Curs d'Elevamon a bombers de la Generalitat","description":"Curs realitzat per personal t\u00e8cnic d'Elevamon a bombers de la Generalitat, per adquirir coneixement en tasques de rescat amb ascensor","robots":{"index":"index","follow":"follow","max-snippet":"max-snippet:-1","max-image-preview":"max-image-preview:large","max-video-preview":"max-video-preview:-1"},"canonical":"https:\/\/www.elevamon.com\/ca\/mantenimiento-ascensores-montacargas\/curs-delevamon-a-bombers-de-la-generalitat-video\/","og_locale":"ca_ES","og_type":"article","og_title":"Curs d'Elevamon a bombers de la Generalitat","og_description":"Curs realitzat per personal t\u00e8cnic d'Elevamon a bombers de la Generalitat, per adquirir coneixement en tasques de rescat amb ascensor","og_url":"https:\/\/www.elevamon.com\/ca\/mantenimiento-ascensores-montacargas\/curs-delevamon-a-bombers-de-la-generalitat-video\/","og_site_name":"Elevamon Elevadores S.L.","article_modified_time":"2024-10-07T10:13:30+00:00","og_image":[{"width":500,"height":354,"url":"https:\/\/www.elevamon.com\/wp-content\/uploads\/2024\/10\/curso-de-elevamon-a-bomberos-de-la-generalitat.jpg","type":"image\/jpeg"}],"twitter_card":"summary_large_image","twitter_misc":{"Temps estimat de lectura":"1 minut"},"schema":{"@context":"https:\/\/schema.org","@graph":[{"@type":"WebPage","@id":"https:\/\/www.elevamon.com\/ca\/mantenimiento-ascensores-montacargas\/curs-delevamon-a-bombers-de-la-generalitat-video\/","url":"https:\/\/www.elevamon.com\/ca\/mantenimiento-ascensores-montacargas\/curs-delevamon-a-bombers-de-la-generalitat-video\/","name":"Curs d'Elevamon a bombers de la Generalitat","isPartOf":{"@id":"https:\/\/www.elevamon.com\/ca\/#website"},"primaryImageOfPage":{"@id":"https:\/\/www.elevamon.com\/ca\/mantenimiento-ascensores-montacargas\/curs-delevamon-a-bombers-de-la-generalitat-video\/#primaryimage"},"image":{"@id":"https:\/\/www.elevamon.com\/ca\/mantenimiento-ascensores-montacargas\/curs-delevamon-a-bombers-de-la-generalitat-video\/#primaryimage"},"thumbnailUrl":"https:\/\/www.elevamon.com\/wp-content\/uploads\/2024\/10\/curso-de-elevamon-a-bomberos-de-la-generalitat.jpg","datePublished":"2024-10-07T10:13:28+00:00","dateModified":"2024-10-07T10:13:30+00:00","description":"Curs realitzat per personal t\u00e8cnic d'Elevamon a bombers de la Generalitat, per adquirir coneixement en tasques de rescat amb ascensor","breadcrumb":{"@id":"https:\/\/www.elevamon.com\/ca\/mantenimiento-ascensores-montacargas\/curs-delevamon-a-bombers-de-la-generalitat-video\/#breadcrumb"},"inLanguage":"ca","potentialAction":[{"@type":"ReadAction","target":["https:\/\/www.elevamon.com\/ca\/mantenimiento-ascensores-montacargas\/curs-delevamon-a-bombers-de-la-generalitat-video\/"]}]},{"@type":"ImageObject","inLanguage":"ca","@id":"https:\/\/www.elevamon.com\/ca\/mantenimiento-ascensores-montacargas\/curs-delevamon-a-bombers-de-la-generalitat-video\/#primaryimage","url":"https:\/\/www.elevamon.com\/wp-content\/uploads\/2024\/10\/curso-de-elevamon-a-bomberos-de-la-generalitat.jpg","contentUrl":"https:\/\/www.elevamon.com\/wp-content\/uploads\/2024\/10\/curso-de-elevamon-a-bomberos-de-la-generalitat.jpg","width":500,"height":354,"caption":"Curso de Elevamon a bomberos de la Generalitat"},{"@type":"BreadcrumbList","@id":"https:\/\/www.elevamon.com\/ca\/mantenimiento-ascensores-montacargas\/curs-delevamon-a-bombers-de-la-generalitat-video\/#breadcrumb","itemListElement":[{"@type":"ListItem","position":1,"name":"Portada","item":"https:\/\/www.elevamon.com\/ca\/inici\/"},{"@type":"ListItem","position":2,"name":"Projects","item":"https:\/\/www.elevamon.com\/ca\/mantenimiento-ascensores-montacargas\/"},{"@type":"ListItem","position":3,"name":"CURS D&#8217;ELEVAMON A BOMBERS DE LA GENERALITAT (VIDEO)"}]},{"@type":"WebSite","@id":"https:\/\/www.elevamon.com\/ca\/#website","url":"https:\/\/www.elevamon.com\/ca\/","name":"Elevamon Elevadores S.L.","description":"Mantenimiento de Ascensores Barcelona y Rub&iacute; | Instalaci&oacute;n, mantenimiento y reparaci&oacute;n de ascensores","publisher":{"@id":"https:\/\/www.elevamon.com\/ca\/#organization"},"potentialAction":[{"@type":"SearchAction","target":{"@type":"EntryPoint","urlTemplate":"https:\/\/www.elevamon.com\/ca\/?s={search_term_string}"},"query-input":{"@type":"PropertyValueSpecification","valueRequired":true,"valueName":"search_term_string"}}],"inLanguage":"ca"},{"@type":"Organization","@id":"https:\/\/www.elevamon.com\/ca\/#organization","name":"Elevam\u00f3n Elevadores S.L.","url":"https:\/\/www.elevamon.com\/ca\/","logo":{"@type":"ImageObject","inLanguage":"ca","@id":"https:\/\/www.elevamon.com\/ca\/#\/schema\/logo\/image\/","url":"https:\/\/www.elevamon.com\/wp-content\/uploads\/2019\/12\/logo-elevamon.png","contentUrl":"https:\/\/www.elevamon.com\/wp-content\/uploads\/2019\/12\/logo-elevamon.png","width":245,"height":205,"caption":"Elevam\u00f3n Elevadores S.L."},"image":{"@id":"https:\/\/www.elevamon.com\/ca\/#\/schema\/logo\/image\/"},"sameAs":["https:\/\/www.youtube.com\/channel\/UC6bKkiPq-5OK8IiQqcGTttg"]}]}},"_links":{"self":[{"href":"https:\/\/www.elevamon.com\/ca\/wp-json\/wp\/v2\/project\/2638","targetHints":{"allow":["GET"]}}],"collection":[{"href":"https:\/\/www.elevamon.com\/ca\/wp-json\/wp\/v2\/project"}],"about":[{"href":"https:\/\/www.elevamon.com\/ca\/wp-json\/wp\/v2\/types\/project"}],"author":[{"embeddable":true,"href":"https:\/\/www.elevamon.com\/ca\/wp-json\/wp\/v2\/users\/2"}],"replies":[{"embeddable":true,"href":"https:\/\/www.elevamon.com\/ca\/wp-json\/wp\/v2\/comments?post=2638"}],"version-history":[{"count":2,"href":"https:\/\/www.elevamon.com\/ca\/wp-json\/wp\/v2\/project\/2638\/revisions"}],"predecessor-version":[{"id":2640,"href":"https:\/\/www.elevamon.com\/ca\/wp-json\/wp\/v2\/project\/2638\/revisions\/2640"}],"wp:featuredmedia":[{"embeddable":true,"href":"https:\/\/www.elevamon.com\/ca\/wp-json\/wp\/v2\/media\/2634"}],"wp:attachment":[{"href":"https:\/\/www.elevamon.com\/ca\/wp-json\/wp\/v2\/media?parent=2638"}],"wp:term":[{"taxonomy":"project_category","embeddable":true,"href":"https:\/\/www.elevamon.com\/ca\/wp-json\/wp\/v2\/project_category?post=2638"},{"taxonomy":"project_tag","embeddable":true,"href":"https:\/\/www.elevamon.com\/ca\/wp-json\/wp\/v2\/project_tag?post=2638"}],"curies":[{"name":"wp","href":"https:\/\/api.w.org\/{rel}","templated":true}]}}