{"id":1876,"date":"2022-07-05T12:57:52","date_gmt":"2022-07-05T12:57:52","guid":{"rendered":"https:\/\/www.elevamon.com\/mantenimiento-ascensores-montacargas\/el-dia-a-dia-a-elevamon-video\/"},"modified":"2022-07-05T12:57:54","modified_gmt":"2022-07-05T12:57:54","slug":"el-dia-a-dia-a-elevamon-video","status":"publish","type":"project","link":"https:\/\/www.elevamon.com\/ca\/mantenimiento-ascensores-montacargas\/el-dia-a-dia-a-elevamon-video\/","title":{"rendered":"El dia a dia a ELEVAMON (V\u00cdDEO)"},"content":{"rendered":"<p>[et_pb_section fb_built=&#8221;1&#8243; _builder_version=&#8221;4.2.2&#8243; global_colors_info=&#8221;{}&#8221;][et_pb_row column_structure=&#8221;1_2,1_2&#8243; _builder_version=&#8221;4.2.2&#8243; global_colors_info=&#8221;{}&#8221;][et_pb_column type=&#8221;1_2&#8243; _builder_version=&#8221;4.2.2&#8243; global_colors_info=&#8221;{}&#8221;][et_pb_video src=&#8221;https:\/\/youtu.be\/BFFpW9YWXtA&#8221; _builder_version=&#8221;4.14.5&#8243; hover_enabled=&#8221;0&#8243; global_colors_info=&#8221;{}&#8221; image_src=&#8221;\/\/i.ytimg.com\/vi\/BFFpW9YWXtA\/hqdefault.jpg&#8221; sticky_enabled=&#8221;0&#8243;][\/et_pb_video][\/et_pb_column][et_pb_column type=&#8221;1_2&#8243; _builder_version=&#8221;4.2.2&#8243; global_colors_info=&#8221;{}&#8221;][et_pb_text _builder_version=&#8221;4.14.5&#8243; header_3_line_height=&#8221;1.4em&#8221; custom_margin=&#8221;42px|||||&#8221; global_colors_info=&#8221;{}&#8221;]<\/p>\n<h3 style=\"text-align: center;\"><strong>EL DIA A DIA A ELEVAMON<\/strong><\/h3>\n<p>[\/et_pb_text][et_pb_text _builder_version=&#8221;4.14.5&#8243; global_colors_info=&#8221;{}&#8221;]<\/p>\n<p style=\"text-align: center;\">A Elevamon Elevadors S.L. treballem amb responsabilitat, honestedat i compliment en cadascun dels treballs que realitzem. Som una empresa que destaca per la gran implicaci\u00f3 de cadascun dels nostres projectes que realitzem juntament amb els nostres clients, ens dediquem a la instal\u00b7laci\u00f3, manteniment, reparaci\u00f3 de tota mena d&#8217;ascensors i muntac\u00e0rregues. En aquest v\u00eddeo mostrem des de primera hora del mat\u00ed com el nostre equip hum\u00e0 es prepara per a una altra jornada de treball, els t\u00e8cnics de manteniment i de muntatge reben els materials necessaris per prestar el correcte servei a les nostres instal\u00b7lacions i nous muntatges. A les nostres oficines gestionem tota la feina amb l&#8217;equip administratiu i encarregats de secci\u00f3.<\/p>\n<p>[\/et_pb_text][\/et_pb_column][\/et_pb_row][\/et_pb_section]<\/p>\n","protected":false},"excerpt":{"rendered":"<p>EL DIA A DIA A ELEVAMONA Elevamon Elevadors S.L. treballem amb responsabilitat, honestedat i compliment en cadascun dels treballs que realitzem. Som una empresa que destaca per la gran implicaci\u00f3 de cadascun dels nostres projectes que realitzem juntament amb els nostres clients, ens dediquem a la instal\u00b7laci\u00f3, manteniment, reparaci\u00f3 de tota mena d&#8217;ascensors i muntac\u00e0rregues. [&hellip;]<\/p>\n","protected":false},"author":2,"featured_media":1805,"comment_status":"open","ping_status":"closed","template":"","meta":{"_et_pb_use_builder":"on","_et_pb_old_content":"","_et_gb_content_width":"","footnotes":""},"project_category":[],"project_tag":[],"class_list":["post-1876","project","type-project","status-publish","has-post-thumbnail","hentry"],"yoast_head":"<!-- This site is optimized with the Yoast SEO plugin v26.8 - https:\/\/yoast.com\/product\/yoast-seo-wordpress\/ -->\n<title>El dia a dia a ELEVAMON (V\u00cdDEO) - Elevamon Elevadores S.L.<\/title>\n<meta name=\"robots\" content=\"index, follow, max-snippet:-1, max-image-preview:large, max-video-preview:-1\" \/>\n<link rel=\"canonical\" href=\"https:\/\/www.elevamon.com\/ca\/mantenimiento-ascensores-montacargas\/el-dia-a-dia-a-elevamon-video\/\" \/>\n<meta property=\"og:locale\" content=\"ca_ES\" \/>\n<meta property=\"og:type\" content=\"article\" \/>\n<meta property=\"og:title\" content=\"El dia a dia a ELEVAMON (V\u00cdDEO) - Elevamon Elevadores S.L.\" \/>\n<meta property=\"og:description\" content=\"EL DIA A DIA A ELEVAMONA Elevamon Elevadors S.L. treballem amb responsabilitat, honestedat i compliment en cadascun dels treballs que realitzem. Som una empresa que destaca per la gran implicaci\u00f3 de cadascun dels nostres projectes que realitzem juntament amb els nostres clients, ens dediquem a la instal\u00b7laci\u00f3, manteniment, reparaci\u00f3 de tota mena d&#039;ascensors i muntac\u00e0rregues. [&hellip;]\" \/>\n<meta property=\"og:url\" content=\"https:\/\/www.elevamon.com\/ca\/mantenimiento-ascensores-montacargas\/el-dia-a-dia-a-elevamon-video\/\" \/>\n<meta property=\"og:site_name\" content=\"Elevamon Elevadores S.L.\" \/>\n<meta property=\"article:modified_time\" content=\"2022-07-05T12:57:54+00:00\" \/>\n<meta property=\"og:image\" content=\"https:\/\/www.elevamon.com\/wp-content\/uploads\/2022\/07\/dia-a-dia-en-elevamonc.jpg\" \/>\n\t<meta property=\"og:image:width\" content=\"500\" \/>\n\t<meta property=\"og:image:height\" content=\"354\" \/>\n\t<meta property=\"og:image:type\" content=\"image\/jpeg\" \/>\n<meta name=\"twitter:card\" content=\"summary_large_image\" \/>\n<meta name=\"twitter:label1\" content=\"Temps estimat de lectura\" \/>\n\t<meta name=\"twitter:data1\" content=\"1 minut\" \/>\n<script type=\"application\/ld+json\" class=\"yoast-schema-graph\">{\"@context\":\"https:\/\/schema.org\",\"@graph\":[{\"@type\":\"WebPage\",\"@id\":\"https:\/\/www.elevamon.com\/ca\/mantenimiento-ascensores-montacargas\/el-dia-a-dia-a-elevamon-video\/\",\"url\":\"https:\/\/www.elevamon.com\/ca\/mantenimiento-ascensores-montacargas\/el-dia-a-dia-a-elevamon-video\/\",\"name\":\"El dia a dia a ELEVAMON (V\u00cdDEO) - Elevamon Elevadores S.L.\",\"isPartOf\":{\"@id\":\"https:\/\/www.elevamon.com\/ca\/#website\"},\"primaryImageOfPage\":{\"@id\":\"https:\/\/www.elevamon.com\/ca\/mantenimiento-ascensores-montacargas\/el-dia-a-dia-a-elevamon-video\/#primaryimage\"},\"image\":{\"@id\":\"https:\/\/www.elevamon.com\/ca\/mantenimiento-ascensores-montacargas\/el-dia-a-dia-a-elevamon-video\/#primaryimage\"},\"thumbnailUrl\":\"https:\/\/www.elevamon.com\/wp-content\/uploads\/2022\/07\/dia-a-dia-en-elevamonc.jpg\",\"datePublished\":\"2022-07-05T12:57:52+00:00\",\"dateModified\":\"2022-07-05T12:57:54+00:00\",\"breadcrumb\":{\"@id\":\"https:\/\/www.elevamon.com\/ca\/mantenimiento-ascensores-montacargas\/el-dia-a-dia-a-elevamon-video\/#breadcrumb\"},\"inLanguage\":\"ca\",\"potentialAction\":[{\"@type\":\"ReadAction\",\"target\":[\"https:\/\/www.elevamon.com\/ca\/mantenimiento-ascensores-montacargas\/el-dia-a-dia-a-elevamon-video\/\"]}]},{\"@type\":\"ImageObject\",\"inLanguage\":\"ca\",\"@id\":\"https:\/\/www.elevamon.com\/ca\/mantenimiento-ascensores-montacargas\/el-dia-a-dia-a-elevamon-video\/#primaryimage\",\"url\":\"https:\/\/www.elevamon.com\/wp-content\/uploads\/2022\/07\/dia-a-dia-en-elevamonc.jpg\",\"contentUrl\":\"https:\/\/www.elevamon.com\/wp-content\/uploads\/2022\/07\/dia-a-dia-en-elevamonc.jpg\",\"width\":500,\"height\":354,\"caption\":\"El d\u00eda a d\u00eda en ELEVAMON\"},{\"@type\":\"BreadcrumbList\",\"@id\":\"https:\/\/www.elevamon.com\/ca\/mantenimiento-ascensores-montacargas\/el-dia-a-dia-a-elevamon-video\/#breadcrumb\",\"itemListElement\":[{\"@type\":\"ListItem\",\"position\":1,\"name\":\"Portada\",\"item\":\"https:\/\/www.elevamon.com\/ca\/inici\/\"},{\"@type\":\"ListItem\",\"position\":2,\"name\":\"Projects\",\"item\":\"https:\/\/www.elevamon.com\/ca\/mantenimiento-ascensores-montacargas\/\"},{\"@type\":\"ListItem\",\"position\":3,\"name\":\"El dia a dia a ELEVAMON (V\u00cdDEO)\"}]},{\"@type\":\"WebSite\",\"@id\":\"https:\/\/www.elevamon.com\/ca\/#website\",\"url\":\"https:\/\/www.elevamon.com\/ca\/\",\"name\":\"Elevamon Elevadores S.L.\",\"description\":\"Mantenimiento de Ascensores Barcelona y Rub&iacute; | Instalaci&oacute;n, mantenimiento y reparaci&oacute;n de ascensores\",\"publisher\":{\"@id\":\"https:\/\/www.elevamon.com\/ca\/#organization\"},\"potentialAction\":[{\"@type\":\"SearchAction\",\"target\":{\"@type\":\"EntryPoint\",\"urlTemplate\":\"https:\/\/www.elevamon.com\/ca\/?s={search_term_string}\"},\"query-input\":{\"@type\":\"PropertyValueSpecification\",\"valueRequired\":true,\"valueName\":\"search_term_string\"}}],\"inLanguage\":\"ca\"},{\"@type\":\"Organization\",\"@id\":\"https:\/\/www.elevamon.com\/ca\/#organization\",\"name\":\"Elevam\u00f3n Elevadores S.L.\",\"url\":\"https:\/\/www.elevamon.com\/ca\/\",\"logo\":{\"@type\":\"ImageObject\",\"inLanguage\":\"ca\",\"@id\":\"https:\/\/www.elevamon.com\/ca\/#\/schema\/logo\/image\/\",\"url\":\"https:\/\/www.elevamon.com\/wp-content\/uploads\/2019\/12\/logo-elevamon.png\",\"contentUrl\":\"https:\/\/www.elevamon.com\/wp-content\/uploads\/2019\/12\/logo-elevamon.png\",\"width\":245,\"height\":205,\"caption\":\"Elevam\u00f3n Elevadores S.L.\"},\"image\":{\"@id\":\"https:\/\/www.elevamon.com\/ca\/#\/schema\/logo\/image\/\"},\"sameAs\":[\"https:\/\/www.youtube.com\/channel\/UC6bKkiPq-5OK8IiQqcGTttg\"]}]}<\/script>\n<!-- \/ Yoast SEO plugin. -->","yoast_head_json":{"title":"El dia a dia a ELEVAMON (V\u00cdDEO) - Elevamon Elevadores S.L.","robots":{"index":"index","follow":"follow","max-snippet":"max-snippet:-1","max-image-preview":"max-image-preview:large","max-video-preview":"max-video-preview:-1"},"canonical":"https:\/\/www.elevamon.com\/ca\/mantenimiento-ascensores-montacargas\/el-dia-a-dia-a-elevamon-video\/","og_locale":"ca_ES","og_type":"article","og_title":"El dia a dia a ELEVAMON (V\u00cdDEO) - Elevamon Elevadores S.L.","og_description":"EL DIA A DIA A ELEVAMONA Elevamon Elevadors S.L. treballem amb responsabilitat, honestedat i compliment en cadascun dels treballs que realitzem. Som una empresa que destaca per la gran implicaci\u00f3 de cadascun dels nostres projectes que realitzem juntament amb els nostres clients, ens dediquem a la instal\u00b7laci\u00f3, manteniment, reparaci\u00f3 de tota mena d'ascensors i muntac\u00e0rregues. [&hellip;]","og_url":"https:\/\/www.elevamon.com\/ca\/mantenimiento-ascensores-montacargas\/el-dia-a-dia-a-elevamon-video\/","og_site_name":"Elevamon Elevadores S.L.","article_modified_time":"2022-07-05T12:57:54+00:00","og_image":[{"width":500,"height":354,"url":"https:\/\/www.elevamon.com\/wp-content\/uploads\/2022\/07\/dia-a-dia-en-elevamonc.jpg","type":"image\/jpeg"}],"twitter_card":"summary_large_image","twitter_misc":{"Temps estimat de lectura":"1 minut"},"schema":{"@context":"https:\/\/schema.org","@graph":[{"@type":"WebPage","@id":"https:\/\/www.elevamon.com\/ca\/mantenimiento-ascensores-montacargas\/el-dia-a-dia-a-elevamon-video\/","url":"https:\/\/www.elevamon.com\/ca\/mantenimiento-ascensores-montacargas\/el-dia-a-dia-a-elevamon-video\/","name":"El dia a dia a ELEVAMON (V\u00cdDEO) - Elevamon Elevadores S.L.","isPartOf":{"@id":"https:\/\/www.elevamon.com\/ca\/#website"},"primaryImageOfPage":{"@id":"https:\/\/www.elevamon.com\/ca\/mantenimiento-ascensores-montacargas\/el-dia-a-dia-a-elevamon-video\/#primaryimage"},"image":{"@id":"https:\/\/www.elevamon.com\/ca\/mantenimiento-ascensores-montacargas\/el-dia-a-dia-a-elevamon-video\/#primaryimage"},"thumbnailUrl":"https:\/\/www.elevamon.com\/wp-content\/uploads\/2022\/07\/dia-a-dia-en-elevamonc.jpg","datePublished":"2022-07-05T12:57:52+00:00","dateModified":"2022-07-05T12:57:54+00:00","breadcrumb":{"@id":"https:\/\/www.elevamon.com\/ca\/mantenimiento-ascensores-montacargas\/el-dia-a-dia-a-elevamon-video\/#breadcrumb"},"inLanguage":"ca","potentialAction":[{"@type":"ReadAction","target":["https:\/\/www.elevamon.com\/ca\/mantenimiento-ascensores-montacargas\/el-dia-a-dia-a-elevamon-video\/"]}]},{"@type":"ImageObject","inLanguage":"ca","@id":"https:\/\/www.elevamon.com\/ca\/mantenimiento-ascensores-montacargas\/el-dia-a-dia-a-elevamon-video\/#primaryimage","url":"https:\/\/www.elevamon.com\/wp-content\/uploads\/2022\/07\/dia-a-dia-en-elevamonc.jpg","contentUrl":"https:\/\/www.elevamon.com\/wp-content\/uploads\/2022\/07\/dia-a-dia-en-elevamonc.jpg","width":500,"height":354,"caption":"El d\u00eda a d\u00eda en ELEVAMON"},{"@type":"BreadcrumbList","@id":"https:\/\/www.elevamon.com\/ca\/mantenimiento-ascensores-montacargas\/el-dia-a-dia-a-elevamon-video\/#breadcrumb","itemListElement":[{"@type":"ListItem","position":1,"name":"Portada","item":"https:\/\/www.elevamon.com\/ca\/inici\/"},{"@type":"ListItem","position":2,"name":"Projects","item":"https:\/\/www.elevamon.com\/ca\/mantenimiento-ascensores-montacargas\/"},{"@type":"ListItem","position":3,"name":"El dia a dia a ELEVAMON (V\u00cdDEO)"}]},{"@type":"WebSite","@id":"https:\/\/www.elevamon.com\/ca\/#website","url":"https:\/\/www.elevamon.com\/ca\/","name":"Elevamon Elevadores S.L.","description":"Mantenimiento de Ascensores Barcelona y Rub&iacute; | Instalaci&oacute;n, mantenimiento y reparaci&oacute;n de ascensores","publisher":{"@id":"https:\/\/www.elevamon.com\/ca\/#organization"},"potentialAction":[{"@type":"SearchAction","target":{"@type":"EntryPoint","urlTemplate":"https:\/\/www.elevamon.com\/ca\/?s={search_term_string}"},"query-input":{"@type":"PropertyValueSpecification","valueRequired":true,"valueName":"search_term_string"}}],"inLanguage":"ca"},{"@type":"Organization","@id":"https:\/\/www.elevamon.com\/ca\/#organization","name":"Elevam\u00f3n Elevadores S.L.","url":"https:\/\/www.elevamon.com\/ca\/","logo":{"@type":"ImageObject","inLanguage":"ca","@id":"https:\/\/www.elevamon.com\/ca\/#\/schema\/logo\/image\/","url":"https:\/\/www.elevamon.com\/wp-content\/uploads\/2019\/12\/logo-elevamon.png","contentUrl":"https:\/\/www.elevamon.com\/wp-content\/uploads\/2019\/12\/logo-elevamon.png","width":245,"height":205,"caption":"Elevam\u00f3n Elevadores S.L."},"image":{"@id":"https:\/\/www.elevamon.com\/ca\/#\/schema\/logo\/image\/"},"sameAs":["https:\/\/www.youtube.com\/channel\/UC6bKkiPq-5OK8IiQqcGTttg"]}]}},"_links":{"self":[{"href":"https:\/\/www.elevamon.com\/ca\/wp-json\/wp\/v2\/project\/1876","targetHints":{"allow":["GET"]}}],"collection":[{"href":"https:\/\/www.elevamon.com\/ca\/wp-json\/wp\/v2\/project"}],"about":[{"href":"https:\/\/www.elevamon.com\/ca\/wp-json\/wp\/v2\/types\/project"}],"author":[{"embeddable":true,"href":"https:\/\/www.elevamon.com\/ca\/wp-json\/wp\/v2\/users\/2"}],"replies":[{"embeddable":true,"href":"https:\/\/www.elevamon.com\/ca\/wp-json\/wp\/v2\/comments?post=1876"}],"version-history":[{"count":1,"href":"https:\/\/www.elevamon.com\/ca\/wp-json\/wp\/v2\/project\/1876\/revisions"}],"predecessor-version":[{"id":1877,"href":"https:\/\/www.elevamon.com\/ca\/wp-json\/wp\/v2\/project\/1876\/revisions\/1877"}],"wp:featuredmedia":[{"embeddable":true,"href":"https:\/\/www.elevamon.com\/ca\/wp-json\/wp\/v2\/media\/1805"}],"wp:attachment":[{"href":"https:\/\/www.elevamon.com\/ca\/wp-json\/wp\/v2\/media?parent=1876"}],"wp:term":[{"taxonomy":"project_category","embeddable":true,"href":"https:\/\/www.elevamon.com\/ca\/wp-json\/wp\/v2\/project_category?post=1876"},{"taxonomy":"project_tag","embeddable":true,"href":"https:\/\/www.elevamon.com\/ca\/wp-json\/wp\/v2\/project_tag?post=1876"}],"curies":[{"name":"wp","href":"https:\/\/api.w.org\/{rel}","templated":true}]}}