{"id":3059,"date":"2026-01-29T16:02:47","date_gmt":"2026-01-29T16:02:47","guid":{"rendered":"https:\/\/www.elevamon.com\/manteniment-dascensors\/"},"modified":"2026-01-29T16:03:32","modified_gmt":"2026-01-29T16:03:32","slug":"manteniment-de-ascensors","status":"publish","type":"page","link":"https:\/\/www.elevamon.com\/ca\/manteniment-de-ascensors\/","title":{"rendered":"Manteniment d&#8217;ascensors"},"content":{"rendered":"<p>[et_pb_section fb_built=&#8221;1&#8243; custom_padding_last_edited=&#8221;on|phone&#8221; _builder_version=&#8221;4.27.5&#8243; background_color=&#8221;rgba(0,0,0,0.34)&#8221; background_image=&#8221;https:\/\/www.elevamon.com\/wp-content\/uploads\/2023\/12\/Modernizacion-de-ascensores-Elevamon-slider-1.jpg&#8221; background_blend=&#8221;multiply&#8221; width=&#8221;100%&#8221; max_height=&#8221;750px&#8221; custom_padding=&#8221;182px||182px||true|false&#8221; custom_padding_tablet=&#8221;100px||100px||true|false&#8221; custom_padding_phone=&#8221;30px||30px||true|false&#8221; locked=&#8221;off&#8221; global_colors_info=&#8221;{}&#8221;][et_pb_row _builder_version=&#8221;4.16&#8243; global_colors_info=&#8221;{}&#8221;][et_pb_column type=&#8221;4_4&#8243; _builder_version=&#8221;4.16&#8243; global_colors_info=&#8221;{}&#8221;][et_pb_heading title=&#8221;Manteniment d\u00b4ascensors a Barcelona&#8221; _builder_version=&#8221;4.27.5&#8243; _module_preset=&#8221;default&#8221; title_font=&#8221;|700||on|||||&#8221; title_text_align=&#8221;center&#8221; title_text_color=&#8221;#FFFFFF&#8221; title_font_size=&#8221;40px&#8221; title_line_height=&#8221;1.2em&#8221; custom_margin=&#8221;||3px|||&#8221; title_font_size_tablet=&#8221;30px&#8221; title_font_size_phone=&#8221;23px&#8221; title_font_size_last_edited=&#8221;on|phone&#8221; global_colors_info=&#8221;{}&#8221;][\/et_pb_heading][et_pb_text _builder_version=&#8221;4.27.5&#8243; text_font=&#8221;|600|||||||&#8221; text_font_size=&#8221;20px&#8221; text_line_height=&#8221;1.1em&#8221; header_font=&#8221;|700|||||||&#8221; header_font_size=&#8221;40px&#8221; header_line_height=&#8221;1.1em&#8221; header_2_font=&#8221;|700|||||||&#8221; header_2_font_size=&#8221;42px&#8221; background_enable_image=&#8221;off&#8221; text_orientation=&#8221;center&#8221; background_layout=&#8221;dark&#8221; animation_direction=&#8221;bottom&#8221; text_font_size_tablet=&#8221;18px&#8221; text_font_size_phone=&#8221;16px&#8221; text_font_size_last_edited=&#8221;on|phone&#8221; header_font_size_tablet=&#8221;30px&#8221; header_font_size_phone=&#8221;24px&#8221; header_font_size_last_edited=&#8221;on|tablet&#8221; header_2_font_size_tablet=&#8221;42px&#8221; header_2_font_size_phone=&#8221;35px&#8221; header_2_font_size_last_edited=&#8221;on|phone&#8221; global_colors_info=&#8221;{}&#8221;]Servei professional de manteniment d\u00b4ascensors a Barcelona ia tot Catalunya. Garantim la seguretat, el funcionament correcte i la durabilitat del seu ascensor mitjan\u00e7ant un manteniment eficient, adaptat a les necessitats de cada edifici.[\/et_pb_text][et_pb_button button_url=&#8221;https:\/\/www.elevamon.com\/ca\/contacti-amb-elevamon-manteniment-elevadors-ascensors\/&#8221; button_text=&#8221;Contactar&#8221; button_alignment=&#8221;center&#8221; _builder_version=&#8221;4.27.5&#8243; custom_button=&#8221;on&#8221; button_text_size=&#8221;17px&#8221; button_bg_color=&#8221;rgba(6,24,127,0.86)&#8221; button_border_width=&#8221;0px&#8221; button_font=&#8221;|600|||||||&#8221; background_layout=&#8221;dark&#8221; custom_padding=&#8221;8px||8px||true|false&#8221; animation_direction=&#8221;bottom&#8221; global_colors_info=&#8221;{}&#8221;][\/et_pb_button][\/et_pb_column][\/et_pb_row][\/et_pb_section][et_pb_section fb_built=&#8221;1&#8243; _builder_version=&#8221;4.23.1&#8243; custom_padding=&#8221;||||false|false&#8221; locked=&#8221;off&#8221; collapsed=&#8221;off&#8221; global_colors_info=&#8221;{}&#8221;][et_pb_row column_structure=&#8221;3_5,2_5&#8243; _builder_version=&#8221;4.27.4&#8243; collapsed=&#8221;off&#8221; global_colors_info=&#8221;{}&#8221;][et_pb_column type=&#8221;3_5&#8243; _builder_version=&#8221;4.16&#8243; global_colors_info=&#8221;{}&#8221;][et_pb_heading title=&#8221;Servei professional de manteniment d\u00b4ascensors&#8221; _builder_version=&#8221;4.27.5&#8243; _module_preset=&#8221;default&#8221; title_level=&#8221;h2&#8243; title_font=&#8221;|700|||||||&#8221; title_font_size=&#8221;29px&#8221; title_line_height=&#8221;1.2em&#8221; custom_margin=&#8221;||11px|||&#8221; title_text_align_tablet=&#8221;center&#8221; title_text_align_phone=&#8221;center&#8221; title_text_align_last_edited=&#8221;on|phone&#8221; title_font_size_tablet=&#8221;24px&#8221; title_font_size_phone=&#8221;21px&#8221; title_font_size_last_edited=&#8221;on|desktop&#8221; locked=&#8221;off&#8221; global_colors_info=&#8221;{}&#8221;][\/et_pb_heading][et_pb_heading title=&#8221;Seguretat, normativa i atenci\u00f3 t\u00e8cnica especialitzada&#8221; _builder_version=&#8221;4.27.5&#8243; _module_preset=&#8221;default&#8221; title_level=&#8221;h3&#8243; title_font=&#8221;|700|||||||&#8221; title_text_color=&#8221;gcid-primary-color&#8221; title_font_size=&#8221;21px&#8221; title_letter_spacing=&#8221;1px&#8221; title_line_height=&#8221;1.2em&#8221; custom_margin=&#8221;||34px|||&#8221; hover_enabled=&#8221;0&#8243; title_text_align_tablet=&#8221;center&#8221; title_text_align_phone=&#8221;center&#8221; title_text_align_last_edited=&#8221;on|tablet&#8221; title_font_size_tablet=&#8221;19px&#8221; title_font_size_phone=&#8221;17px&#8221; title_font_size_last_edited=&#8221;on|desktop&#8221; locked=&#8221;off&#8221; global_colors_info=&#8221;{%22gcid-primary-color%22:%91%22title_text_color%22%93}&#8221; sticky_enabled=&#8221;0&#8243;][\/et_pb_heading][et_pb_text _builder_version=&#8221;4.27.5&#8243; text_orientation=&#8221;justified&#8221; custom_margin=&#8221;||||false|false&#8221; hover_enabled=&#8221;0&#8243; global_colors_info=&#8221;{}&#8221; sticky_enabled=&#8221;0&#8243;]<\/p>\n<p>A Elevamon Elevadores som una empresa especialitzada en el manteniment d&#8217;ascensors a Barcelona, \u200b\u200boferint solucions personalitzades per a comunitats de ve\u00efns, habitatges particulars, edificis comercials i instal\u00b7lacions industrials. Des de la nostra seu a Rub\u00ed, prestem servei al Vall\u00e8s Occidental ia tot Catalunya, garantint un manteniment t\u00e8cnic efica\u00e7 i conforme a la normativa vigent. <\/p>\n<p>[\/et_pb_text][et_pb_heading title=&#8221;Manteniment obligatori segons la normativa&#8221; _builder_version=&#8221;4.27.5&#8243; _module_preset=&#8221;default&#8221; title_level=&#8221;h3&#8243; title_font=&#8221;|700|||||||&#8221; title_font_size=&#8221;21px&#8221; title_line_height=&#8221;1.2em&#8221; custom_margin=&#8221;||13px|||&#8221; hover_enabled=&#8221;0&#8243; title_font_size_tablet=&#8221;19px&#8221; title_font_size_phone=&#8221;19px&#8221; title_font_size_last_edited=&#8221;on|phone&#8221; global_colors_info=&#8221;{}&#8221; locked=&#8221;off&#8221; sticky_enabled=&#8221;0&#8243;][\/et_pb_heading][et_pb_text _builder_version=&#8221;4.27.5&#8243; header_4_line_height=&#8221;1.2em&#8221; text_orientation=&#8221;justified&#8221; custom_margin=&#8221;||30px||false|false&#8221; hover_enabled=&#8221;0&#8243; global_colors_info=&#8221;{}&#8221; sticky_enabled=&#8221;0&#8243;]<\/p>\n<p>El mantenimiento de ascensores no solo es una obligaci\u00f3n legal, sino un factor clave para garantizar la seguridad de los usuarios y evitar aver\u00edas inesperadas. Nuestro equipo t\u00e9cnico altamente cualificado realiza revisiones peri\u00f3dicas y trabajos preventivos y correctivos que permiten optimizar el rendimiento del ascensor y prolongar su vida \u00fatil. Adem\u00e1s, ofrecemos servicio de asistencia t\u00e9cnica y atenci\u00f3n a emergencias para asegurar una respuesta r\u00e1pida y eficaz ante cualquier incidencia.  <\/p>\n<ul>\n<li>Manteniment mensual per a ascensors a comunitats de ve\u00efns i edificis de p\u00fablica concurr\u00e8ncia.<\/li>\n<li>Revisions trimestrals per a ascensors en habitatges particulars i muntac\u00e0rregues.<\/li>\n<li>Servei d&#8217;urg\u00e8ncies 24\/7 per a avaries i rescat de persones atrapades.<\/li>\n<\/ul>\n<p>[\/et_pb_text][\/et_pb_column][et_pb_column type=&#8221;2_5&#8243; _builder_version=&#8221;4.16&#8243; global_colors_info=&#8221;{}&#8221;][et_pb_heading title=&#8221;Contracte de manteniment d&#039;ascensors&#8221; _builder_version=&#8221;4.27.5&#8243; _module_preset=&#8221;default&#8221; title_level=&#8221;h3&#8243; title_font=&#8221;|700|||||||&#8221; title_font_size=&#8221;21px&#8221; title_line_height=&#8221;1.2em&#8221; custom_margin=&#8221;||13px|||&#8221; hover_enabled=&#8221;0&#8243; title_font_size_tablet=&#8221;19px&#8221; title_font_size_phone=&#8221;19px&#8221; title_font_size_last_edited=&#8221;on|phone&#8221; global_colors_info=&#8221;{}&#8221; locked=&#8221;off&#8221; sticky_enabled=&#8221;0&#8243;][\/et_pb_heading][et_pb_text _builder_version=&#8221;4.27.5&#8243; text_orientation=&#8221;justified&#8221; custom_margin=&#8221;||||false|false&#8221; global_colors_info=&#8221;{}&#8221; sticky_enabled=&#8221;0&#8243;]<\/p>\n<p>M\u00e9s enll\u00e0 d&#8217;una obligaci\u00f3, un bon manteniment \u00e9s clau per a la seguretat, l&#8217;efici\u00e8ncia i la durabilitat del seu ascensor. El nostre equip t\u00e8cnic altament qualificat duu a terme revisions peri\u00f2diques, reparacions preventives i correctives per evitar avaries inesperades. <\/p>\n<p>A Elevamon Elevadores oferim contractes de manteniment flexibles, adaptats a cada client, incloent-hi:<\/p>\n<p>[\/et_pb_text][et_pb_blurb title=&#8221;Manteniment preventiu i correctiu per allargar la vida \u00fatil de l&#039;ascensor&#8221; use_icon=&#8221;on&#8221; font_icon=&#8221;&#xe052;||divi||400&#8243; icon_placement=&#8221;left&#8221; image_icon_width=&#8221;22px&#8221; content_max_width=&#8221;1100px&#8221; _builder_version=&#8221;4.27.5&#8243; header_font=&#8221;|600|||||||&#8221; header_font_size=&#8221;16px&#8221; header_line_height=&#8221;1.4em&#8221; custom_margin=&#8221;||3px||false|false&#8221; hover_enabled=&#8221;0&#8243; locked=&#8221;off&#8221; global_colors_info=&#8221;{}&#8221; sticky_enabled=&#8221;0&#8243;][\/et_pb_blurb][et_pb_blurb title=&#8221;Inspeccions de seguretat per complir amb la normativa vigent&#8221; use_icon=&#8221;on&#8221; font_icon=&#8221;&#xe052;||divi||400&#8243; icon_placement=&#8221;left&#8221; image_icon_width=&#8221;22px&#8221; content_max_width=&#8221;1100px&#8221; _builder_version=&#8221;4.27.4&#8243; header_font=&#8221;|600|||||||&#8221; header_font_size=&#8221;16px&#8221; header_line_height=&#8221;1.4em&#8221; custom_margin=&#8221;||3px||false|false&#8221; locked=&#8221;off&#8221; global_colors_info=&#8221;{}&#8221;][\/et_pb_blurb][et_pb_blurb title=&#8221;Atenci\u00f3 immediata en cas d&#039;avaries o emerg\u00e8ncies&#8221; use_icon=&#8221;on&#8221; font_icon=&#8221;&#xe052;||divi||400&#8243; icon_placement=&#8221;left&#8221; image_icon_width=&#8221;22px&#8221; content_max_width=&#8221;1100px&#8221; _builder_version=&#8221;4.27.4&#8243; header_font=&#8221;|600|||||||&#8221; header_font_size=&#8221;16px&#8221; header_line_height=&#8221;1.4em&#8221; custom_margin=&#8221;||3px||false|false&#8221; locked=&#8221;off&#8221; global_colors_info=&#8221;{}&#8221;][\/et_pb_blurb][et_pb_blurb title=&#8221;Manteniment de portes de garatge i d&#039;altres sistemes d&#039;elevaci\u00f3&#8221; use_icon=&#8221;on&#8221; font_icon=&#8221;&#xe052;||divi||400&#8243; icon_placement=&#8221;left&#8221; image_icon_width=&#8221;22px&#8221; content_max_width=&#8221;1100px&#8221; _builder_version=&#8221;4.27.4&#8243; header_font=&#8221;|600|||||||&#8221; header_font_size=&#8221;16px&#8221; header_line_height=&#8221;1.4em&#8221; custom_margin=&#8221;||20px||false|false&#8221; locked=&#8221;off&#8221; global_colors_info=&#8221;{}&#8221;][\/et_pb_blurb][et_pb_text _builder_version=&#8221;4.27.4&#8243; text_orientation=&#8221;justified&#8221; custom_margin=&#8221;||||false|false&#8221; global_colors_info=&#8221;{}&#8221;]<\/p>\n<p>Si busqueu una empresa de confian\u00e7a per al manteniment d&#8217;ascensors a Barcelona, \u200b\u200bcontacteu-nos avui mateix i us assessorarem sense comprom\u00eds.<\/p>\n<p>[\/et_pb_text][\/et_pb_column][\/et_pb_row][et_pb_row _builder_version=&#8221;4.23.1&#8243; _module_preset=&#8221;default&#8221; custom_padding=&#8221;||3px|||&#8221; global_colors_info=&#8221;{}&#8221;][et_pb_column type=&#8221;4_4&#8243; _builder_version=&#8221;4.23.1&#8243; _module_preset=&#8221;default&#8221; global_colors_info=&#8221;{}&#8221;][et_pb_heading title=&#8221;Els nostres serveis inclouen, a m\u00e9s de la revisi\u00f3 de totes les mesures de seguretat, la realitzaci\u00f3 de tres manteniments preventius amb l&#039;objectiu de reduir i eliminar avaries imprevistes&#8221; _builder_version=&#8221;4.27.5&#8243; _module_preset=&#8221;default&#8221; title_level=&#8221;h2&#8243; title_font=&#8221;|700|||||||&#8221; title_font_size=&#8221;21px&#8221; title_line_height=&#8221;1.2em&#8221; custom_margin=&#8221;||13px|||&#8221; hover_enabled=&#8221;0&#8243; title_font_size_tablet=&#8221;19px&#8221; title_font_size_phone=&#8221;19px&#8221; title_font_size_last_edited=&#8221;on|phone&#8221; global_colors_info=&#8221;{}&#8221; locked=&#8221;off&#8221; sticky_enabled=&#8221;0&#8243;][\/et_pb_heading][\/et_pb_column][\/et_pb_row][et_pb_row column_structure=&#8221;1_3,1_3,1_3&#8243; make_equal=&#8221;on&#8221; _builder_version=&#8221;4.27.4&#8243; _module_preset=&#8221;default&#8221; global_colors_info=&#8221;{}&#8221;][et_pb_column type=&#8221;1_3&#8243; _builder_version=&#8221;4.27.4&#8243; _module_preset=&#8221;default&#8221; global_colors_info=&#8221;{}&#8221;][et_pb_heading title=&#8221;Manteniment preventiu 1&#8243; _builder_version=&#8221;4.27.4&#8243; _module_preset=&#8221;default&#8221; title_level=&#8221;h4&#8243; title_font=&#8221;|700|||||||&#8221; title_text_align=&#8221;center&#8221; title_text_color=&#8221;#FFFFFF&#8221; background_color=&#8221;gcid-primary-color&#8221; custom_margin=&#8221;||0px||false|false&#8221; custom_padding=&#8221;14px|20px|6px|20px|false|true&#8221; global_colors_info=&#8221;{%22gcid-primary-color%22:%91%22background_color%22%93}&#8221;][\/et_pb_heading][et_pb_text ul_type=&#8221;square&#8221; ul_position=&#8221;inside&#8221; _builder_version=&#8221;4.27.4&#8243; _module_preset=&#8221;default&#8221; ul_font=&#8221;|600|||||||&#8221; ul_text_color=&#8221;gcid-primary-color&#8221; ul_line_height=&#8221;1.8em&#8221; background_color=&#8221;#f4f4f4&#8243; custom_padding=&#8221;15px|20px|15px|20px|true|true&#8221; global_colors_info=&#8221;{%22gcid-primary-color%22:%91%22ul_text_color%22%93}&#8221;]<\/p>\n<ul>\n<li><span style=\"color: #333333;\">Cables de tracci\u00f3 i limitador<\/span><\/li>\n<li><span style=\"color: #333333;\">Amarratges de cables i tensat<\/span><\/li>\n<li><span style=\"color: #333333;\">Controlar estat d\u2019eixos i politges<\/span><\/li>\n<li><span style=\"color: #333333;\">Nivell de parades i allargament cables<\/span><\/li>\n<li><span style=\"color: #333333;\">Guiadors i folgances<\/span><\/li>\n<li><span style=\"color: #333333;\">Enclavaments i reobertura<\/span><\/li>\n<li><span style=\"color: #333333;\">S\u00f2l cabina i pisadera<\/span><\/li>\n<li><span style=\"color: #333333;\">Llum cabina i emerg\u00e8ncies<\/span><\/li>\n<li><span style=\"color: #333333;\">Sorolls anormals<\/span><\/li>\n<li><span style=\"color: #333333;\">Nivells d\u2019oli i fuites<\/span><\/li>\n<li><span style=\"color: #333333;\">Llum buit, acc\u00e9s CM<\/span><\/li>\n<li><span style=\"color: #333333;\">Espiells, tiradors i faldons<\/span><\/li>\n<li><span style=\"color: #333333;\">Polsadors i lluminosos<\/span><\/li>\n<\/ul>\n<p>[\/et_pb_text][\/et_pb_column][et_pb_column type=&#8221;1_3&#8243; _builder_version=&#8221;4.27.4&#8243; _module_preset=&#8221;default&#8221; global_colors_info=&#8221;{}&#8221;][et_pb_heading title=&#8221;Manteniment preventiu 2&#8243; _builder_version=&#8221;4.27.4&#8243; _module_preset=&#8221;default&#8221; title_level=&#8221;h4&#8243; title_font=&#8221;|700|||||||&#8221; title_text_align=&#8221;center&#8221; title_text_color=&#8221;#FFFFFF&#8221; background_color=&#8221;gcid-primary-color&#8221; custom_margin=&#8221;||0px||false|false&#8221; custom_padding=&#8221;14px|20px|6px|20px|false|true&#8221; global_colors_info=&#8221;{%22gcid-primary-color%22:%91%22background_color%22%93}&#8221;][\/et_pb_heading][et_pb_text ul_type=&#8221;square&#8221; ul_position=&#8221;inside&#8221; _builder_version=&#8221;4.27.4&#8243; _module_preset=&#8221;default&#8221; ul_font=&#8221;|600|||||||&#8221; ul_text_color=&#8221;gcid-primary-color&#8221; ul_line_height=&#8221;1.8em&#8221; background_color=&#8221;#f4f4f4&#8243; custom_padding=&#8221;15px|20px|15px|20px|true|true&#8221; global_colors_info=&#8221;{%22gcid-primary-color%22:%91%22ul_text_color%22%93}&#8221;]<\/p>\n<ul>\n<li><span style=\"color: #333333;\">Greixatge guies i eixos de politges<\/span><\/li>\n<li><span style=\"color: #333333;\">Pressi\u00f3 grup v\u00e0lvules (Oli)<\/span><\/li>\n<li><span style=\"color: #333333;\">Coixinet extrem de la m\u00e0quina (si n\u2019hi ha)<\/span><\/li>\n<li><span style=\"color: #333333;\">Eixos de l\u2019limitador i politja de porta<\/span><\/li>\n<li><span style=\"color: #333333;\">Reposar oli a m\u00e0quina (si escau)<\/span><\/li>\n<li><span style=\"color: #333333;\">Frontisses i politges de porta<\/span><\/li>\n<li><span style=\"color: #333333;\">Lliscament falques i contacte 2 velocitats<\/span><\/li>\n<li><span style=\"color: #333333;\">Presa terra guies i panys<\/span><\/li>\n<\/ul>\n<p>[\/et_pb_text][\/et_pb_column][et_pb_column type=&#8221;1_3&#8243; _builder_version=&#8221;4.27.4&#8243; _module_preset=&#8221;default&#8221; global_colors_info=&#8221;{}&#8221;][et_pb_heading title=&#8221;Manteniment preventiu 3&#8243; _builder_version=&#8221;4.27.4&#8243; _module_preset=&#8221;default&#8221; title_level=&#8221;h4&#8243; title_font=&#8221;|700|||||||&#8221; title_text_align=&#8221;center&#8221; title_text_color=&#8221;#FFFFFF&#8221; background_color=&#8221;gcid-primary-color&#8221; custom_margin=&#8221;||0px||false|false&#8221; custom_padding=&#8221;14px|20px|6px|20px|false|true&#8221; global_colors_info=&#8221;{%22gcid-primary-color%22:%91%22background_color%22%93}&#8221;][\/et_pb_heading][et_pb_text ul_type=&#8221;square&#8221; ul_position=&#8221;inside&#8221; _builder_version=&#8221;4.27.4&#8243; _module_preset=&#8221;default&#8221; ul_font=&#8221;|600|||||||&#8221; ul_text_color=&#8221;gcid-primary-color&#8221; ul_line_height=&#8221;1.8em&#8221; background_color=&#8221;#f4f4f4&#8243; custom_padding=&#8221;15px|20px|15px|20px|true|true&#8221; global_colors_info=&#8221;{%22gcid-primary-color%22:%91%22ul_text_color%22%93}&#8221;]<\/p>\n<ul>\n<li><span style=\"color: #333333;\">Fossat<\/span><\/li>\n<li><span style=\"color: #333333;\">Quart de m\u00e0quines i politges<\/span><\/li>\n<li><span style=\"color: #333333;\">Sostre cabina i plataforma<\/span><\/li>\n<li><span style=\"color: #333333;\">Bomba (Oli) i Rescat<\/span><\/li>\n<li><span style=\"color: #333333;\">Diferencials for\u00e7a i cabina<\/span><\/li>\n<li><span style=\"color: #333333;\">Stop fossat i sostre<\/span><\/li>\n<li><span style=\"color: #333333;\">Tel\u00e8fon si escau<\/span><\/li>\n<li><span style=\"color: #333333;\">Rel\u00e9 fallada de fase<\/span><\/li>\n<li><span style=\"color: #333333;\">Control Desliz. I 3er contacte<\/span><\/li>\n<\/ul>\n<p>[\/et_pb_text][\/et_pb_column][\/et_pb_row][\/et_pb_section][et_pb_section fb_built=&#8221;1&#8243; _builder_version=&#8221;4.23.1&#8243; custom_padding=&#8221;0px||0px||true|false&#8221; locked=&#8221;off&#8221; collapsed=&#8221;off&#8221; global_colors_info=&#8221;{}&#8221;][et_pb_row column_structure=&#8221;3_5,1_5,1_5&#8243; use_custom_gutter=&#8221;on&#8221; gutter_width=&#8221;2&#8243; make_equal=&#8221;on&#8221; _builder_version=&#8221;4.23.1&#8243; custom_css_main_element=&#8221;align-items: center;&#8221; collapsed=&#8221;off&#8221; global_colors_info=&#8221;{}&#8221;][et_pb_column type=&#8221;3_5&#8243; _builder_version=&#8221;4.16&#8243; global_colors_info=&#8221;{}&#8221;][et_pb_text admin_label=&#8221;Texto&#8221; _builder_version=&#8221;4.23.1&#8243; header_4_text_align=&#8221;left&#8221; header_4_font_size=&#8221;20px&#8221; header_4_line_height=&#8221;1.2em&#8221; header_4_text_align_tablet=&#8221;center&#8221; header_4_text_align_phone=&#8221;center&#8221; header_4_text_align_last_edited=&#8221;on|tablet&#8221; global_colors_info=&#8221;{}&#8221;]<\/p>\n<h4><strong>Elevamon Elevadores forma part de FEPYMA (Federaci\u00f3 Espanyola de Pimes d&#8217;Ascensors) i agremiada al Grem\u00ed Empresarial d&#8217;Ascensor de Catalunya (GEDAC)<\/strong><\/h4>\n<p>[\/et_pb_text][\/et_pb_column][et_pb_column type=&#8221;1_5&#8243; _builder_version=&#8221;4.16&#8243; global_colors_info=&#8221;{}&#8221;][et_pb_image src=&#8221;https:\/\/www.elevamon.com\/wp-content\/uploads\/2023\/12\/logo-feyma.jpg&#8221; align=&#8221;center&#8221; disabled_on=&#8221;off|off|off&#8221; _builder_version=&#8221;4.23.1&#8243; width=&#8221;60%&#8221; width_tablet=&#8221;65%&#8221; width_phone=&#8221;50%&#8221; width_last_edited=&#8221;on|phone&#8221; global_colors_info=&#8221;{}&#8221;][\/et_pb_image][\/et_pb_column][et_pb_column type=&#8221;1_5&#8243; _builder_version=&#8221;4.16&#8243; global_colors_info=&#8221;{}&#8221;][et_pb_image src=&#8221;https:\/\/www.elevamon.com\/wp-content\/uploads\/2023\/12\/logo-gremi.jpg&#8221; align=&#8221;center&#8221; disabled_on=&#8221;off|off|off&#8221; _builder_version=&#8221;4.23.1&#8243; width=&#8221;100%&#8221; width_tablet=&#8221;90%&#8221; width_phone=&#8221;75%&#8221; width_last_edited=&#8221;on|phone&#8221; global_colors_info=&#8221;{}&#8221;][\/et_pb_image][\/et_pb_column][\/et_pb_row][\/et_pb_section][et_pb_section fb_built=&#8221;1&#8243; _builder_version=&#8221;4.23.1&#8243; background_color=&#8221;#c61b1b&#8221; custom_padding=&#8221;35px||35px||true|false&#8221; border_color_top=&#8221;#c61b1b&#8221; border_color_bottom=&#8221;#c61b1b&#8221; locked=&#8221;off&#8221; collapsed=&#8221;off&#8221; global_colors_info=&#8221;{}&#8221;][et_pb_row column_structure=&#8221;3_4,1_4&#8243; make_equal=&#8221;on&#8221; _builder_version=&#8221;4.16&#8243; custom_css_main_element=&#8221;align-items:center;&#8221; locked=&#8221;off&#8221; collapsed=&#8221;off&#8221; global_colors_info=&#8221;{}&#8221;][et_pb_column type=&#8221;3_4&#8243; _builder_version=&#8221;4.16&#8243; global_colors_info=&#8221;{}&#8221;][et_pb_heading title=&#8221;Busques una companyia de manteniment d&#039;ascensors a Barcelona?&#8221; _builder_version=&#8221;4.27.5&#8243; _module_preset=&#8221;default&#8221; title_level=&#8221;h2&#8243; title_font=&#8221;|700|||||||&#8221; title_text_color=&#8221;#FFFFFF&#8221; title_font_size=&#8221;27px&#8221; title_line_height=&#8221;1.2em&#8221; custom_margin=&#8221;||13px|||&#8221; title_text_align_tablet=&#8221;center&#8221; title_text_align_phone=&#8221;center&#8221; title_text_align_last_edited=&#8221;on|tablet&#8221; title_font_size_tablet=&#8221;23px&#8221; title_font_size_phone=&#8221;20px&#8221; title_font_size_last_edited=&#8221;on|phone&#8221; global_colors_info=&#8221;{}&#8221;][\/et_pb_heading][et_pb_text admin_label=&#8221;Texto&#8221; _builder_version=&#8221;4.27.5&#8243; text_font=&#8221;|600|||||||&#8221; text_font_size=&#8221;17px&#8221; text_line_height=&#8221;1.4em&#8221; header_text_align=&#8221;left&#8221; header_2_text_align=&#8221;left&#8221; header_2_line_height=&#8221;1.4em&#8221; background_layout=&#8221;dark&#8221; text_font_size_last_edited=&#8221;off|phone&#8221; header_2_text_align_tablet=&#8221;center&#8221; header_2_text_align_phone=&#8221;center&#8221; header_2_text_align_last_edited=&#8221;on|phone&#8221; text_orientation_tablet=&#8221;center&#8221; text_orientation_phone=&#8221;center&#8221; text_orientation_last_edited=&#8221;on|phone&#8221; global_colors_info=&#8221;{}&#8221;]A Elevamon Elevadores t&#8217;oferim un servei professional de manteniment d&#8217;ascensors a Barcelona ia tot Catalunya, adaptat al teu edifici i complint tots els requisits legals. Contacta amb el nostre equip i t&#8217;assessorarem per garantir la seguretat i el funcionament correcte del teu ascensor.[\/et_pb_text][\/et_pb_column][et_pb_column type=&#8221;1_4&#8243; _builder_version=&#8221;4.16&#8243; global_colors_info=&#8221;{}&#8221;][et_pb_button button_url=&#8221;https:\/\/www.elevamon.com\/ca\/contacti-amb-elevamon-manteniment-elevadors-ascensors\/&#8221; button_text=&#8221;CONTACTAR&#8221; button_alignment=&#8221;center&#8221; _builder_version=&#8221;4.23.1&#8243; custom_button=&#8221;on&#8221; button_text_size=&#8221;18px&#8221; button_text_color=&#8221;#ffffff&#8221; button_bg_color=&#8221;#c61b1b&#8221; button_border_width=&#8221;2px&#8221; button_border_color=&#8221;#FFFFFF&#8221; button_font=&#8221;|600|||||||&#8221; button_icon=&#8221;&#x39;||divi||400&#8243; background_layout=&#8221;dark&#8221; global_colors_info=&#8221;{}&#8221;][\/et_pb_button][\/et_pb_column][\/et_pb_row][\/et_pb_section]<\/p>\n","protected":false},"excerpt":{"rendered":"<p>Servei professional de manteniment d\u00b4ascensors a Barcelona ia tot Catalunya. Garantim la seguretat, el funcionament correcte i la durabilitat del seu ascensor mitjan\u00e7ant un manteniment eficient, adaptat a les necessitats de cada edifici.A Elevamon Elevadores som una empresa especialitzada en el manteniment d&#8217;ascensors a Barcelona, \u200b\u200boferint solucions personalitzades per a comunitats de ve\u00efns, habitatges particulars, [&hellip;]<\/p>\n","protected":false},"author":2,"featured_media":0,"parent":0,"menu_order":0,"comment_status":"closed","ping_status":"closed","template":"","meta":{"_et_pb_use_builder":"on","_et_pb_old_content":"","_et_gb_content_width":"","footnotes":""},"class_list":["post-3059","page","type-page","status-publish","hentry"],"yoast_head":"<!-- This site is optimized with the Yoast SEO plugin v26.8 - https:\/\/yoast.com\/product\/yoast-seo-wordpress\/ -->\n<title>Manteniment d\u00b4ascensors a Barcelona i Catalunya | Elevamon<\/title>\n<meta name=\"description\" content=\"Manteniment d\u00b4ascensors a Barcelona. Ascensors de comunitats de ve\u00efns, ascensors en habitatge particular, muntac\u00e0rrega i pujaescala\" \/>\n<meta name=\"robots\" content=\"index, follow, max-snippet:-1, max-image-preview:large, max-video-preview:-1\" \/>\n<link rel=\"canonical\" href=\"https:\/\/www.elevamon.com\/ca\/manteniment-de-ascensors\/\" \/>\n<meta property=\"og:locale\" content=\"ca_ES\" \/>\n<meta property=\"og:type\" content=\"article\" \/>\n<meta property=\"og:title\" content=\"Manteniment d\u00b4ascensors a Barcelona i Catalunya | Elevamon\" \/>\n<meta property=\"og:description\" content=\"Manteniment d\u00b4ascensors a Barcelona. Ascensors de comunitats de ve\u00efns, ascensors en habitatge particular, muntac\u00e0rrega i pujaescala\" \/>\n<meta property=\"og:url\" content=\"https:\/\/www.elevamon.com\/ca\/manteniment-de-ascensors\/\" \/>\n<meta property=\"og:site_name\" content=\"Elevamon Elevadores S.L.\" \/>\n<meta property=\"article:modified_time\" content=\"2026-01-29T16:03:32+00:00\" \/>\n<meta name=\"twitter:card\" content=\"summary_large_image\" \/>\n<meta name=\"twitter:label1\" content=\"Temps estimat de lectura\" \/>\n\t<meta name=\"twitter:data1\" content=\"12 minuts\" \/>\n<script type=\"application\/ld+json\" class=\"yoast-schema-graph\">{\"@context\":\"https:\/\/schema.org\",\"@graph\":[{\"@type\":\"WebPage\",\"@id\":\"https:\/\/www.elevamon.com\/ca\/manteniment-de-ascensors\/\",\"url\":\"https:\/\/www.elevamon.com\/ca\/manteniment-de-ascensors\/\",\"name\":\"Manteniment d\u00b4ascensors a Barcelona i Catalunya | Elevamon\",\"isPartOf\":{\"@id\":\"https:\/\/www.elevamon.com\/ca\/#website\"},\"datePublished\":\"2026-01-29T16:02:47+00:00\",\"dateModified\":\"2026-01-29T16:03:32+00:00\",\"description\":\"Manteniment d\u00b4ascensors a Barcelona. Ascensors de comunitats de ve\u00efns, ascensors en habitatge particular, muntac\u00e0rrega i pujaescala\",\"breadcrumb\":{\"@id\":\"https:\/\/www.elevamon.com\/ca\/manteniment-de-ascensors\/#breadcrumb\"},\"inLanguage\":\"ca\",\"potentialAction\":[{\"@type\":\"ReadAction\",\"target\":[\"https:\/\/www.elevamon.com\/ca\/manteniment-de-ascensors\/\"]}]},{\"@type\":\"BreadcrumbList\",\"@id\":\"https:\/\/www.elevamon.com\/ca\/manteniment-de-ascensors\/#breadcrumb\",\"itemListElement\":[{\"@type\":\"ListItem\",\"position\":1,\"name\":\"Portada\",\"item\":\"https:\/\/www.elevamon.com\/ca\/inici\/\"},{\"@type\":\"ListItem\",\"position\":2,\"name\":\"Manteniment d&#8217;ascensors\"}]},{\"@type\":\"WebSite\",\"@id\":\"https:\/\/www.elevamon.com\/ca\/#website\",\"url\":\"https:\/\/www.elevamon.com\/ca\/\",\"name\":\"Elevamon Elevadores S.L.\",\"description\":\"Mantenimiento de Ascensores Barcelona y Rub&iacute; | Instalaci&oacute;n, mantenimiento y reparaci&oacute;n de ascensores\",\"publisher\":{\"@id\":\"https:\/\/www.elevamon.com\/ca\/#organization\"},\"potentialAction\":[{\"@type\":\"SearchAction\",\"target\":{\"@type\":\"EntryPoint\",\"urlTemplate\":\"https:\/\/www.elevamon.com\/ca\/?s={search_term_string}\"},\"query-input\":{\"@type\":\"PropertyValueSpecification\",\"valueRequired\":true,\"valueName\":\"search_term_string\"}}],\"inLanguage\":\"ca\"},{\"@type\":\"Organization\",\"@id\":\"https:\/\/www.elevamon.com\/ca\/#organization\",\"name\":\"Elevam\u00f3n Elevadores S.L.\",\"url\":\"https:\/\/www.elevamon.com\/ca\/\",\"logo\":{\"@type\":\"ImageObject\",\"inLanguage\":\"ca\",\"@id\":\"https:\/\/www.elevamon.com\/ca\/#\/schema\/logo\/image\/\",\"url\":\"https:\/\/www.elevamon.com\/wp-content\/uploads\/2019\/12\/logo-elevamon.png\",\"contentUrl\":\"https:\/\/www.elevamon.com\/wp-content\/uploads\/2019\/12\/logo-elevamon.png\",\"width\":245,\"height\":205,\"caption\":\"Elevam\u00f3n Elevadores S.L.\"},\"image\":{\"@id\":\"https:\/\/www.elevamon.com\/ca\/#\/schema\/logo\/image\/\"},\"sameAs\":[\"https:\/\/www.youtube.com\/channel\/UC6bKkiPq-5OK8IiQqcGTttg\"]}]}<\/script>\n<!-- \/ Yoast SEO plugin. -->","yoast_head_json":{"title":"Manteniment d\u00b4ascensors a Barcelona i Catalunya | Elevamon","description":"Manteniment d\u00b4ascensors a Barcelona. Ascensors de comunitats de ve\u00efns, ascensors en habitatge particular, muntac\u00e0rrega i pujaescala","robots":{"index":"index","follow":"follow","max-snippet":"max-snippet:-1","max-image-preview":"max-image-preview:large","max-video-preview":"max-video-preview:-1"},"canonical":"https:\/\/www.elevamon.com\/ca\/manteniment-de-ascensors\/","og_locale":"ca_ES","og_type":"article","og_title":"Manteniment d\u00b4ascensors a Barcelona i Catalunya | Elevamon","og_description":"Manteniment d\u00b4ascensors a Barcelona. Ascensors de comunitats de ve\u00efns, ascensors en habitatge particular, muntac\u00e0rrega i pujaescala","og_url":"https:\/\/www.elevamon.com\/ca\/manteniment-de-ascensors\/","og_site_name":"Elevamon Elevadores S.L.","article_modified_time":"2026-01-29T16:03:32+00:00","twitter_card":"summary_large_image","twitter_misc":{"Temps estimat de lectura":"12 minuts"},"schema":{"@context":"https:\/\/schema.org","@graph":[{"@type":"WebPage","@id":"https:\/\/www.elevamon.com\/ca\/manteniment-de-ascensors\/","url":"https:\/\/www.elevamon.com\/ca\/manteniment-de-ascensors\/","name":"Manteniment d\u00b4ascensors a Barcelona i Catalunya | Elevamon","isPartOf":{"@id":"https:\/\/www.elevamon.com\/ca\/#website"},"datePublished":"2026-01-29T16:02:47+00:00","dateModified":"2026-01-29T16:03:32+00:00","description":"Manteniment d\u00b4ascensors a Barcelona. Ascensors de comunitats de ve\u00efns, ascensors en habitatge particular, muntac\u00e0rrega i pujaescala","breadcrumb":{"@id":"https:\/\/www.elevamon.com\/ca\/manteniment-de-ascensors\/#breadcrumb"},"inLanguage":"ca","potentialAction":[{"@type":"ReadAction","target":["https:\/\/www.elevamon.com\/ca\/manteniment-de-ascensors\/"]}]},{"@type":"BreadcrumbList","@id":"https:\/\/www.elevamon.com\/ca\/manteniment-de-ascensors\/#breadcrumb","itemListElement":[{"@type":"ListItem","position":1,"name":"Portada","item":"https:\/\/www.elevamon.com\/ca\/inici\/"},{"@type":"ListItem","position":2,"name":"Manteniment d&#8217;ascensors"}]},{"@type":"WebSite","@id":"https:\/\/www.elevamon.com\/ca\/#website","url":"https:\/\/www.elevamon.com\/ca\/","name":"Elevamon Elevadores S.L.","description":"Mantenimiento de Ascensores Barcelona y Rub&iacute; | Instalaci&oacute;n, mantenimiento y reparaci&oacute;n de ascensores","publisher":{"@id":"https:\/\/www.elevamon.com\/ca\/#organization"},"potentialAction":[{"@type":"SearchAction","target":{"@type":"EntryPoint","urlTemplate":"https:\/\/www.elevamon.com\/ca\/?s={search_term_string}"},"query-input":{"@type":"PropertyValueSpecification","valueRequired":true,"valueName":"search_term_string"}}],"inLanguage":"ca"},{"@type":"Organization","@id":"https:\/\/www.elevamon.com\/ca\/#organization","name":"Elevam\u00f3n Elevadores S.L.","url":"https:\/\/www.elevamon.com\/ca\/","logo":{"@type":"ImageObject","inLanguage":"ca","@id":"https:\/\/www.elevamon.com\/ca\/#\/schema\/logo\/image\/","url":"https:\/\/www.elevamon.com\/wp-content\/uploads\/2019\/12\/logo-elevamon.png","contentUrl":"https:\/\/www.elevamon.com\/wp-content\/uploads\/2019\/12\/logo-elevamon.png","width":245,"height":205,"caption":"Elevam\u00f3n Elevadores S.L."},"image":{"@id":"https:\/\/www.elevamon.com\/ca\/#\/schema\/logo\/image\/"},"sameAs":["https:\/\/www.youtube.com\/channel\/UC6bKkiPq-5OK8IiQqcGTttg"]}]}},"_links":{"self":[{"href":"https:\/\/www.elevamon.com\/ca\/wp-json\/wp\/v2\/pages\/3059","targetHints":{"allow":["GET"]}}],"collection":[{"href":"https:\/\/www.elevamon.com\/ca\/wp-json\/wp\/v2\/pages"}],"about":[{"href":"https:\/\/www.elevamon.com\/ca\/wp-json\/wp\/v2\/types\/page"}],"author":[{"embeddable":true,"href":"https:\/\/www.elevamon.com\/ca\/wp-json\/wp\/v2\/users\/2"}],"replies":[{"embeddable":true,"href":"https:\/\/www.elevamon.com\/ca\/wp-json\/wp\/v2\/comments?post=3059"}],"version-history":[{"count":2,"href":"https:\/\/www.elevamon.com\/ca\/wp-json\/wp\/v2\/pages\/3059\/revisions"}],"predecessor-version":[{"id":3061,"href":"https:\/\/www.elevamon.com\/ca\/wp-json\/wp\/v2\/pages\/3059\/revisions\/3061"}],"wp:attachment":[{"href":"https:\/\/www.elevamon.com\/ca\/wp-json\/wp\/v2\/media?parent=3059"}],"curies":[{"name":"wp","href":"https:\/\/api.w.org\/{rel}","templated":true}]}}