{"id":3046,"date":"2026-01-29T15:02:58","date_gmt":"2026-01-29T15:02:58","guid":{"rendered":"https:\/\/www.elevamon.com\/installacio-dascensors-a-edificis-antics\/"},"modified":"2026-01-29T15:02:59","modified_gmt":"2026-01-29T15:02:59","slug":"installacio-dascensors-a-edificis-antics","status":"publish","type":"page","link":"https:\/\/www.elevamon.com\/ca\/installacio-dascensors-a-edificis-antics\/","title":{"rendered":"Instal\u00b7laci\u00f3 d&#8217;ascensors a edificis antics"},"content":{"rendered":"<p>[et_pb_section fb_built=&#8221;1&#8243; custom_padding_last_edited=&#8221;on|phone&#8221; _builder_version=&#8221;4.27.5&#8243; background_color=&#8221;rgba(0,0,0,0.22)&#8221; background_image=&#8221;https:\/\/www.elevamon.com\/wp-content\/uploads\/2026\/01\/Instalacion-de-ascensores-en-edificios-antiguos-Elevamon-Elevadores.webp&#8221; background_blend=&#8221;multiply&#8221; width=&#8221;100%&#8221; max_height=&#8221;750px&#8221; custom_padding=&#8221;182px||182px||true|false&#8221; custom_padding_tablet=&#8221;100px||100px||true|false&#8221; custom_padding_phone=&#8221;30px||30px||true|false&#8221; global_colors_info=&#8221;{}&#8221;][et_pb_row _builder_version=&#8221;4.16&#8243; global_colors_info=&#8221;{}&#8221;][et_pb_column type=&#8221;4_4&#8243; _builder_version=&#8221;4.16&#8243; global_colors_info=&#8221;{}&#8221;][et_pb_heading title=&#8221;Instal\u00b7laci\u00f3 d&#039;ascensors a edificis antics a Barcelona&#8221; _builder_version=&#8221;4.27.5&#8243; _module_preset=&#8221;default&#8221; title_font=&#8221;|700||on|||||&#8221; title_text_align=&#8221;center&#8221; title_text_color=&#8221;#FFFFFF&#8221; title_font_size=&#8221;40px&#8221; title_line_height=&#8221;1.2em&#8221; custom_margin=&#8221;||3px|||&#8221; title_font_size_tablet=&#8221;30px&#8221; title_font_size_phone=&#8221;23px&#8221; title_font_size_last_edited=&#8221;on|phone&#8221; global_colors_info=&#8221;{}&#8221;][\/et_pb_heading][et_pb_text _builder_version=&#8221;4.27.5&#8243; text_font=&#8221;|600|||||||&#8221; text_font_size=&#8221;20px&#8221; text_line_height=&#8221;1.1em&#8221; header_font=&#8221;|700|||||||&#8221; header_font_size=&#8221;40px&#8221; header_line_height=&#8221;1.1em&#8221; header_2_font=&#8221;|700|||||||&#8221; header_2_font_size=&#8221;42px&#8221; background_enable_image=&#8221;off&#8221; text_orientation=&#8221;center&#8221; background_layout=&#8221;dark&#8221; animation_direction=&#8221;bottom&#8221; text_font_size_tablet=&#8221;18px&#8221; text_font_size_phone=&#8221;16px&#8221; text_font_size_last_edited=&#8221;on|phone&#8221; header_font_size_tablet=&#8221;30px&#8221; header_font_size_phone=&#8221;24px&#8221; header_font_size_last_edited=&#8221;on|tablet&#8221; header_2_font_size_tablet=&#8221;42px&#8221; header_2_font_size_phone=&#8221;35px&#8221; header_2_font_size_last_edited=&#8221;on|phone&#8221; global_colors_info=&#8221;{}&#8221;]Especialistes en la instal\u00b7laci\u00f3 d&#8217;ascensors a edificis antics, oferint solucions t\u00e8cniques adaptades que milloren l&#8217;accessibilitat sense alterar l&#8217;ess\u00e8ncia arquitect\u00f2nica de l&#8217;immoble.[\/et_pb_text][et_pb_button button_url=&#8221;https:\/\/www.elevamon.com\/ca\/contacti-amb-elevamon-manteniment-elevadors-ascensors\/&#8221; button_text=&#8221;Contactar&#8221; button_alignment=&#8221;center&#8221; _builder_version=&#8221;4.27.5&#8243; custom_button=&#8221;on&#8221; button_text_size=&#8221;17px&#8221; button_bg_color=&#8221;rgba(6,24,127,0.86)&#8221; button_border_width=&#8221;0px&#8221; button_font=&#8221;|600|||||||&#8221; background_layout=&#8221;dark&#8221; custom_padding=&#8221;8px||8px||true|false&#8221; animation_direction=&#8221;bottom&#8221; hover_enabled=&#8221;0&#8243; global_colors_info=&#8221;{}&#8221; sticky_enabled=&#8221;0&#8243;][\/et_pb_button][\/et_pb_column][\/et_pb_row][\/et_pb_section][et_pb_section fb_built=&#8221;1&#8243; _builder_version=&#8221;4.27.5&#8243; custom_padding=&#8221;50px||||false|false&#8221; collapsed=&#8221;off&#8221; global_colors_info=&#8221;{}&#8221;][et_pb_row use_custom_gutter=&#8221;on&#8221; gutter_width=&#8221;4&#8243; _builder_version=&#8221;4.27.5&#8243; custom_padding=&#8221;||||false|false&#8221; collapsed=&#8221;off&#8221; global_colors_info=&#8221;{}&#8221;][et_pb_column type=&#8221;4_4&#8243; _builder_version=&#8221;4.16&#8243; global_colors_info=&#8221;{}&#8221;][et_pb_heading title=&#8221;Solucions d&#039;accessibilitat per a edificis sense ascensor&#8221; _builder_version=&#8221;4.27.5&#8243; _module_preset=&#8221;default&#8221; title_level=&#8221;h2&#8243; title_font=&#8221;|700|||||||&#8221; title_text_align=&#8221;center&#8221; title_font_size=&#8221;29px&#8221; title_line_height=&#8221;1.2em&#8221; custom_margin=&#8221;||11px|||&#8221; title_text_align_tablet=&#8221;center&#8221; title_text_align_phone=&#8221;center&#8221; title_text_align_last_edited=&#8221;on|phone&#8221; title_font_size_tablet=&#8221;24px&#8221; title_font_size_phone=&#8221;21px&#8221; title_font_size_last_edited=&#8221;on|desktop&#8221; global_colors_info=&#8221;{}&#8221;][\/et_pb_heading][et_pb_heading title=&#8221;Projectes de rehabilitaci\u00f3 adaptats a cada edifici&#8221; _builder_version=&#8221;4.27.5&#8243; _module_preset=&#8221;default&#8221; title_level=&#8221;h3&#8243; title_font=&#8221;|700|||||||&#8221; title_text_align=&#8221;center&#8221; title_text_color=&#8221;gcid-primary-color&#8221; title_font_size=&#8221;21px&#8221; title_letter_spacing=&#8221;1px&#8221; title_line_height=&#8221;1.2em&#8221; custom_margin=&#8221;||34px|||&#8221; title_text_align_tablet=&#8221;center&#8221; title_text_align_phone=&#8221;center&#8221; title_text_align_last_edited=&#8221;on|tablet&#8221; title_font_size_tablet=&#8221;19px&#8221; title_font_size_phone=&#8221;17px&#8221; title_font_size_last_edited=&#8221;on|desktop&#8221; global_colors_info=&#8221;{%22gcid-primary-color%22:%91%22title_text_color%22%93}&#8221;][\/et_pb_heading][et_pb_text _builder_version=&#8221;4.27.5&#8243; text_orientation=&#8221;center&#8221; custom_margin=&#8221;||34px|||&#8221; text_orientation_tablet=&#8221;justified&#8221; text_orientation_phone=&#8221;justified&#8221; text_orientation_last_edited=&#8221;on|tablet&#8221; global_colors_info=&#8221;{}&#8221;]La instal\u00b7laci\u00f3 d&#8217;un ascensor a un edifici antic requereix un estudi t\u00e8cnic detallat i una planificaci\u00f3 precisa. A Elevamon Elevadores analitzem cada cas de forma individual per determinar la millor soluci\u00f3 possible, ja sigui mitjan\u00e7ant la instal\u00b7laci\u00f3 de l&#8217;ascensor al buit de l&#8217;escala, als patis interiors o mitjan\u00e7ant solucions exteriors a fa\u00e7ana. <\/p>\n<p>El nostre equip s&#8217;encarrega de tot el proc\u00e9s, des de l&#8217;estudi de viabilitat fins a l&#8217;execuci\u00f3 final del projecte, tot coordinant l&#8217;obra civil i els treballs t\u00e8cnics necessaris. D&#8217;aquesta manera, garantim una instal\u00b7laci\u00f3 segura, funcional i totalment adaptada a la normativa vigent, millorant l&#8217;accessibilitat i el valor de l&#8217;edifici sense comprometre&#8217;n l&#8217;estructura ni l&#8217;est\u00e8tica.[\/et_pb_text][\/et_pb_column][\/et_pb_row][et_pb_row column_structure=&#8221;1_4,1_4,1_4,1_4&#8243; _builder_version=&#8221;4.23.1&#8243; _module_preset=&#8221;default&#8221; global_colors_info=&#8221;{}&#8221;][et_pb_column type=&#8221;1_4&#8243; _builder_version=&#8221;4.23.1&#8243; _module_preset=&#8221;default&#8221; global_colors_info=&#8221;{}&#8221;][et_pb_image src=&#8221;https:\/\/www.elevamon.com\/wp-content\/uploads\/2023\/12\/Modernizacion-de-ascensores-Elevamon.jpg&#8221; alt=&#8221;Modernitzaci\u00f3 d\u00b4ascensors | Elevamon Elevadors&#8221; title_text=&#8221;Modernitzaci\u00f3 d\u00b4ascensors | Elevamon Elevadors&#8221; _builder_version=&#8221;4.23.1&#8243; _module_preset=&#8221;default&#8221; custom_margin=&#8221;||18px|||&#8221; global_colors_info=&#8221;{}&#8221;][\/et_pb_image][et_pb_text _builder_version=&#8221;4.23.1&#8243; _module_preset=&#8221;default&#8221; text_font=&#8221;|600|||||||&#8221; text_font_size=&#8221;17px&#8221; text_line_height=&#8221;1.3em&#8221; text_orientation=&#8221;center&#8221; global_colors_info=&#8221;{}&#8221;]<\/p>\n<p>Modernitzaci\u00f3 d\u00b4ascensors<\/p>\n<p>[\/et_pb_text][\/et_pb_column][et_pb_column type=&#8221;1_4&#8243; _builder_version=&#8221;4.23.1&#8243; _module_preset=&#8221;default&#8221; global_colors_info=&#8221;{}&#8221;][et_pb_image src=&#8221;https:\/\/www.elevamon.com\/wp-content\/uploads\/2023\/12\/Mantenimiento-de-ascensores-ya-instalados-Elevamon.jpg&#8221; alt=&#8221;Manteniment d&#039;ascensors ja instal\u00b7lats | Elevamon Elevadors&#8221; title_text=&#8221;Manteniment d&#039;ascensors ja instal\u00b7lats | Elevamon Elevadors&#8221; _builder_version=&#8221;4.23.1&#8243; _module_preset=&#8221;default&#8221; custom_margin=&#8221;||18px|||&#8221; global_colors_info=&#8221;{}&#8221;][\/et_pb_image][et_pb_text _builder_version=&#8221;4.23.1&#8243; _module_preset=&#8221;default&#8221; text_font=&#8221;|600|||||||&#8221; text_font_size=&#8221;17px&#8221; text_line_height=&#8221;1.3em&#8221; text_orientation=&#8221;center&#8221; global_colors_info=&#8221;{}&#8221;]<\/p>\n<p>Manteniment d&#8217;ascensors ja instal\u00b7lats<\/p>\n<p>[\/et_pb_text][\/et_pb_column][et_pb_column type=&#8221;1_4&#8243; _builder_version=&#8221;4.23.1&#8243; _module_preset=&#8221;default&#8221; global_colors_info=&#8221;{}&#8221;][et_pb_image src=&#8221;https:\/\/www.elevamon.com\/wp-content\/uploads\/2023\/12\/Rehabilitacion-y-estudio-de-edificios-para-instalacion-de-ascensores-Elevamon.jpg&#8221; alt=&#8221;Rehabilitaci\u00f3 i estudi d&#039;edificis per instal\u00b7lar ascensors | Elevamon Elevadors&#8221; title_text=&#8221;Rehabilitaci\u00f3 i estudi d&#039;edificis per instal\u00b7lar ascensors | Elevamon Elevadors&#8221; _builder_version=&#8221;4.23.1&#8243; _module_preset=&#8221;default&#8221; custom_margin=&#8221;||18px|||&#8221; global_colors_info=&#8221;{}&#8221;][\/et_pb_image][et_pb_text _builder_version=&#8221;4.23.1&#8243; _module_preset=&#8221;default&#8221; text_font=&#8221;|600|||||||&#8221; text_font_size=&#8221;17px&#8221; text_line_height=&#8221;1.3em&#8221; text_orientation=&#8221;center&#8221; global_colors_info=&#8221;{}&#8221;]<\/p>\n<p>Rehabilitaci\u00f3 i estudi d&#8217;edificis per instal\u00b7lar ascensors<\/p>\n<p>[\/et_pb_text][\/et_pb_column][et_pb_column type=&#8221;1_4&#8243; _builder_version=&#8221;4.23.1&#8243; _module_preset=&#8221;default&#8221; global_colors_info=&#8221;{}&#8221;][et_pb_image src=&#8221;https:\/\/www.elevamon.com\/wp-content\/uploads\/2023\/12\/Personal-altamente-cualificado-en-instalacion-de-ascensores-Elevamon.jpg&#8221; alt=&#8221;Personal altament qualificat en instal\u00b7laci\u00f3 d&#039;ascensors | Elevamon Elevadors&#8221; title_text=&#8221;Personal altament qualificat en instal\u00b7laci\u00f3 d&#039;ascensors | Elevamon Elevadors&#8221; _builder_version=&#8221;4.23.1&#8243; _module_preset=&#8221;default&#8221; custom_margin=&#8221;||18px|||&#8221; global_colors_info=&#8221;{}&#8221;][\/et_pb_image][et_pb_text _builder_version=&#8221;4.23.1&#8243; _module_preset=&#8221;default&#8221; text_font=&#8221;|600|||||||&#8221; text_font_size=&#8221;17px&#8221; text_line_height=&#8221;1.3em&#8221; text_orientation=&#8221;center&#8221; global_colors_info=&#8221;{}&#8221;]<\/p>\n<p>Personal altament qualificat en instal\u00b7laci\u00f3 d&#8217;ascensors<\/p>\n<p>[\/et_pb_text][\/et_pb_column][\/et_pb_row][et_pb_row _builder_version=&#8221;4.23.1&#8243; _module_preset=&#8221;default&#8221; global_colors_info=&#8221;{}&#8221;][et_pb_column type=&#8221;4_4&#8243; _builder_version=&#8221;4.23.1&#8243; _module_preset=&#8221;default&#8221; global_colors_info=&#8221;{}&#8221;][et_pb_button button_url=&#8221;https:\/\/www.elevamon.com\/wp-content\/uploads\/2020\/01\/ascensores-hidr%C3%A1ulicos-elevamon-elevadores.pdf&#8221; url_new_window=&#8221;on&#8221; button_text=&#8221;Veure cat\u00e0leg&#8221; button_alignment=&#8221;center&#8221; _builder_version=&#8221;4.23.1&#8243; custom_button=&#8221;on&#8221; button_text_size=&#8221;18px&#8221; button_bg_color=&#8221;#c60000&#8243; button_border_width=&#8221;0px&#8221; button_font=&#8221;|600|||||||&#8221; background_layout=&#8221;dark&#8221; global_colors_info=&#8221;{}&#8221;][\/et_pb_button][\/et_pb_column][\/et_pb_row][\/et_pb_section][et_pb_section fb_built=&#8221;1&#8243; _builder_version=&#8221;4.23.1&#8243; custom_padding=&#8221;0px||0px||true|false&#8221; locked=&#8221;off&#8221; collapsed=&#8221;off&#8221; global_colors_info=&#8221;{}&#8221;][et_pb_row column_structure=&#8221;3_5,1_5,1_5&#8243; use_custom_gutter=&#8221;on&#8221; gutter_width=&#8221;2&#8243; make_equal=&#8221;on&#8221; _builder_version=&#8221;4.23.1&#8243; custom_css_main_element=&#8221;align-items: center;&#8221; collapsed=&#8221;off&#8221; global_colors_info=&#8221;{}&#8221;][et_pb_column type=&#8221;3_5&#8243; _builder_version=&#8221;4.16&#8243; global_colors_info=&#8221;{}&#8221;][et_pb_text admin_label=&#8221;Texto&#8221; _builder_version=&#8221;4.23.1&#8243; header_4_text_align=&#8221;left&#8221; header_4_font_size=&#8221;20px&#8221; header_4_line_height=&#8221;1.2em&#8221; header_4_text_align_tablet=&#8221;center&#8221; header_4_text_align_phone=&#8221;center&#8221; header_4_text_align_last_edited=&#8221;on|tablet&#8221; global_colors_info=&#8221;{}&#8221;]<\/p>\n<h4><strong>Elevamon Elevadores forma part de FEPYMA (Federaci\u00f3 Espanyola de Pimes d&#8217;Ascensors) i agremiada al Grem\u00ed Empresarial d&#8217;Ascensor de Catalunya (GEDAC)<\/strong><\/h4>\n<p>[\/et_pb_text][\/et_pb_column][et_pb_column type=&#8221;1_5&#8243; _builder_version=&#8221;4.16&#8243; global_colors_info=&#8221;{}&#8221;][et_pb_image src=&#8221;https:\/\/www.elevamon.com\/wp-content\/uploads\/2023\/12\/logo-feyma.jpg&#8221; align=&#8221;center&#8221; disabled_on=&#8221;off|off|off&#8221; _builder_version=&#8221;4.23.1&#8243; width=&#8221;60%&#8221; width_tablet=&#8221;65%&#8221; width_phone=&#8221;50%&#8221; width_last_edited=&#8221;on|phone&#8221; global_colors_info=&#8221;{}&#8221;][\/et_pb_image][\/et_pb_column][et_pb_column type=&#8221;1_5&#8243; _builder_version=&#8221;4.16&#8243; global_colors_info=&#8221;{}&#8221;][et_pb_image src=&#8221;https:\/\/www.elevamon.com\/wp-content\/uploads\/2023\/12\/logo-gremi.jpg&#8221; align=&#8221;center&#8221; disabled_on=&#8221;off|off|off&#8221; _builder_version=&#8221;4.23.1&#8243; width=&#8221;100%&#8221; width_tablet=&#8221;90%&#8221; width_phone=&#8221;75%&#8221; width_last_edited=&#8221;on|phone&#8221; global_colors_info=&#8221;{}&#8221;][\/et_pb_image][\/et_pb_column][\/et_pb_row][\/et_pb_section][et_pb_section fb_built=&#8221;1&#8243; _builder_version=&#8221;4.23.1&#8243; background_color=&#8221;#c61b1b&#8221; custom_padding=&#8221;35px||35px||true|false&#8221; border_color_top=&#8221;#c61b1b&#8221; border_color_bottom=&#8221;#c61b1b&#8221; locked=&#8221;off&#8221; collapsed=&#8221;off&#8221; global_colors_info=&#8221;{}&#8221;][et_pb_row column_structure=&#8221;3_4,1_4&#8243; make_equal=&#8221;on&#8221; _builder_version=&#8221;4.16&#8243; custom_css_main_element=&#8221;align-items:center;&#8221; collapsed=&#8221;off&#8221; global_colors_info=&#8221;{}&#8221;][et_pb_column type=&#8221;3_4&#8243; _builder_version=&#8221;4.16&#8243; global_colors_info=&#8221;{}&#8221;][et_pb_heading title=&#8221;Vols instal\u00b7lar un ascensor a un edifici antic?&#8221; _builder_version=&#8221;4.27.5&#8243; _module_preset=&#8221;default&#8221; title_level=&#8221;h2&#8243; title_font=&#8221;|700|||||||&#8221; title_text_color=&#8221;#FFFFFF&#8221; title_font_size=&#8221;27px&#8221; title_line_height=&#8221;1.2em&#8221; custom_margin=&#8221;||13px|||&#8221; title_text_align_tablet=&#8221;center&#8221; title_text_align_phone=&#8221;center&#8221; title_text_align_last_edited=&#8221;on|tablet&#8221; title_font_size_tablet=&#8221;23px&#8221; title_font_size_phone=&#8221;20px&#8221; title_font_size_last_edited=&#8221;on|phone&#8221; global_colors_info=&#8221;{}&#8221;][\/et_pb_heading][et_pb_text admin_label=&#8221;Texto&#8221; _builder_version=&#8221;4.27.5&#8243; text_font=&#8221;|600|||||||&#8221; text_font_size=&#8221;17px&#8221; text_line_height=&#8221;1.4em&#8221; header_text_align=&#8221;left&#8221; header_2_text_align=&#8221;left&#8221; header_2_line_height=&#8221;1.4em&#8221; background_layout=&#8221;dark&#8221; text_font_size_last_edited=&#8221;off|phone&#8221; header_2_text_align_tablet=&#8221;center&#8221; header_2_text_align_phone=&#8221;center&#8221; header_2_text_align_last_edited=&#8221;on|phone&#8221; text_orientation_tablet=&#8221;center&#8221; text_orientation_phone=&#8221;center&#8221; text_orientation_last_edited=&#8221;on|phone&#8221; global_colors_info=&#8221;{}&#8221;]A Elevamon Elevadores us assessorem en tot el proc\u00e9s d&#8217;instal\u00b7laci\u00f3 d&#8217;ascensors en edificis antics, oferint solucions personalitzades per a comunitats de ve\u00efns a Barcelona ia tot Catalunya. Contacta amb el nostre equip i estudiarem la millor opci\u00f3 per millorar l\u00b4accessibilitat del teu edifici amb total garantia.[\/et_pb_text][\/et_pb_column][et_pb_column type=&#8221;1_4&#8243; _builder_version=&#8221;4.16&#8243; global_colors_info=&#8221;{}&#8221;][et_pb_button button_url=&#8221;https:\/\/www.elevamon.com\/ca\/contacti-amb-elevamon-manteniment-elevadors-ascensors\/&#8221; button_text=&#8221;CONTACTAR&#8221; button_alignment=&#8221;center&#8221; _builder_version=&#8221;4.23.1&#8243; custom_button=&#8221;on&#8221; button_text_size=&#8221;18px&#8221; button_text_color=&#8221;#ffffff&#8221; button_bg_color=&#8221;#c61b1b&#8221; button_border_width=&#8221;2px&#8221; button_border_color=&#8221;#FFFFFF&#8221; button_font=&#8221;|600|||||||&#8221; button_icon=&#8221;&#x39;||divi||400&#8243; background_layout=&#8221;dark&#8221; global_colors_info=&#8221;{}&#8221;][\/et_pb_button][\/et_pb_column][\/et_pb_row][\/et_pb_section]<\/p>\n","protected":false},"excerpt":{"rendered":"<p>Especialistes en la instal\u00b7laci\u00f3 d&#8217;ascensors a edificis antics, oferint solucions t\u00e8cniques adaptades que milloren l&#8217;accessibilitat sense alterar l&#8217;ess\u00e8ncia arquitect\u00f2nica de l&#8217;immoble.La instal\u00b7laci\u00f3 d&#8217;un ascensor a un edifici antic requereix un estudi t\u00e8cnic detallat i una planificaci\u00f3 precisa. A Elevamon Elevadores analitzem cada cas de forma individual per determinar la millor soluci\u00f3 possible, ja sigui mitjan\u00e7ant [&hellip;]<\/p>\n","protected":false},"author":2,"featured_media":0,"parent":0,"menu_order":0,"comment_status":"closed","ping_status":"closed","template":"","meta":{"_et_pb_use_builder":"on","_et_pb_old_content":"","_et_gb_content_width":"","footnotes":""},"class_list":["post-3046","page","type-page","status-publish","hentry"],"yoast_head":"<!-- This site is optimized with the Yoast SEO plugin v26.8 - https:\/\/yoast.com\/product\/yoast-seo-wordpress\/ -->\n<title>Instal\u00b7laci\u00f3 d&#039;ascensors a edificis antics a Barcelona<\/title>\n<meta name=\"description\" content=\"Instal\u00b7laci\u00f3 d&#039;ascensors a edificis antics a Barcelona ia tot Catalunya. Projectes de rehabilitaci\u00f3 adaptats a cada edifici.\" \/>\n<meta name=\"robots\" content=\"index, follow, max-snippet:-1, max-image-preview:large, max-video-preview:-1\" \/>\n<link rel=\"canonical\" href=\"https:\/\/www.elevamon.com\/ca\/installacio-dascensors-a-edificis-antics\/\" \/>\n<meta property=\"og:locale\" content=\"ca_ES\" \/>\n<meta property=\"og:type\" content=\"article\" \/>\n<meta property=\"og:title\" content=\"Instal\u00b7laci\u00f3 d&#039;ascensors a edificis antics a Barcelona\" \/>\n<meta property=\"og:description\" content=\"Instal\u00b7laci\u00f3 d&#039;ascensors a edificis antics a Barcelona ia tot Catalunya. Projectes de rehabilitaci\u00f3 adaptats a cada edifici.\" \/>\n<meta property=\"og:url\" content=\"https:\/\/www.elevamon.com\/ca\/installacio-dascensors-a-edificis-antics\/\" \/>\n<meta property=\"og:site_name\" content=\"Elevamon Elevadores S.L.\" \/>\n<meta property=\"article:modified_time\" content=\"2026-01-29T15:02:59+00:00\" \/>\n<meta name=\"twitter:card\" content=\"summary_large_image\" \/>\n<meta name=\"twitter:label1\" content=\"Temps estimat de lectura\" \/>\n\t<meta name=\"twitter:data1\" content=\"9 minuts\" \/>\n<script type=\"application\/ld+json\" class=\"yoast-schema-graph\">{\"@context\":\"https:\/\/schema.org\",\"@graph\":[{\"@type\":\"WebPage\",\"@id\":\"https:\/\/www.elevamon.com\/ca\/installacio-dascensors-a-edificis-antics\/\",\"url\":\"https:\/\/www.elevamon.com\/ca\/installacio-dascensors-a-edificis-antics\/\",\"name\":\"Instal\u00b7laci\u00f3 d'ascensors a edificis antics a Barcelona\",\"isPartOf\":{\"@id\":\"https:\/\/www.elevamon.com\/ca\/#website\"},\"datePublished\":\"2026-01-29T15:02:58+00:00\",\"dateModified\":\"2026-01-29T15:02:59+00:00\",\"description\":\"Instal\u00b7laci\u00f3 d'ascensors a edificis antics a Barcelona ia tot Catalunya. Projectes de rehabilitaci\u00f3 adaptats a cada edifici.\",\"breadcrumb\":{\"@id\":\"https:\/\/www.elevamon.com\/ca\/installacio-dascensors-a-edificis-antics\/#breadcrumb\"},\"inLanguage\":\"ca\",\"potentialAction\":[{\"@type\":\"ReadAction\",\"target\":[\"https:\/\/www.elevamon.com\/ca\/installacio-dascensors-a-edificis-antics\/\"]}]},{\"@type\":\"BreadcrumbList\",\"@id\":\"https:\/\/www.elevamon.com\/ca\/installacio-dascensors-a-edificis-antics\/#breadcrumb\",\"itemListElement\":[{\"@type\":\"ListItem\",\"position\":1,\"name\":\"Portada\",\"item\":\"https:\/\/www.elevamon.com\/ca\/inici\/\"},{\"@type\":\"ListItem\",\"position\":2,\"name\":\"Instal\u00b7laci\u00f3 d&#8217;ascensors a edificis antics\"}]},{\"@type\":\"WebSite\",\"@id\":\"https:\/\/www.elevamon.com\/ca\/#website\",\"url\":\"https:\/\/www.elevamon.com\/ca\/\",\"name\":\"Elevamon Elevadores S.L.\",\"description\":\"Mantenimiento de Ascensores Barcelona y Rub&iacute; | Instalaci&oacute;n, mantenimiento y reparaci&oacute;n de ascensores\",\"publisher\":{\"@id\":\"https:\/\/www.elevamon.com\/ca\/#organization\"},\"potentialAction\":[{\"@type\":\"SearchAction\",\"target\":{\"@type\":\"EntryPoint\",\"urlTemplate\":\"https:\/\/www.elevamon.com\/ca\/?s={search_term_string}\"},\"query-input\":{\"@type\":\"PropertyValueSpecification\",\"valueRequired\":true,\"valueName\":\"search_term_string\"}}],\"inLanguage\":\"ca\"},{\"@type\":\"Organization\",\"@id\":\"https:\/\/www.elevamon.com\/ca\/#organization\",\"name\":\"Elevam\u00f3n Elevadores S.L.\",\"url\":\"https:\/\/www.elevamon.com\/ca\/\",\"logo\":{\"@type\":\"ImageObject\",\"inLanguage\":\"ca\",\"@id\":\"https:\/\/www.elevamon.com\/ca\/#\/schema\/logo\/image\/\",\"url\":\"https:\/\/www.elevamon.com\/wp-content\/uploads\/2019\/12\/logo-elevamon.png\",\"contentUrl\":\"https:\/\/www.elevamon.com\/wp-content\/uploads\/2019\/12\/logo-elevamon.png\",\"width\":245,\"height\":205,\"caption\":\"Elevam\u00f3n Elevadores S.L.\"},\"image\":{\"@id\":\"https:\/\/www.elevamon.com\/ca\/#\/schema\/logo\/image\/\"},\"sameAs\":[\"https:\/\/www.youtube.com\/channel\/UC6bKkiPq-5OK8IiQqcGTttg\"]}]}<\/script>\n<!-- \/ Yoast SEO plugin. -->","yoast_head_json":{"title":"Instal\u00b7laci\u00f3 d'ascensors a edificis antics a Barcelona","description":"Instal\u00b7laci\u00f3 d'ascensors a edificis antics a Barcelona ia tot Catalunya. Projectes de rehabilitaci\u00f3 adaptats a cada edifici.","robots":{"index":"index","follow":"follow","max-snippet":"max-snippet:-1","max-image-preview":"max-image-preview:large","max-video-preview":"max-video-preview:-1"},"canonical":"https:\/\/www.elevamon.com\/ca\/installacio-dascensors-a-edificis-antics\/","og_locale":"ca_ES","og_type":"article","og_title":"Instal\u00b7laci\u00f3 d'ascensors a edificis antics a Barcelona","og_description":"Instal\u00b7laci\u00f3 d'ascensors a edificis antics a Barcelona ia tot Catalunya. Projectes de rehabilitaci\u00f3 adaptats a cada edifici.","og_url":"https:\/\/www.elevamon.com\/ca\/installacio-dascensors-a-edificis-antics\/","og_site_name":"Elevamon Elevadores S.L.","article_modified_time":"2026-01-29T15:02:59+00:00","twitter_card":"summary_large_image","twitter_misc":{"Temps estimat de lectura":"9 minuts"},"schema":{"@context":"https:\/\/schema.org","@graph":[{"@type":"WebPage","@id":"https:\/\/www.elevamon.com\/ca\/installacio-dascensors-a-edificis-antics\/","url":"https:\/\/www.elevamon.com\/ca\/installacio-dascensors-a-edificis-antics\/","name":"Instal\u00b7laci\u00f3 d'ascensors a edificis antics a Barcelona","isPartOf":{"@id":"https:\/\/www.elevamon.com\/ca\/#website"},"datePublished":"2026-01-29T15:02:58+00:00","dateModified":"2026-01-29T15:02:59+00:00","description":"Instal\u00b7laci\u00f3 d'ascensors a edificis antics a Barcelona ia tot Catalunya. Projectes de rehabilitaci\u00f3 adaptats a cada edifici.","breadcrumb":{"@id":"https:\/\/www.elevamon.com\/ca\/installacio-dascensors-a-edificis-antics\/#breadcrumb"},"inLanguage":"ca","potentialAction":[{"@type":"ReadAction","target":["https:\/\/www.elevamon.com\/ca\/installacio-dascensors-a-edificis-antics\/"]}]},{"@type":"BreadcrumbList","@id":"https:\/\/www.elevamon.com\/ca\/installacio-dascensors-a-edificis-antics\/#breadcrumb","itemListElement":[{"@type":"ListItem","position":1,"name":"Portada","item":"https:\/\/www.elevamon.com\/ca\/inici\/"},{"@type":"ListItem","position":2,"name":"Instal\u00b7laci\u00f3 d&#8217;ascensors a edificis antics"}]},{"@type":"WebSite","@id":"https:\/\/www.elevamon.com\/ca\/#website","url":"https:\/\/www.elevamon.com\/ca\/","name":"Elevamon Elevadores S.L.","description":"Mantenimiento de Ascensores Barcelona y Rub&iacute; | Instalaci&oacute;n, mantenimiento y reparaci&oacute;n de ascensores","publisher":{"@id":"https:\/\/www.elevamon.com\/ca\/#organization"},"potentialAction":[{"@type":"SearchAction","target":{"@type":"EntryPoint","urlTemplate":"https:\/\/www.elevamon.com\/ca\/?s={search_term_string}"},"query-input":{"@type":"PropertyValueSpecification","valueRequired":true,"valueName":"search_term_string"}}],"inLanguage":"ca"},{"@type":"Organization","@id":"https:\/\/www.elevamon.com\/ca\/#organization","name":"Elevam\u00f3n Elevadores S.L.","url":"https:\/\/www.elevamon.com\/ca\/","logo":{"@type":"ImageObject","inLanguage":"ca","@id":"https:\/\/www.elevamon.com\/ca\/#\/schema\/logo\/image\/","url":"https:\/\/www.elevamon.com\/wp-content\/uploads\/2019\/12\/logo-elevamon.png","contentUrl":"https:\/\/www.elevamon.com\/wp-content\/uploads\/2019\/12\/logo-elevamon.png","width":245,"height":205,"caption":"Elevam\u00f3n Elevadores S.L."},"image":{"@id":"https:\/\/www.elevamon.com\/ca\/#\/schema\/logo\/image\/"},"sameAs":["https:\/\/www.youtube.com\/channel\/UC6bKkiPq-5OK8IiQqcGTttg"]}]}},"_links":{"self":[{"href":"https:\/\/www.elevamon.com\/ca\/wp-json\/wp\/v2\/pages\/3046","targetHints":{"allow":["GET"]}}],"collection":[{"href":"https:\/\/www.elevamon.com\/ca\/wp-json\/wp\/v2\/pages"}],"about":[{"href":"https:\/\/www.elevamon.com\/ca\/wp-json\/wp\/v2\/types\/page"}],"author":[{"embeddable":true,"href":"https:\/\/www.elevamon.com\/ca\/wp-json\/wp\/v2\/users\/2"}],"replies":[{"embeddable":true,"href":"https:\/\/www.elevamon.com\/ca\/wp-json\/wp\/v2\/comments?post=3046"}],"version-history":[{"count":2,"href":"https:\/\/www.elevamon.com\/ca\/wp-json\/wp\/v2\/pages\/3046\/revisions"}],"predecessor-version":[{"id":3048,"href":"https:\/\/www.elevamon.com\/ca\/wp-json\/wp\/v2\/pages\/3046\/revisions\/3048"}],"wp:attachment":[{"href":"https:\/\/www.elevamon.com\/ca\/wp-json\/wp\/v2\/media?parent=3046"}],"curies":[{"name":"wp","href":"https:\/\/api.w.org\/{rel}","templated":true}]}}