{"id":2850,"date":"2025-02-10T10:32:10","date_gmt":"2025-02-10T10:32:10","guid":{"rendered":"https:\/\/www.elevamon.com\/serveis-muntacarregues\/"},"modified":"2025-02-10T10:36:00","modified_gmt":"2025-02-10T10:36:00","slug":"serveis-muntacarregues","status":"publish","type":"page","link":"https:\/\/www.elevamon.com\/ca\/serveis-muntacarregues\/","title":{"rendered":"Serveis Muntac\u00e0rregues"},"content":{"rendered":"<p>[et_pb_section fb_built=&#8221;1&#8243; custom_padding_last_edited=&#8221;on|phone&#8221; _builder_version=&#8221;4.27.4&#8243; background_enable_color=&#8221;off&#8221; background_image=&#8221;https:\/\/www.elevamon.com\/wp-content\/uploads\/2025\/02\/slider-montacargas-elevamon-elevadores-1.jpg&#8221; background_blend=&#8221;multiply&#8221; width=&#8221;100%&#8221; max_height=&#8221;750px&#8221; custom_padding=&#8221;233px||233px||true|false&#8221; custom_padding_tablet=&#8221;100px||100px||true|false&#8221; custom_padding_phone=&#8221;30px||30px||true|false&#8221; global_colors_info=&#8221;{}&#8221;][et_pb_row _builder_version=&#8221;4.16&#8243; global_colors_info=&#8221;{}&#8221;][et_pb_column type=&#8221;4_4&#8243; _builder_version=&#8221;4.16&#8243; global_colors_info=&#8221;{}&#8221;][et_pb_text _builder_version=&#8221;4.27.4&#8243; text_font=&#8221;|600|||||||&#8221; text_font_size=&#8221;20px&#8221; text_line_height=&#8221;1.1em&#8221; header_font=&#8221;|700|||||||&#8221; header_font_size=&#8221;40px&#8221; header_line_height=&#8221;1.1em&#8221; header_2_font=&#8221;|700|||||||&#8221; header_2_font_size=&#8221;42px&#8221; background_enable_image=&#8221;off&#8221; text_orientation=&#8221;center&#8221; background_layout=&#8221;dark&#8221; animation_style=&#8221;slide&#8221; animation_direction=&#8221;bottom&#8221; text_font_size_tablet=&#8221;18px&#8221; text_font_size_phone=&#8221;16px&#8221; text_font_size_last_edited=&#8221;on|phone&#8221; header_font_size_tablet=&#8221;30px&#8221; header_font_size_phone=&#8221;24px&#8221; header_font_size_last_edited=&#8221;on|tablet&#8221; header_2_font_size_tablet=&#8221;42px&#8221; header_2_font_size_phone=&#8221;35px&#8221; header_2_font_size_last_edited=&#8221;on|phone&#8221; global_colors_info=&#8221;{}&#8221;]<\/p>\n<h1 class=\"et_pb_slide_title\" style=\"text-align: center;\">INSTAL\u00b7LACI\u00d3 DE MONTAC\u00c0RREGUES A BARCELONA<\/h1>\n<p style=\"text-align: center;\">Solucions segures i eficients per al transport de mercaderies<\/p>\n<p>[\/et_pb_text][\/et_pb_column][\/et_pb_row][\/et_pb_section][et_pb_section fb_built=&#8221;1&#8243; _builder_version=&#8221;4.16&#8243; custom_padding=&#8221;51px||0px|||&#8221; collapsed=&#8221;off&#8221; global_colors_info=&#8221;{}&#8221;][et_pb_row column_structure=&#8221;3_5,2_5&#8243; use_custom_gutter=&#8221;on&#8221; gutter_width=&#8221;4&#8243; _builder_version=&#8221;4.27.4&#8243; custom_padding=&#8221;||55px|||&#8221; collapsed=&#8221;off&#8221; global_colors_info=&#8221;{}&#8221;][et_pb_column type=&#8221;3_5&#8243; module_class=&#8221;inline-buttons&#8221; _builder_version=&#8221;4.27.4&#8243; global_colors_info=&#8221;{}&#8221;][et_pb_text _builder_version=&#8221;4.27.4&#8243; header_text_align=&#8221;center&#8221; header_line_height=&#8221;1.2em&#8221; header_2_text_align=&#8221;left&#8221; header_2_font_size=&#8221;30px&#8221; header_2_line_height=&#8221;1.2em&#8221; header_3_line_height=&#8221;1.2em&#8221; custom_margin=&#8221;||0px||false|false&#8221; header_font_size_tablet=&#8221;&#8221; header_font_size_phone=&#8221;23px&#8221; header_font_size_last_edited=&#8221;on|phone&#8221; header_2_text_align_last_edited=&#8221;off|desktop&#8221; header_2_font_size_tablet=&#8221;24px&#8221; header_2_font_size_phone=&#8221;21px&#8221; header_2_font_size_last_edited=&#8221;on|phone&#8221; global_colors_info=&#8221;{}&#8221;]<\/p>\n<h2 data-pm-slice=\"1 1 []\"><strong>Muntac\u00e0rregues industrials i comercials a Barcelona<\/strong><\/h2>\n<p>[\/et_pb_text][et_pb_text _builder_version=&#8221;4.27.4&#8243; header_line_height=&#8221;1.2em&#8221; header_3_text_align=&#8221;left&#8221; header_3_text_color=&#8221;#130793&#8243; header_3_line_height=&#8221;1.2em&#8221; custom_margin=&#8221;||32px|||&#8221; header_font_size_tablet=&#8221;&#8221; header_font_size_phone=&#8221;23px&#8221; header_font_size_last_edited=&#8221;on|phone&#8221; header_3_text_align_tablet=&#8221;center&#8221; header_3_text_align_phone=&#8221;center&#8221; header_3_text_align_last_edited=&#8221;off|desktop&#8221; header_3_font_size_tablet=&#8221;19px&#8221; header_3_font_size_phone=&#8221;17px&#8221; header_3_font_size_last_edited=&#8221;on|phone&#8221; locked=&#8221;off&#8221; global_colors_info=&#8221;{}&#8221;]<\/p>\n<h3 data-pm-slice=\"1 1 []\"><strong>Solucions eficients per al transport de mercaderies a magatzems, f\u00e0briques i comer\u00e7os<\/strong><\/h3>\n<p>[\/et_pb_text][et_pb_text _builder_version=&#8221;4.27.4&#8243; text_orientation=&#8221;justified&#8221; custom_margin=&#8221;||39px|||&#8221; global_colors_info=&#8221;{}&#8221;]<\/p>\n<p>A ELEVAMON ELEVADORES realitzem la instal\u00b7laci\u00f3 de muntac\u00e0rregues a Barcelona ia tot Catalunya, oferint solucions segures i eficients per al transport vertical de mercaderies a magatzems, f\u00e0briques, comer\u00e7os i hospitals.<\/p>\n<p>Els nostres muntac\u00e0rregues hidr\u00e0ulics i el\u00e8ctrics estan dissenyats per adaptar-se a diferents capacitats de c\u00e0rrega, des de 150 kg fins a 5.000 kg, garantint seguretat, estabilitat i efici\u00e8ncia energ\u00e8tica.<\/p>\n<p>[\/et_pb_text][et_pb_text _builder_version=&#8221;4.27.4&#8243; header_4_text_color=&#8221;#4f4f4f&#8221; text_orientation=&#8221;justified&#8221; custom_margin=&#8221;||25px|||&#8221; global_colors_info=&#8221;{}&#8221;]<\/p>\n<h4><strong>Per qu\u00e8 escollir els nostres muntac\u00e0rregues?<\/strong><\/h4>\n<p>[\/et_pb_text][et_pb_text _builder_version=&#8221;4.27.4&#8243; text_orientation=&#8221;justified&#8221; custom_margin=&#8221;||39px|||&#8221; global_colors_info=&#8221;{}&#8221;]<\/p>\n<ul>\n<li><strong>Seguretat:<\/strong> Equipats amb paracaigudes hidr\u00e0ulic, control d&#8217;afluixament de cables i sistemes de bloqueig.<\/li>\n<li><strong>Versatilitat: <\/strong>Models personalitzats per a cada sector i necessitat.<\/li>\n<li><strong>Manteniment especialitzat:<\/strong> Servei de manteniment i reparaci\u00f3 a tot Catalunya.<\/li>\n<li><strong>Compliment normatiu:<\/strong> Certificaci\u00f3 sota la Directiva Europea 98\/37\/CE.<\/li>\n<\/ul>\n<p>Confia en ELEVAMON ELEVADORES per a una instal\u00b7laci\u00f3 segura i professional. Contacta&#8217;ns per a m\u00e9s informaci\u00f3 o sol\u00b7licita un pressupost sense comprom\u00eds. <\/p>\n<p>[\/et_pb_text][et_pb_button button_url=&#8221;https:\/\/www.elevamon.com\/wp-content\/uploads\/2020\/01\/montacargas-elevamon-elevadores.pdf&#8221; url_new_window=&#8221;on&#8221; button_text=&#8221;Veure caracter\u00edstiques t\u00e8cniques en pdf&#8221; button_alignment=&#8221;left&#8221; _builder_version=&#8221;4.27.4&#8243; _module_preset=&#8221;default&#8221; custom_button=&#8221;on&#8221; button_text_size=&#8221;18px&#8221; button_bg_color=&#8221;#c60000&#8243; button_border_width=&#8221;0px&#8221; button_font=&#8221;|600|||||||&#8221; button_icon=&#8221;&#xf1c1;||fa||900&#8243; button_icon_placement=&#8221;left&#8221; button_on_hover=&#8221;off&#8221; background_layout=&#8221;dark&#8221; global_colors_info=&#8221;{}&#8221;][\/et_pb_button][\/et_pb_column][et_pb_column type=&#8221;2_5&#8243; _builder_version=&#8221;4.16&#8243; global_colors_info=&#8221;{}&#8221;][et_pb_image src=&#8221;https:\/\/www.elevamon.com\/wp-content\/uploads\/2025\/02\/instalacion-montacargas-elevamon-elevadores.jpg&#8221; alt=&#8221;Instal\u00b7laci\u00f3 muntac\u00e0rregues Barcelona | Elevamon Elevadors&#8221; title_text=&#8221;Instal\u00b7laci\u00f3 muntac\u00e0rregues Barcelona | Elevamon Elevadors&#8221; _builder_version=&#8221;4.27.4&#8243; _module_preset=&#8221;default&#8221; global_colors_info=&#8221;{}&#8221;][\/et_pb_image][\/et_pb_column][\/et_pb_row][\/et_pb_section][et_pb_section fb_built=&#8221;1&#8243; _builder_version=&#8221;4.23.1&#8243; custom_margin=&#8221;61px|||||&#8221; custom_padding=&#8221;0px||0px||true|false&#8221; locked=&#8221;off&#8221; collapsed=&#8221;off&#8221; global_colors_info=&#8221;{}&#8221;][et_pb_row column_structure=&#8221;3_5,1_5,1_5&#8243; use_custom_gutter=&#8221;on&#8221; gutter_width=&#8221;2&#8243; make_equal=&#8221;on&#8221; _builder_version=&#8221;4.23.1&#8243; custom_css_main_element=&#8221;align-items: center;&#8221; collapsed=&#8221;off&#8221; global_colors_info=&#8221;{}&#8221;][et_pb_column type=&#8221;3_5&#8243; _builder_version=&#8221;4.16&#8243; global_colors_info=&#8221;{}&#8221;][et_pb_text admin_label=&#8221;Texto&#8221; _builder_version=&#8221;4.23.1&#8243; header_4_text_align=&#8221;left&#8221; header_4_font_size=&#8221;20px&#8221; header_4_line_height=&#8221;1.2em&#8221; header_4_text_align_tablet=&#8221;center&#8221; header_4_text_align_phone=&#8221;center&#8221; header_4_text_align_last_edited=&#8221;on|tablet&#8221; global_colors_info=&#8221;{}&#8221;]<\/p>\n<h4><strong>Elevamon Elevadores forma part de FEPYMA (Federaci\u00f3 Espanyola de Pimes d&#8217;Ascensors) i agremiada al Grem\u00ed Empresarial d&#8217;Ascensor de Catalunya (GEDAC)<\/strong><\/h4>\n<p>[\/et_pb_text][\/et_pb_column][et_pb_column type=&#8221;1_5&#8243; _builder_version=&#8221;4.16&#8243; global_colors_info=&#8221;{}&#8221;][et_pb_image src=&#8221;https:\/\/www.elevamon.com\/wp-content\/uploads\/2023\/12\/logo-feyma.jpg&#8221; align=&#8221;center&#8221; disabled_on=&#8221;off|off|off&#8221; _builder_version=&#8221;4.23.1&#8243; width=&#8221;60%&#8221; width_tablet=&#8221;65%&#8221; width_phone=&#8221;50%&#8221; width_last_edited=&#8221;on|phone&#8221; global_colors_info=&#8221;{}&#8221;][\/et_pb_image][\/et_pb_column][et_pb_column type=&#8221;1_5&#8243; _builder_version=&#8221;4.16&#8243; global_colors_info=&#8221;{}&#8221;][et_pb_image src=&#8221;https:\/\/www.elevamon.com\/wp-content\/uploads\/2023\/12\/logo-gremi.jpg&#8221; align=&#8221;center&#8221; disabled_on=&#8221;off|off|off&#8221; _builder_version=&#8221;4.23.1&#8243; width=&#8221;100%&#8221; width_tablet=&#8221;90%&#8221; width_phone=&#8221;75%&#8221; width_last_edited=&#8221;on|phone&#8221; global_colors_info=&#8221;{}&#8221;][\/et_pb_image][\/et_pb_column][\/et_pb_row][\/et_pb_section][et_pb_section fb_built=&#8221;1&#8243; _builder_version=&#8221;4.23.1&#8243; background_color=&#8221;#c61b1b&#8221; custom_padding=&#8221;35px||35px||true|false&#8221; border_color_top=&#8221;#c61b1b&#8221; border_color_bottom=&#8221;#c61b1b&#8221; locked=&#8221;off&#8221; collapsed=&#8221;off&#8221; global_colors_info=&#8221;{}&#8221;][et_pb_row column_structure=&#8221;3_4,1_4&#8243; make_equal=&#8221;on&#8221; _builder_version=&#8221;4.27.4&#8243; custom_css_main_element=&#8221;align-items:center;&#8221; collapsed=&#8221;off&#8221; global_colors_info=&#8221;{}&#8221;][et_pb_column type=&#8221;3_4&#8243; _builder_version=&#8221;4.16&#8243; global_colors_info=&#8221;{}&#8221;][et_pb_text admin_label=&#8221;Texto&#8221; _builder_version=&#8221;4.27.4&#8243; text_font=&#8221;|600|||||||&#8221; text_font_size=&#8221;17px&#8221; text_line_height=&#8221;1.4em&#8221; header_2_text_align=&#8221;left&#8221; header_2_line_height=&#8221;1.4em&#8221; background_layout=&#8221;dark&#8221; hover_enabled=&#8221;0&#8243; text_font_size_last_edited=&#8221;off|phone&#8221; header_2_text_align_tablet=&#8221;center&#8221; header_2_text_align_phone=&#8221;center&#8221; header_2_text_align_last_edited=&#8221;on|desktop&#8221; text_orientation_tablet=&#8221;center&#8221; text_orientation_phone=&#8221;center&#8221; text_orientation_last_edited=&#8221;on|phone&#8221; global_colors_info=&#8221;{}&#8221; sticky_enabled=&#8221;0&#8243;]<\/p>\n<h2><strong>Elevaci\u00f3 segura i eficient a Barcelona i Catalunya<\/strong><\/h2>\n<p>A Elevamon Elevadores oferim solucions d&#8217;elevaci\u00f3 d&#8217;alta qualitat per millorar l&#8217;accessibilitat a edificis, empreses i llars de tot Catalunya. Confieu en la nostra experi\u00e8ncia i comprom\u00eds. Contacteu-nos i descobriu la millor opci\u00f3 per al vostre espai.  <\/p>\n<p>[\/et_pb_text][\/et_pb_column][et_pb_column type=&#8221;1_4&#8243; _builder_version=&#8221;4.16&#8243; global_colors_info=&#8221;{}&#8221;][et_pb_button button_url=&#8221;https:\/\/www.elevamon.com\/ca\/contacti-amb-elevamon-manteniment-elevadors-ascensors\/&#8221; button_text=&#8221;CONTACTAR&#8221; button_alignment=&#8221;center&#8221; _builder_version=&#8221;4.23.1&#8243; custom_button=&#8221;on&#8221; button_text_size=&#8221;18px&#8221; button_text_color=&#8221;#ffffff&#8221; button_bg_color=&#8221;#c61b1b&#8221; button_border_width=&#8221;2px&#8221; button_border_color=&#8221;#FFFFFF&#8221; button_font=&#8221;|600|||||||&#8221; button_icon=&#8221;&#x39;||divi||400&#8243; background_layout=&#8221;dark&#8221; global_colors_info=&#8221;{}&#8221;][\/et_pb_button][\/et_pb_column][\/et_pb_row][\/et_pb_section]<\/p>\n","protected":false},"excerpt":{"rendered":"<p>INSTAL\u00b7LACI\u00d3 DE MONTAC\u00c0RREGUES A BARCELONA Solucions segures i eficients per al transport de mercaderiesMuntac\u00e0rregues industrials i comercials a BarcelonaSolucions eficients per al transport de mercaderies a magatzems, f\u00e0briques i comer\u00e7osA ELEVAMON ELEVADORES realitzem la instal\u00b7laci\u00f3 de muntac\u00e0rregues a Barcelona ia tot Catalunya, oferint solucions segures i eficients per al transport vertical de mercaderies a magatzems, [&hellip;]<\/p>\n","protected":false},"author":2,"featured_media":0,"parent":0,"menu_order":0,"comment_status":"closed","ping_status":"closed","template":"","meta":{"_et_pb_use_builder":"on","_et_pb_old_content":"","_et_gb_content_width":"","footnotes":""},"class_list":["post-2850","page","type-page","status-publish","hentry"],"yoast_head":"<!-- This site is optimized with the Yoast SEO plugin v26.8 - https:\/\/yoast.com\/product\/yoast-seo-wordpress\/ -->\n<title>Serveis Muntac\u00e0rregues - Elevamon Elevadores S.L.<\/title>\n<meta name=\"robots\" content=\"index, follow, max-snippet:-1, max-image-preview:large, max-video-preview:-1\" \/>\n<link rel=\"canonical\" href=\"https:\/\/www.elevamon.com\/ca\/serveis-muntacarregues\/\" \/>\n<meta property=\"og:locale\" content=\"ca_ES\" \/>\n<meta property=\"og:type\" content=\"article\" \/>\n<meta property=\"og:title\" content=\"Serveis Muntac\u00e0rregues - Elevamon Elevadores S.L.\" \/>\n<meta property=\"og:description\" content=\"INSTAL\u00b7LACI\u00d3 DE MONTAC\u00c0RREGUES A BARCELONA Solucions segures i eficients per al transport de mercaderiesMuntac\u00e0rregues industrials i comercials a BarcelonaSolucions eficients per al transport de mercaderies a magatzems, f\u00e0briques i comer\u00e7osA ELEVAMON ELEVADORES realitzem la instal\u00b7laci\u00f3 de muntac\u00e0rregues a Barcelona ia tot Catalunya, oferint solucions segures i eficients per al transport vertical de mercaderies a magatzems, [&hellip;]\" \/>\n<meta property=\"og:url\" content=\"https:\/\/www.elevamon.com\/ca\/serveis-muntacarregues\/\" \/>\n<meta property=\"og:site_name\" content=\"Elevamon Elevadores S.L.\" \/>\n<meta property=\"article:modified_time\" content=\"2025-02-10T10:36:00+00:00\" \/>\n<meta name=\"twitter:card\" content=\"summary_large_image\" \/>\n<meta name=\"twitter:label1\" content=\"Temps estimat de lectura\" \/>\n\t<meta name=\"twitter:data1\" content=\"6 minuts\" \/>\n<script type=\"application\/ld+json\" class=\"yoast-schema-graph\">{\"@context\":\"https:\/\/schema.org\",\"@graph\":[{\"@type\":\"WebPage\",\"@id\":\"https:\/\/www.elevamon.com\/ca\/serveis-muntacarregues\/\",\"url\":\"https:\/\/www.elevamon.com\/ca\/serveis-muntacarregues\/\",\"name\":\"Serveis Muntac\u00e0rregues - Elevamon Elevadores S.L.\",\"isPartOf\":{\"@id\":\"https:\/\/www.elevamon.com\/ca\/#website\"},\"datePublished\":\"2025-02-10T10:32:10+00:00\",\"dateModified\":\"2025-02-10T10:36:00+00:00\",\"breadcrumb\":{\"@id\":\"https:\/\/www.elevamon.com\/ca\/serveis-muntacarregues\/#breadcrumb\"},\"inLanguage\":\"ca\",\"potentialAction\":[{\"@type\":\"ReadAction\",\"target\":[\"https:\/\/www.elevamon.com\/ca\/serveis-muntacarregues\/\"]}]},{\"@type\":\"BreadcrumbList\",\"@id\":\"https:\/\/www.elevamon.com\/ca\/serveis-muntacarregues\/#breadcrumb\",\"itemListElement\":[{\"@type\":\"ListItem\",\"position\":1,\"name\":\"Portada\",\"item\":\"https:\/\/www.elevamon.com\/ca\/inici\/\"},{\"@type\":\"ListItem\",\"position\":2,\"name\":\"Serveis Muntac\u00e0rregues\"}]},{\"@type\":\"WebSite\",\"@id\":\"https:\/\/www.elevamon.com\/ca\/#website\",\"url\":\"https:\/\/www.elevamon.com\/ca\/\",\"name\":\"Elevamon Elevadores S.L.\",\"description\":\"Mantenimiento de Ascensores Barcelona y Rub&iacute; | Instalaci&oacute;n, mantenimiento y reparaci&oacute;n de ascensores\",\"publisher\":{\"@id\":\"https:\/\/www.elevamon.com\/ca\/#organization\"},\"potentialAction\":[{\"@type\":\"SearchAction\",\"target\":{\"@type\":\"EntryPoint\",\"urlTemplate\":\"https:\/\/www.elevamon.com\/ca\/?s={search_term_string}\"},\"query-input\":{\"@type\":\"PropertyValueSpecification\",\"valueRequired\":true,\"valueName\":\"search_term_string\"}}],\"inLanguage\":\"ca\"},{\"@type\":\"Organization\",\"@id\":\"https:\/\/www.elevamon.com\/ca\/#organization\",\"name\":\"Elevam\u00f3n Elevadores S.L.\",\"url\":\"https:\/\/www.elevamon.com\/ca\/\",\"logo\":{\"@type\":\"ImageObject\",\"inLanguage\":\"ca\",\"@id\":\"https:\/\/www.elevamon.com\/ca\/#\/schema\/logo\/image\/\",\"url\":\"https:\/\/www.elevamon.com\/wp-content\/uploads\/2019\/12\/logo-elevamon.png\",\"contentUrl\":\"https:\/\/www.elevamon.com\/wp-content\/uploads\/2019\/12\/logo-elevamon.png\",\"width\":245,\"height\":205,\"caption\":\"Elevam\u00f3n Elevadores S.L.\"},\"image\":{\"@id\":\"https:\/\/www.elevamon.com\/ca\/#\/schema\/logo\/image\/\"},\"sameAs\":[\"https:\/\/www.youtube.com\/channel\/UC6bKkiPq-5OK8IiQqcGTttg\"]}]}<\/script>\n<!-- \/ Yoast SEO plugin. -->","yoast_head_json":{"title":"Serveis Muntac\u00e0rregues - Elevamon Elevadores S.L.","robots":{"index":"index","follow":"follow","max-snippet":"max-snippet:-1","max-image-preview":"max-image-preview:large","max-video-preview":"max-video-preview:-1"},"canonical":"https:\/\/www.elevamon.com\/ca\/serveis-muntacarregues\/","og_locale":"ca_ES","og_type":"article","og_title":"Serveis Muntac\u00e0rregues - Elevamon Elevadores S.L.","og_description":"INSTAL\u00b7LACI\u00d3 DE MONTAC\u00c0RREGUES A BARCELONA Solucions segures i eficients per al transport de mercaderiesMuntac\u00e0rregues industrials i comercials a BarcelonaSolucions eficients per al transport de mercaderies a magatzems, f\u00e0briques i comer\u00e7osA ELEVAMON ELEVADORES realitzem la instal\u00b7laci\u00f3 de muntac\u00e0rregues a Barcelona ia tot Catalunya, oferint solucions segures i eficients per al transport vertical de mercaderies a magatzems, [&hellip;]","og_url":"https:\/\/www.elevamon.com\/ca\/serveis-muntacarregues\/","og_site_name":"Elevamon Elevadores S.L.","article_modified_time":"2025-02-10T10:36:00+00:00","twitter_card":"summary_large_image","twitter_misc":{"Temps estimat de lectura":"6 minuts"},"schema":{"@context":"https:\/\/schema.org","@graph":[{"@type":"WebPage","@id":"https:\/\/www.elevamon.com\/ca\/serveis-muntacarregues\/","url":"https:\/\/www.elevamon.com\/ca\/serveis-muntacarregues\/","name":"Serveis Muntac\u00e0rregues - Elevamon Elevadores S.L.","isPartOf":{"@id":"https:\/\/www.elevamon.com\/ca\/#website"},"datePublished":"2025-02-10T10:32:10+00:00","dateModified":"2025-02-10T10:36:00+00:00","breadcrumb":{"@id":"https:\/\/www.elevamon.com\/ca\/serveis-muntacarregues\/#breadcrumb"},"inLanguage":"ca","potentialAction":[{"@type":"ReadAction","target":["https:\/\/www.elevamon.com\/ca\/serveis-muntacarregues\/"]}]},{"@type":"BreadcrumbList","@id":"https:\/\/www.elevamon.com\/ca\/serveis-muntacarregues\/#breadcrumb","itemListElement":[{"@type":"ListItem","position":1,"name":"Portada","item":"https:\/\/www.elevamon.com\/ca\/inici\/"},{"@type":"ListItem","position":2,"name":"Serveis Muntac\u00e0rregues"}]},{"@type":"WebSite","@id":"https:\/\/www.elevamon.com\/ca\/#website","url":"https:\/\/www.elevamon.com\/ca\/","name":"Elevamon Elevadores S.L.","description":"Mantenimiento de Ascensores Barcelona y Rub&iacute; | Instalaci&oacute;n, mantenimiento y reparaci&oacute;n de ascensores","publisher":{"@id":"https:\/\/www.elevamon.com\/ca\/#organization"},"potentialAction":[{"@type":"SearchAction","target":{"@type":"EntryPoint","urlTemplate":"https:\/\/www.elevamon.com\/ca\/?s={search_term_string}"},"query-input":{"@type":"PropertyValueSpecification","valueRequired":true,"valueName":"search_term_string"}}],"inLanguage":"ca"},{"@type":"Organization","@id":"https:\/\/www.elevamon.com\/ca\/#organization","name":"Elevam\u00f3n Elevadores S.L.","url":"https:\/\/www.elevamon.com\/ca\/","logo":{"@type":"ImageObject","inLanguage":"ca","@id":"https:\/\/www.elevamon.com\/ca\/#\/schema\/logo\/image\/","url":"https:\/\/www.elevamon.com\/wp-content\/uploads\/2019\/12\/logo-elevamon.png","contentUrl":"https:\/\/www.elevamon.com\/wp-content\/uploads\/2019\/12\/logo-elevamon.png","width":245,"height":205,"caption":"Elevam\u00f3n Elevadores S.L."},"image":{"@id":"https:\/\/www.elevamon.com\/ca\/#\/schema\/logo\/image\/"},"sameAs":["https:\/\/www.youtube.com\/channel\/UC6bKkiPq-5OK8IiQqcGTttg"]}]}},"_links":{"self":[{"href":"https:\/\/www.elevamon.com\/ca\/wp-json\/wp\/v2\/pages\/2850","targetHints":{"allow":["GET"]}}],"collection":[{"href":"https:\/\/www.elevamon.com\/ca\/wp-json\/wp\/v2\/pages"}],"about":[{"href":"https:\/\/www.elevamon.com\/ca\/wp-json\/wp\/v2\/types\/page"}],"author":[{"embeddable":true,"href":"https:\/\/www.elevamon.com\/ca\/wp-json\/wp\/v2\/users\/2"}],"replies":[{"embeddable":true,"href":"https:\/\/www.elevamon.com\/ca\/wp-json\/wp\/v2\/comments?post=2850"}],"version-history":[{"count":4,"href":"https:\/\/www.elevamon.com\/ca\/wp-json\/wp\/v2\/pages\/2850\/revisions"}],"predecessor-version":[{"id":2856,"href":"https:\/\/www.elevamon.com\/ca\/wp-json\/wp\/v2\/pages\/2850\/revisions\/2856"}],"wp:attachment":[{"href":"https:\/\/www.elevamon.com\/ca\/wp-json\/wp\/v2\/media?parent=2850"}],"curies":[{"name":"wp","href":"https:\/\/api.w.org\/{rel}","templated":true}]}}