{"id":2785,"date":"2025-02-05T18:19:27","date_gmt":"2025-02-05T18:19:27","guid":{"rendered":"https:\/\/www.elevamon.com\/serveis-salvaescales\/"},"modified":"2025-02-10T11:13:32","modified_gmt":"2025-02-10T11:13:32","slug":"serveis-salvaescales","status":"publish","type":"page","link":"https:\/\/www.elevamon.com\/ca\/serveis-salvaescales\/","title":{"rendered":"Serveis Pujaescales"},"content":{"rendered":"<p>[et_pb_section fb_built=&#8221;1&#8243; custom_padding_last_edited=&#8221;on|phone&#8221; _builder_version=&#8221;4.27.4&#8243; background_color=&#8221;rgba(0,0,0,0.37)&#8221; background_image=&#8221;https:\/\/www.elevamon.com\/wp-content\/uploads\/2025\/02\/salvaescaleras-elevamon-elevadores-1.jpg&#8221; background_blend=&#8221;multiply&#8221; width=&#8221;100%&#8221; max_height=&#8221;750px&#8221; custom_padding=&#8221;212px||212px||true|false&#8221; custom_padding_tablet=&#8221;100px||100px||true|false&#8221; custom_padding_phone=&#8221;30px||30px||true|false&#8221; hover_enabled=&#8221;0&#8243; global_colors_info=&#8221;{}&#8221; sticky_enabled=&#8221;0&#8243;][et_pb_row _builder_version=&#8221;4.16&#8243; global_colors_info=&#8221;{}&#8221;][et_pb_column type=&#8221;4_4&#8243; _builder_version=&#8221;4.16&#8243; global_colors_info=&#8221;{}&#8221;][et_pb_text _builder_version=&#8221;4.27.4&#8243; text_font=&#8221;|600|||||||&#8221; text_font_size=&#8221;20px&#8221; text_line_height=&#8221;1.1em&#8221; header_font=&#8221;|700|||||||&#8221; header_font_size=&#8221;40px&#8221; header_line_height=&#8221;1.1em&#8221; header_2_font=&#8221;|700|||||||&#8221; header_2_font_size=&#8221;42px&#8221; background_enable_image=&#8221;off&#8221; text_orientation=&#8221;center&#8221; background_layout=&#8221;dark&#8221; animation_style=&#8221;slide&#8221; animation_direction=&#8221;bottom&#8221; text_font_size_tablet=&#8221;18px&#8221; text_font_size_phone=&#8221;16px&#8221; text_font_size_last_edited=&#8221;on|phone&#8221; header_font_size_tablet=&#8221;30px&#8221; header_font_size_phone=&#8221;24px&#8221; header_font_size_last_edited=&#8221;on|tablet&#8221; header_2_font_size_tablet=&#8221;42px&#8221; header_2_font_size_phone=&#8221;35px&#8221; header_2_font_size_last_edited=&#8221;on|phone&#8221; global_colors_info=&#8221;{}&#8221;]<\/p>\n<h1 class=\"et_pb_slide_title\" style=\"text-align: center;\">INSTAL\u00b7LACI\u00d3 DE PUJAESCALES A BARCELONA<\/h1>\n<p style=\"text-align: center;\">Seguretat, comoditat i efici\u00e8ncia<\/p>\n<p>[\/et_pb_text][\/et_pb_column][\/et_pb_row][\/et_pb_section][et_pb_section fb_built=&#8221;1&#8243; _builder_version=&#8221;4.16&#8243; custom_padding=&#8221;51px||0px|||&#8221; collapsed=&#8221;off&#8221; global_colors_info=&#8221;{}&#8221;][et_pb_row column_structure=&#8221;3_5,2_5&#8243; use_custom_gutter=&#8221;on&#8221; gutter_width=&#8221;4&#8243; _builder_version=&#8221;4.27.4&#8243; custom_padding=&#8221;||55px|||&#8221; collapsed=&#8221;off&#8221; global_colors_info=&#8221;{}&#8221;][et_pb_column type=&#8221;3_5&#8243; module_class=&#8221;inline-buttons&#8221; _builder_version=&#8221;4.27.4&#8243; global_colors_info=&#8221;{}&#8221;][et_pb_text _builder_version=&#8221;4.27.4&#8243; header_text_align=&#8221;center&#8221; header_line_height=&#8221;1.2em&#8221; header_2_text_align=&#8221;left&#8221; header_2_font_size=&#8221;30px&#8221; header_2_line_height=&#8221;1.2em&#8221; header_3_line_height=&#8221;1.2em&#8221; custom_margin=&#8221;||0px||false|false&#8221; header_font_size_tablet=&#8221;&#8221; header_font_size_phone=&#8221;23px&#8221; header_font_size_last_edited=&#8221;on|phone&#8221; header_2_text_align_last_edited=&#8221;off|desktop&#8221; header_2_font_size_tablet=&#8221;24px&#8221; header_2_font_size_phone=&#8221;21px&#8221; header_2_font_size_last_edited=&#8221;on|phone&#8221; global_colors_info=&#8221;{}&#8221;]<\/p>\n<h2 data-pm-slice=\"1 1 []\"><strong>Pujaescales per a persones de mobilitat redu\u00efda<\/strong><\/h2>\n<p>[\/et_pb_text][et_pb_text _builder_version=&#8221;4.27.4&#8243; header_line_height=&#8221;1.2em&#8221; header_3_text_align=&#8221;left&#8221; header_3_text_color=&#8221;#130793&#8243; header_3_line_height=&#8221;1.2em&#8221; custom_margin=&#8221;||32px|||&#8221; header_font_size_tablet=&#8221;&#8221; header_font_size_phone=&#8221;23px&#8221; header_font_size_last_edited=&#8221;on|phone&#8221; header_3_text_align_tablet=&#8221;center&#8221; header_3_text_align_phone=&#8221;center&#8221; header_3_text_align_last_edited=&#8221;off|desktop&#8221; header_3_font_size_tablet=&#8221;19px&#8221; header_3_font_size_phone=&#8221;17px&#8221; header_3_font_size_last_edited=&#8221;on|phone&#8221; locked=&#8221;off&#8221; global_colors_info=&#8221;{}&#8221;]<\/p>\n<h3 data-pm-slice=\"1 1 []\"><strong>Millora l&#8217;accessibilitat de casa teva, edifici o negoci a Barcelona ia tot Catalunya amb pujaescales d&#8217;\u00faltima generaci\u00f3<\/strong><\/h3>\n<p>[\/et_pb_text][et_pb_text _builder_version=&#8221;4.27.4&#8243; text_orientation=&#8221;justified&#8221; custom_margin=&#8221;||39px|||&#8221; global_colors_info=&#8221;{}&#8221;]<\/p>\n<p data-pm-slice=\"1 1 []\">A ELEVAMON ELEVADORS realitzem la <strong>instal\u00b7laci\u00f3 de<\/strong> <strong>pujaescales a Barcelona ia tot Catalunya<\/strong>, ideals per millorar l&#8217;<strong>accessibilitat<\/strong> a habitatges, oficines, edificis i espais p\u00fablics. Els nostres pujaescales estan dissenyats per adaptar-se a qualsevol tipus d&#8217;escala, ja sigui recta o corba, garantint un funcionament suau, segur i silenci\u00f3s. <\/p>\n<p data-pm-slice=\"1 1 []\"><span>Aquestes plataformes estan destinades a eliminar barreres arquitect\u00f2niques mitjan\u00e7ant el despla\u00e7ament vertical a edificis existents, permetent el tr\u00e0nsit a totes les persones amb mobilitat redu\u00efda, vagin o no en cadira de rodes.<\/span><\/p>\n<p>[\/et_pb_text][et_pb_text _builder_version=&#8221;4.27.4&#8243; header_4_text_color=&#8221;#4f4f4f&#8221; text_orientation=&#8221;justified&#8221; custom_margin=&#8221;||9px|||&#8221; global_colors_info=&#8221;{}&#8221;]<\/p>\n<h4><strong>Per qu\u00e8 escollir les nostres pujaescales?<\/strong><\/h4>\n<ul data-spread=\"false\"><\/ul>\n<p>[\/et_pb_text][et_pb_text _builder_version=&#8221;4.27.4&#8243; text_orientation=&#8221;justified&#8221; custom_margin=&#8221;||39px|||&#8221; global_colors_info=&#8221;{}&#8221;]<\/p>\n<ul data-spread=\"false\">\n<li><strong>Versatilitat: <\/strong>Solucions personalitzades per a escales interiors i exteriors.<\/li>\n<li><strong>Seguretat: <\/strong>Equipats amb sistemes de seguretat avan\u00e7ats que garanteixen un \u00fas sense riscos.<\/li>\n<li><strong>Comoditat:<\/strong> Dissenys ergon\u00f2mics que prioritzen la facilitat d\u00fas.<\/li>\n<li><strong>Efici\u00e8ncia energ\u00e8tica:<\/strong> Consum redu\u00eft sense comprometre&#8217;n el rendiment.<\/li>\n<\/ul>\n<p>Som especialistes en la <strong>instal\u00b7laci\u00f3, manteniment i reparaci\u00f3 de pujaescales<\/strong>, assegurant un servei integral des del primer contacte. A m\u00e9s, oferim assessorament personalitzat per ajudar-vos a triar l\u2019opci\u00f3 que millor s\u2019adapti a les vostres necessitats. <\/p>\n<p><strong>Millora la teva qualitat de vida amb ELEVAMON ELEVADORS.<\/strong> Contacta amb nosaltres avui mateix per obtenir m\u00e9s informaci\u00f3 o sol\u00b7licitar un pressupost sense comprom\u00eds.<\/p>\n<p>[\/et_pb_text][et_pb_button button_url=&#8221;https:\/\/www.elevamon.com\/wp-content\/uploads\/2020\/01\/salvaescaleras-elevamon-elevadores.pdf&#8221; url_new_window=&#8221;on&#8221; button_text=&#8221;Veure caracter\u00edstiques t\u00e8cniques en pdf&#8221; button_alignment=&#8221;left&#8221; _builder_version=&#8221;4.27.4&#8243; _module_preset=&#8221;default&#8221; custom_button=&#8221;on&#8221; button_text_size=&#8221;18px&#8221; button_bg_color=&#8221;#c60000&#8243; button_border_width=&#8221;0px&#8221; button_font=&#8221;|600|||||||&#8221; button_icon=&#8221;&#xf1c1;||fa||900&#8243; button_icon_placement=&#8221;left&#8221; button_on_hover=&#8221;off&#8221; background_layout=&#8221;dark&#8221; global_colors_info=&#8221;{}&#8221;][\/et_pb_button][et_pb_button button_url=&#8221;https:\/\/www.elevamon.com\/ca\/pujaescales\/&#8221; button_text=&#8221;Veure cat\u00e0leg&#8221; button_alignment=&#8221;left&#8221; _builder_version=&#8221;4.27.4&#8243; _module_preset=&#8221;default&#8221; custom_button=&#8221;on&#8221; button_text_size=&#8221;18px&#8221; button_bg_color=&#8221;gcid-primary-color&#8221; button_border_width=&#8221;0px&#8221; button_font=&#8221;|600|||||||&#8221; button_icon=&#8221;&#x39;||divi||400&#8243; button_on_hover=&#8221;off&#8221; background_layout=&#8221;dark&#8221; global_colors_info=&#8221;{%22gcid-primary-color%22:%91%22button_bg_color%22%93}&#8221;][\/et_pb_button][\/et_pb_column][et_pb_column type=&#8221;2_5&#8243; _builder_version=&#8221;4.16&#8243; global_colors_info=&#8221;{}&#8221;][et_pb_image src=&#8221;https:\/\/www.elevamon.com\/wp-content\/uploads\/2020\/01\/plataforma-salvaescaleras-decor-tramo-curvo.jpg&#8221; alt=&#8221;Plataforma pujaescales d\u00e9cor&#8221; title_text=&#8221;Plataforma pujaescales d\u00e9cor&#8221; _builder_version=&#8221;4.27.4&#8243; _module_preset=&#8221;default&#8221; global_colors_info=&#8221;{}&#8221;][\/et_pb_image][\/et_pb_column][\/et_pb_row][\/et_pb_section][et_pb_section fb_built=&#8221;1&#8243; _builder_version=&#8221;4.23.1&#8243; custom_margin=&#8221;61px|||||&#8221; custom_padding=&#8221;0px||0px||true|false&#8221; locked=&#8221;off&#8221; collapsed=&#8221;off&#8221; global_colors_info=&#8221;{}&#8221;][et_pb_row column_structure=&#8221;3_5,1_5,1_5&#8243; use_custom_gutter=&#8221;on&#8221; gutter_width=&#8221;2&#8243; make_equal=&#8221;on&#8221; _builder_version=&#8221;4.23.1&#8243; custom_css_main_element=&#8221;align-items: center;&#8221; collapsed=&#8221;off&#8221; global_colors_info=&#8221;{}&#8221;][et_pb_column type=&#8221;3_5&#8243; _builder_version=&#8221;4.16&#8243; global_colors_info=&#8221;{}&#8221;][et_pb_text admin_label=&#8221;Texto&#8221; _builder_version=&#8221;4.23.1&#8243; header_4_text_align=&#8221;left&#8221; header_4_font_size=&#8221;20px&#8221; header_4_line_height=&#8221;1.2em&#8221; header_4_text_align_tablet=&#8221;center&#8221; header_4_text_align_phone=&#8221;center&#8221; header_4_text_align_last_edited=&#8221;on|tablet&#8221; global_colors_info=&#8221;{}&#8221;]<\/p>\n<h4><strong>Elevamon Elevadores forma part de FEPYMA (Federaci\u00f3 Espanyola de Pimes d&#8217;Ascensors) i agremiada al Grem\u00ed Empresarial d&#8217;Ascensor de Catalunya (GEDAC)<\/strong><\/h4>\n<p>[\/et_pb_text][\/et_pb_column][et_pb_column type=&#8221;1_5&#8243; _builder_version=&#8221;4.16&#8243; global_colors_info=&#8221;{}&#8221;][et_pb_image src=&#8221;https:\/\/www.elevamon.com\/wp-content\/uploads\/2023\/12\/logo-feyma.jpg&#8221; align=&#8221;center&#8221; disabled_on=&#8221;off|off|off&#8221; _builder_version=&#8221;4.23.1&#8243; width=&#8221;60%&#8221; width_tablet=&#8221;65%&#8221; width_phone=&#8221;50%&#8221; width_last_edited=&#8221;on|phone&#8221; global_colors_info=&#8221;{}&#8221;][\/et_pb_image][\/et_pb_column][et_pb_column type=&#8221;1_5&#8243; _builder_version=&#8221;4.16&#8243; global_colors_info=&#8221;{}&#8221;][et_pb_image src=&#8221;https:\/\/www.elevamon.com\/wp-content\/uploads\/2023\/12\/logo-gremi.jpg&#8221; align=&#8221;center&#8221; disabled_on=&#8221;off|off|off&#8221; _builder_version=&#8221;4.23.1&#8243; width=&#8221;100%&#8221; width_tablet=&#8221;90%&#8221; width_phone=&#8221;75%&#8221; width_last_edited=&#8221;on|phone&#8221; global_colors_info=&#8221;{}&#8221;][\/et_pb_image][\/et_pb_column][\/et_pb_row][\/et_pb_section][et_pb_section fb_built=&#8221;1&#8243; _builder_version=&#8221;4.23.1&#8243; background_color=&#8221;#c61b1b&#8221; custom_padding=&#8221;35px||35px||true|false&#8221; border_color_top=&#8221;#c61b1b&#8221; border_color_bottom=&#8221;#c61b1b&#8221; locked=&#8221;off&#8221; collapsed=&#8221;off&#8221; global_colors_info=&#8221;{}&#8221;][et_pb_row column_structure=&#8221;3_4,1_4&#8243; make_equal=&#8221;on&#8221; _builder_version=&#8221;4.27.4&#8243; custom_css_main_element=&#8221;align-items:center;&#8221; collapsed=&#8221;off&#8221; global_colors_info=&#8221;{}&#8221;][et_pb_column type=&#8221;3_4&#8243; _builder_version=&#8221;4.16&#8243; global_colors_info=&#8221;{}&#8221;][et_pb_text admin_label=&#8221;Texto&#8221; _builder_version=&#8221;4.27.4&#8243; text_font=&#8221;|600|||||||&#8221; text_font_size=&#8221;17px&#8221; text_line_height=&#8221;1.4em&#8221; header_2_text_align=&#8221;left&#8221; header_2_line_height=&#8221;1.4em&#8221; background_layout=&#8221;dark&#8221; text_font_size_last_edited=&#8221;off|phone&#8221; header_2_text_align_tablet=&#8221;center&#8221; header_2_text_align_phone=&#8221;center&#8221; header_2_text_align_last_edited=&#8221;on|desktop&#8221; text_orientation_tablet=&#8221;center&#8221; text_orientation_phone=&#8221;center&#8221; text_orientation_last_edited=&#8221;on|phone&#8221; global_colors_info=&#8221;{}&#8221;]<\/p>\n<h2><strong>Solucions d\u00b4elevaci\u00f3 d\u00b4excel\u00b7l\u00e8ncia a Barcelona i Catalunya<\/strong><\/h2>\n<p>Elevamon Elevadors \u00e9s l&#8217;elecci\u00f3 de confian\u00e7a per a aquells que busquen solucions d&#8217;elevaci\u00f3 de primera classe a Barcelona ia tot Catalunya. Contacti&#8217;ns per descobrir com podem millorar la mobilitat al seu edifici, empresa o llar i brindar-li una experi\u00e8ncia d&#8217;elevaci\u00f3 sense igual.<\/p>\n<p>[\/et_pb_text][\/et_pb_column][et_pb_column type=&#8221;1_4&#8243; _builder_version=&#8221;4.16&#8243; global_colors_info=&#8221;{}&#8221;][et_pb_button button_url=&#8221;https:\/\/www.elevamon.com\/ca\/contacti-amb-elevamon-manteniment-elevadors-ascensors\/&#8221; button_text=&#8221;CONTACTAR&#8221; button_alignment=&#8221;center&#8221; _builder_version=&#8221;4.23.1&#8243; custom_button=&#8221;on&#8221; button_text_size=&#8221;18px&#8221; button_text_color=&#8221;#ffffff&#8221; button_bg_color=&#8221;#c61b1b&#8221; button_border_width=&#8221;2px&#8221; button_border_color=&#8221;#FFFFFF&#8221; button_font=&#8221;|600|||||||&#8221; button_icon=&#8221;&#x39;||divi||400&#8243; background_layout=&#8221;dark&#8221; global_colors_info=&#8221;{}&#8221;][\/et_pb_button][\/et_pb_column][\/et_pb_row][\/et_pb_section]<\/p>\n","protected":false},"excerpt":{"rendered":"<p>INSTAL\u00b7LACI\u00d3 DE PUJAESCALES A BARCELONA Seguretat, comoditat i efici\u00e8nciaPujaescales per a persones de mobilitat redu\u00efdaMillora l&#8217;accessibilitat de casa teva, edifici o negoci a Barcelona ia tot Catalunya amb pujaescales d&#8217;\u00faltima generaci\u00f3A ELEVAMON ELEVADORS realitzem la instal\u00b7laci\u00f3 de pujaescales a Barcelona ia tot Catalunya, ideals per millorar l&#8217;accessibilitat a habitatges, oficines, edificis i espais p\u00fablics. Els [&hellip;]<\/p>\n","protected":false},"author":2,"featured_media":1996,"parent":0,"menu_order":0,"comment_status":"closed","ping_status":"closed","template":"","meta":{"_et_pb_use_builder":"on","_et_pb_old_content":"","_et_gb_content_width":"","footnotes":""},"class_list":["post-2785","page","type-page","status-publish","has-post-thumbnail","hentry"],"yoast_head":"<!-- This site is optimized with the Yoast SEO plugin v26.8 - https:\/\/yoast.com\/product\/yoast-seo-wordpress\/ -->\n<title>Pujaescales eficients per a llars i negocis | Elevamon<\/title>\n<meta name=\"description\" content=\"Millora l&#039;accessibilitat de casa teva o negoci amb pujaescales segurs i eficients. A Elevamon oferim instal\u00b7laci\u00f3, manteniment i reparaci\u00f3.\" \/>\n<meta name=\"robots\" content=\"index, follow, max-snippet:-1, max-image-preview:large, max-video-preview:-1\" \/>\n<link rel=\"canonical\" href=\"https:\/\/www.elevamon.com\/ca\/serveis-salvaescales\/\" \/>\n<meta property=\"og:locale\" content=\"ca_ES\" \/>\n<meta property=\"og:type\" content=\"article\" \/>\n<meta property=\"og:title\" content=\"Pujaescales eficients per a llars i negocis | Elevamon\" \/>\n<meta property=\"og:description\" content=\"Millora l&#039;accessibilitat de casa teva o negoci amb pujaescales segurs i eficients. A Elevamon oferim instal\u00b7laci\u00f3, manteniment i reparaci\u00f3.\" \/>\n<meta property=\"og:url\" content=\"https:\/\/www.elevamon.com\/ca\/serveis-salvaescales\/\" \/>\n<meta property=\"og:site_name\" content=\"Elevamon Elevadores S.L.\" \/>\n<meta property=\"article:modified_time\" content=\"2025-02-10T11:13:32+00:00\" \/>\n<meta property=\"og:image\" content=\"https:\/\/www.elevamon.com\/wp-content\/uploads\/2020\/01\/plataforma-elevadora-oberta-per-cadira-de-rodes-escales-corbes.jpg\" \/>\n\t<meta property=\"og:image:width\" content=\"1280\" \/>\n\t<meta property=\"og:image:height\" content=\"853\" \/>\n\t<meta property=\"og:image:type\" content=\"image\/jpeg\" \/>\n<meta name=\"twitter:card\" content=\"summary_large_image\" \/>\n<meta name=\"twitter:label1\" content=\"Temps estimat de lectura\" \/>\n\t<meta name=\"twitter:data1\" content=\"7 minuts\" \/>\n<script type=\"application\/ld+json\" class=\"yoast-schema-graph\">{\"@context\":\"https:\/\/schema.org\",\"@graph\":[{\"@type\":\"WebPage\",\"@id\":\"https:\/\/www.elevamon.com\/ca\/serveis-salvaescales\/\",\"url\":\"https:\/\/www.elevamon.com\/ca\/serveis-salvaescales\/\",\"name\":\"Pujaescales eficients per a llars i negocis | Elevamon\",\"isPartOf\":{\"@id\":\"https:\/\/www.elevamon.com\/ca\/#website\"},\"primaryImageOfPage\":{\"@id\":\"https:\/\/www.elevamon.com\/ca\/serveis-salvaescales\/#primaryimage\"},\"image\":{\"@id\":\"https:\/\/www.elevamon.com\/ca\/serveis-salvaescales\/#primaryimage\"},\"thumbnailUrl\":\"https:\/\/www.elevamon.com\/wp-content\/uploads\/2020\/01\/plataforma-elevadora-oberta-per-cadira-de-rodes-escales-corbes.jpg\",\"datePublished\":\"2025-02-05T18:19:27+00:00\",\"dateModified\":\"2025-02-10T11:13:32+00:00\",\"description\":\"Millora l'accessibilitat de casa teva o negoci amb pujaescales segurs i eficients. A Elevamon oferim instal\u00b7laci\u00f3, manteniment i reparaci\u00f3.\",\"breadcrumb\":{\"@id\":\"https:\/\/www.elevamon.com\/ca\/serveis-salvaescales\/#breadcrumb\"},\"inLanguage\":\"ca\",\"potentialAction\":[{\"@type\":\"ReadAction\",\"target\":[\"https:\/\/www.elevamon.com\/ca\/serveis-salvaescales\/\"]}]},{\"@type\":\"ImageObject\",\"inLanguage\":\"ca\",\"@id\":\"https:\/\/www.elevamon.com\/ca\/serveis-salvaescales\/#primaryimage\",\"url\":\"https:\/\/www.elevamon.com\/wp-content\/uploads\/2020\/01\/plataforma-elevadora-oberta-per-cadira-de-rodes-escales-corbes.jpg\",\"contentUrl\":\"https:\/\/www.elevamon.com\/wp-content\/uploads\/2020\/01\/plataforma-elevadora-oberta-per-cadira-de-rodes-escales-corbes.jpg\",\"width\":1280,\"height\":853,\"caption\":\"Plataforma salvaescaleras d\u00e9cor\"},{\"@type\":\"BreadcrumbList\",\"@id\":\"https:\/\/www.elevamon.com\/ca\/serveis-salvaescales\/#breadcrumb\",\"itemListElement\":[{\"@type\":\"ListItem\",\"position\":1,\"name\":\"Portada\",\"item\":\"https:\/\/www.elevamon.com\/ca\/inici\/\"},{\"@type\":\"ListItem\",\"position\":2,\"name\":\"Serveis Pujaescales\"}]},{\"@type\":\"WebSite\",\"@id\":\"https:\/\/www.elevamon.com\/ca\/#website\",\"url\":\"https:\/\/www.elevamon.com\/ca\/\",\"name\":\"Elevamon Elevadores S.L.\",\"description\":\"Mantenimiento de Ascensores Barcelona y Rub&iacute; | Instalaci&oacute;n, mantenimiento y reparaci&oacute;n de ascensores\",\"publisher\":{\"@id\":\"https:\/\/www.elevamon.com\/ca\/#organization\"},\"potentialAction\":[{\"@type\":\"SearchAction\",\"target\":{\"@type\":\"EntryPoint\",\"urlTemplate\":\"https:\/\/www.elevamon.com\/ca\/?s={search_term_string}\"},\"query-input\":{\"@type\":\"PropertyValueSpecification\",\"valueRequired\":true,\"valueName\":\"search_term_string\"}}],\"inLanguage\":\"ca\"},{\"@type\":\"Organization\",\"@id\":\"https:\/\/www.elevamon.com\/ca\/#organization\",\"name\":\"Elevam\u00f3n Elevadores S.L.\",\"url\":\"https:\/\/www.elevamon.com\/ca\/\",\"logo\":{\"@type\":\"ImageObject\",\"inLanguage\":\"ca\",\"@id\":\"https:\/\/www.elevamon.com\/ca\/#\/schema\/logo\/image\/\",\"url\":\"https:\/\/www.elevamon.com\/wp-content\/uploads\/2019\/12\/logo-elevamon.png\",\"contentUrl\":\"https:\/\/www.elevamon.com\/wp-content\/uploads\/2019\/12\/logo-elevamon.png\",\"width\":245,\"height\":205,\"caption\":\"Elevam\u00f3n Elevadores S.L.\"},\"image\":{\"@id\":\"https:\/\/www.elevamon.com\/ca\/#\/schema\/logo\/image\/\"},\"sameAs\":[\"https:\/\/www.youtube.com\/channel\/UC6bKkiPq-5OK8IiQqcGTttg\"]}]}<\/script>\n<!-- \/ Yoast SEO plugin. -->","yoast_head_json":{"title":"Pujaescales eficients per a llars i negocis | Elevamon","description":"Millora l'accessibilitat de casa teva o negoci amb pujaescales segurs i eficients. A Elevamon oferim instal\u00b7laci\u00f3, manteniment i reparaci\u00f3.","robots":{"index":"index","follow":"follow","max-snippet":"max-snippet:-1","max-image-preview":"max-image-preview:large","max-video-preview":"max-video-preview:-1"},"canonical":"https:\/\/www.elevamon.com\/ca\/serveis-salvaescales\/","og_locale":"ca_ES","og_type":"article","og_title":"Pujaescales eficients per a llars i negocis | Elevamon","og_description":"Millora l'accessibilitat de casa teva o negoci amb pujaescales segurs i eficients. A Elevamon oferim instal\u00b7laci\u00f3, manteniment i reparaci\u00f3.","og_url":"https:\/\/www.elevamon.com\/ca\/serveis-salvaescales\/","og_site_name":"Elevamon Elevadores S.L.","article_modified_time":"2025-02-10T11:13:32+00:00","og_image":[{"width":1280,"height":853,"url":"https:\/\/www.elevamon.com\/wp-content\/uploads\/2020\/01\/plataforma-elevadora-oberta-per-cadira-de-rodes-escales-corbes.jpg","type":"image\/jpeg"}],"twitter_card":"summary_large_image","twitter_misc":{"Temps estimat de lectura":"7 minuts"},"schema":{"@context":"https:\/\/schema.org","@graph":[{"@type":"WebPage","@id":"https:\/\/www.elevamon.com\/ca\/serveis-salvaescales\/","url":"https:\/\/www.elevamon.com\/ca\/serveis-salvaescales\/","name":"Pujaescales eficients per a llars i negocis | Elevamon","isPartOf":{"@id":"https:\/\/www.elevamon.com\/ca\/#website"},"primaryImageOfPage":{"@id":"https:\/\/www.elevamon.com\/ca\/serveis-salvaescales\/#primaryimage"},"image":{"@id":"https:\/\/www.elevamon.com\/ca\/serveis-salvaescales\/#primaryimage"},"thumbnailUrl":"https:\/\/www.elevamon.com\/wp-content\/uploads\/2020\/01\/plataforma-elevadora-oberta-per-cadira-de-rodes-escales-corbes.jpg","datePublished":"2025-02-05T18:19:27+00:00","dateModified":"2025-02-10T11:13:32+00:00","description":"Millora l'accessibilitat de casa teva o negoci amb pujaescales segurs i eficients. A Elevamon oferim instal\u00b7laci\u00f3, manteniment i reparaci\u00f3.","breadcrumb":{"@id":"https:\/\/www.elevamon.com\/ca\/serveis-salvaescales\/#breadcrumb"},"inLanguage":"ca","potentialAction":[{"@type":"ReadAction","target":["https:\/\/www.elevamon.com\/ca\/serveis-salvaescales\/"]}]},{"@type":"ImageObject","inLanguage":"ca","@id":"https:\/\/www.elevamon.com\/ca\/serveis-salvaescales\/#primaryimage","url":"https:\/\/www.elevamon.com\/wp-content\/uploads\/2020\/01\/plataforma-elevadora-oberta-per-cadira-de-rodes-escales-corbes.jpg","contentUrl":"https:\/\/www.elevamon.com\/wp-content\/uploads\/2020\/01\/plataforma-elevadora-oberta-per-cadira-de-rodes-escales-corbes.jpg","width":1280,"height":853,"caption":"Plataforma salvaescaleras d\u00e9cor"},{"@type":"BreadcrumbList","@id":"https:\/\/www.elevamon.com\/ca\/serveis-salvaescales\/#breadcrumb","itemListElement":[{"@type":"ListItem","position":1,"name":"Portada","item":"https:\/\/www.elevamon.com\/ca\/inici\/"},{"@type":"ListItem","position":2,"name":"Serveis Pujaescales"}]},{"@type":"WebSite","@id":"https:\/\/www.elevamon.com\/ca\/#website","url":"https:\/\/www.elevamon.com\/ca\/","name":"Elevamon Elevadores S.L.","description":"Mantenimiento de Ascensores Barcelona y Rub&iacute; | Instalaci&oacute;n, mantenimiento y reparaci&oacute;n de ascensores","publisher":{"@id":"https:\/\/www.elevamon.com\/ca\/#organization"},"potentialAction":[{"@type":"SearchAction","target":{"@type":"EntryPoint","urlTemplate":"https:\/\/www.elevamon.com\/ca\/?s={search_term_string}"},"query-input":{"@type":"PropertyValueSpecification","valueRequired":true,"valueName":"search_term_string"}}],"inLanguage":"ca"},{"@type":"Organization","@id":"https:\/\/www.elevamon.com\/ca\/#organization","name":"Elevam\u00f3n Elevadores S.L.","url":"https:\/\/www.elevamon.com\/ca\/","logo":{"@type":"ImageObject","inLanguage":"ca","@id":"https:\/\/www.elevamon.com\/ca\/#\/schema\/logo\/image\/","url":"https:\/\/www.elevamon.com\/wp-content\/uploads\/2019\/12\/logo-elevamon.png","contentUrl":"https:\/\/www.elevamon.com\/wp-content\/uploads\/2019\/12\/logo-elevamon.png","width":245,"height":205,"caption":"Elevam\u00f3n Elevadores S.L."},"image":{"@id":"https:\/\/www.elevamon.com\/ca\/#\/schema\/logo\/image\/"},"sameAs":["https:\/\/www.youtube.com\/channel\/UC6bKkiPq-5OK8IiQqcGTttg"]}]}},"_links":{"self":[{"href":"https:\/\/www.elevamon.com\/ca\/wp-json\/wp\/v2\/pages\/2785","targetHints":{"allow":["GET"]}}],"collection":[{"href":"https:\/\/www.elevamon.com\/ca\/wp-json\/wp\/v2\/pages"}],"about":[{"href":"https:\/\/www.elevamon.com\/ca\/wp-json\/wp\/v2\/types\/page"}],"author":[{"embeddable":true,"href":"https:\/\/www.elevamon.com\/ca\/wp-json\/wp\/v2\/users\/2"}],"replies":[{"embeddable":true,"href":"https:\/\/www.elevamon.com\/ca\/wp-json\/wp\/v2\/comments?post=2785"}],"version-history":[{"count":16,"href":"https:\/\/www.elevamon.com\/ca\/wp-json\/wp\/v2\/pages\/2785\/revisions"}],"predecessor-version":[{"id":2866,"href":"https:\/\/www.elevamon.com\/ca\/wp-json\/wp\/v2\/pages\/2785\/revisions\/2866"}],"wp:featuredmedia":[{"embeddable":true,"href":"https:\/\/www.elevamon.com\/ca\/wp-json\/wp\/v2\/media\/1996"}],"wp:attachment":[{"href":"https:\/\/www.elevamon.com\/ca\/wp-json\/wp\/v2\/media?parent=2785"}],"curies":[{"name":"wp","href":"https:\/\/api.w.org\/{rel}","templated":true}]}}