{"id":2528,"date":"2023-12-21T11:55:39","date_gmt":"2023-12-21T11:55:39","guid":{"rendered":"https:\/\/www.elevamon.com\/serveis\/"},"modified":"2025-02-05T18:31:20","modified_gmt":"2025-02-05T18:31:20","slug":"serveis","status":"publish","type":"page","link":"https:\/\/www.elevamon.com\/ca\/serveis\/","title":{"rendered":"SERVEIS"},"content":{"rendered":"<p>[et_pb_section fb_built=&#8221;1&#8243; fullwidth=&#8221;on&#8221; _builder_version=&#8221;4.23.1&#8243; global_colors_info=&#8221;{}&#8221;][et_pb_fullwidth_slider _builder_version=&#8221;4.23.1&#8243; custom_padding=&#8221;225px||225px||false|false&#8221; custom_padding_tablet=&#8221;0px||0px||false|false&#8221; custom_padding_phone=&#8221;0px||0px||false|false&#8221; custom_padding_last_edited=&#8221;on|phone&#8221; auto=&#8221;on&#8221; auto_speed=&#8221;5000&#8243; global_colors_info=&#8221;{}&#8221;][et_pb_slide heading=&#8221;SERVEIS ELEVAMON&#8221; use_bg_overlay=&#8221;on&#8221; bg_overlay_color=&#8221;rgba(0,0,0,0.08)&#8221; use_text_overlay=&#8221;off&#8221; bg_overlay_color_tablet=&#8221;rgba(0,0,0,0.08)&#8221; bg_overlay_color_phone=&#8221;rgba(0,0,0,0.13)&#8221; bg_overlay_color_last_edited=&#8221;on|phone&#8221; _builder_version=&#8221;4.23.1&#8243; header_level=&#8221;h1&#8243; header_font=&#8221;|700|||||||&#8221; header_font_size=&#8221;40px&#8221; header_line_height=&#8221;1.2em&#8221; body_font=&#8221;|600|||||||&#8221; body_font_size=&#8221;20px&#8221; body_line_height=&#8221;1.1em&#8221; background_enable_color=&#8221;off&#8221; background_image=&#8221;https:\/\/www.elevamon.com\/wp-content\/uploads\/2023\/12\/elevamon-elevadors-slider-inicio-webp-03.webp&#8221; background_enable_image=&#8221;on&#8221; custom_button=&#8221;on&#8221; button_text_size=&#8221;16px&#8221; button_text_color=&#8221;#ffffff&#8221; button_bg_color=&#8221;rgba(224,11,0,0.77)&#8221; button_alignment=&#8221;center&#8221; width=&#8221;58%&#8221; width_tablet=&#8221;100%&#8221; width_phone=&#8221;100%&#8221; width_last_edited=&#8221;on|desktop&#8221; custom_padding=&#8221;250px||250px||true|false&#8221; custom_padding_tablet=&#8221;100px||100px||true|false&#8221; custom_padding_phone=&#8221;50px||50px||true|false&#8221; custom_padding_last_edited=&#8221;on|phone&#8221; header_font_size_tablet=&#8221;30px&#8221; header_font_size_phone=&#8221;25px&#8221; header_font_size_last_edited=&#8221;on|phone&#8221; body_font_size_tablet=&#8221;18px&#8221; body_font_size_phone=&#8221;16px&#8221; body_font_size_last_edited=&#8221;on|desktop&#8221; background_last_edited=&#8221;off|tablet&#8221; background_image_phone=&#8221;https:\/\/www.elevamon.com\/wp-content\/uploads\/2023\/01\/servicios-elevamon-elevadors-movil-y-tablet.jpg&#8221; background_enable_image_tablet=&#8221;off&#8221; background_enable_image_phone=&#8221;on&#8221; global_colors_info=&#8221;{}&#8221; sticky_transition=&#8221;on&#8221;]<\/p>\n<p>Instal\u00b7laci\u00f3, manteniment i reparaci\u00f3 d&#8217;ascensors i tota mena d&#8217;aparells elevadors a Barcelona ia tot Catalunya<\/p>\n<p>[\/et_pb_slide][\/et_pb_fullwidth_slider][\/et_pb_section][et_pb_section fb_built=&#8221;1&#8243; _builder_version=&#8221;4.16&#8243; custom_padding=&#8221;51px||0px|||&#8221; collapsed=&#8221;off&#8221; global_colors_info=&#8221;{}&#8221;][et_pb_row _builder_version=&#8221;4.16&#8243; collapsed=&#8221;off&#8221; global_colors_info=&#8221;{}&#8221;][et_pb_column type=&#8221;4_4&#8243; _builder_version=&#8221;4.16&#8243; global_colors_info=&#8221;{}&#8221;][et_pb_text _builder_version=&#8221;4.23.1&#8243; header_2_text_align=&#8221;center&#8221; header_2_font_size=&#8221;30px&#8221; header_2_line_height=&#8221;1.2em&#8221; header_5_text_align=&#8221;center&#8221; header_5_line_height=&#8221;1.2em&#8221; custom_margin=&#8221;||20px||false|false&#8221; header_2_font_size_tablet=&#8221;24px&#8221; header_2_font_size_phone=&#8221;21px&#8221; header_2_font_size_last_edited=&#8221;on|phone&#8221; global_colors_info=&#8221;{}&#8221;]<\/p>\n<h2><strong>SERVEIS ELEVAMON ELEVADORS<\/strong><\/h2>\n<p>[\/et_pb_text][et_pb_text _builder_version=&#8221;4.23.1&#8243; header_4_text_align=&#8221;center&#8221; header_4_line_height=&#8221;1.2em&#8221; header_5_text_align=&#8221;center&#8221; header_5_line_height=&#8221;1.2em&#8221; custom_margin=&#8221;||||false|false&#8221; header_4_font_size_tablet=&#8221;17px&#8221; header_4_font_size_phone=&#8221;16px&#8221; header_4_font_size_last_edited=&#8221;on|phone&#8221; global_colors_info=&#8221;{}&#8221;]<\/p>\n<h4><strong>La nostra empresa est\u00e0 estructurada en diversos departaments per oferir als nostres clients el millor servei<\/strong><\/h4>\n<p>[\/et_pb_text][\/et_pb_column][\/et_pb_row][et_pb_row column_structure=&#8221;1_4,1_4,1_4,1_4&#8243; _builder_version=&#8221;4.23.1&#8243; collapsed=&#8221;off&#8221; global_colors_info=&#8221;{}&#8221;][et_pb_column type=&#8221;1_4&#8243; _builder_version=&#8221;4.16&#8243; global_colors_info=&#8221;{}&#8221;][et_pb_image src=&#8221;https:\/\/www.elevamon.com\/wp-content\/uploads\/2020\/01\/icono-instalacion-obra-nueva-elevamon-elevadores.png&#8221; align=&#8221;center&#8221; _builder_version=&#8221;4.23.1&#8243; max_width=&#8221;80%&#8221; max_width_tablet=&#8221;65%&#8221; max_width_phone=&#8221;57%&#8221; max_width_last_edited=&#8221;on|phone&#8221; global_colors_info=&#8221;{}&#8221;][\/et_pb_image][et_pb_text _builder_version=&#8221;4.23.1&#8243; header_5_text_align=&#8221;center&#8221; header_5_line_height=&#8221;1.2em&#8221; text_orientation=&#8221;justified&#8221; custom_margin=&#8221;||||false|false&#8221; global_colors_info=&#8221;{}&#8221;]<\/p>\n<h5><strong>Instal\u00b7laci\u00f3 d&#8217;ascensors en obra nova<\/strong><\/h5>\n<p>El nostre servei integral d&#8217;instal\u00b7laci\u00f3 d&#8217;ascensors en noves obres es distingeix per encarregar-se de totes les etapes del proc\u00e9s, brindant un assessorament personalitzat al client per seleccionar l&#8217;opci\u00f3 \u00f2ptima entre ascensors hidr\u00e0ulics o el\u00e8ctrics. Ens responsabilitzem des de la provisi\u00f3 del material necessari fins a l&#8217;execuci\u00f3 del muntatge, assegurant en tot moment els m\u00e9s alts est\u00e0ndards de seguretat i higiene al lloc de treball.<\/p>\n<p>Garantim el lliurament de l&#8217;ascensor amb tots els permisos i legalitzacions completament verificats pel departament d&#8217;ind\u00fastria, oferint aix\u00ed una soluci\u00f3 integral que compleix els est\u00e0ndards i normatives m\u00e9s rigorosos. <\/p>\n<p>[\/et_pb_text][et_pb_button button_url=&#8221;https:\/\/www.elevamon.com\/ca\/instal%c2%b7lacio-de-ascensors-a-barcelona\/&#8221; button_text=&#8221;Saber m\u00e9s&#8221; button_alignment=&#8221;center&#8221; _builder_version=&#8221;4.23.1&#8243; custom_button=&#8221;on&#8221; button_text_size=&#8221;14px&#8221; button_bg_color=&#8221;#083eaa&#8221; button_border_width=&#8221;0px&#8221; button_border_color=&#8221;rgba(0,0,0,0)&#8221; button_font=&#8221;|600|||||||&#8221; background_layout=&#8221;dark&#8221; custom_padding=&#8221;7px||7px||true|false&#8221; global_colors_info=&#8221;{}&#8221;][\/et_pb_button][et_pb_divider show_divider=&#8221;off&#8221; _builder_version=&#8221;4.16&#8243; custom_margin=&#8221;||10px||false|false&#8221; global_colors_info=&#8221;{}&#8221;][\/et_pb_divider][\/et_pb_column][et_pb_column type=&#8221;1_4&#8243; _builder_version=&#8221;4.16&#8243; global_colors_info=&#8221;{}&#8221;][et_pb_image src=&#8221;https:\/\/www.elevamon.com\/wp-content\/uploads\/2020\/01\/icono-reforma-y-reparacion-de-ascensores-elevamon-elevadores.png&#8221; align=&#8221;center&#8221; _builder_version=&#8221;4.16&#8243; max_width=&#8221;80%&#8221; max_width_tablet=&#8221;65%&#8221; max_width_phone=&#8221;57%&#8221; max_width_last_edited=&#8221;on|phone&#8221; global_colors_info=&#8221;{}&#8221;][\/et_pb_image][et_pb_text _builder_version=&#8221;4.23.1&#8243; header_5_text_align=&#8221;center&#8221; header_5_line_height=&#8221;1.2em&#8221; text_orientation=&#8221;justified&#8221; custom_margin=&#8221;||||false|false&#8221; global_colors_info=&#8221;{}&#8221;]<\/p>\n<h5><strong>Reforma i reparaci\u00f3 d&#8217;ascensors<\/strong><\/h5>\n<p class=\"bodytext\" style=\"text-align: justify;\">Som especialistes en la reparaci\u00f3 i renovaci\u00f3 integral d&#8217;ascensors, abordant tots aquells components que, a causa de l&#8217;\u00fas i el desgast, requereixen una actualitzaci\u00f3 per garantir un funcionament \u00f2ptim. El nostre enfocament inclou la substituci\u00f3 d&#8217;elements espec\u00edfics, aix\u00ed com la realitzaci\u00f3 de reformes m\u00e9s complexes que involucren la renovaci\u00f3 completa de l&#8217;ascensor, ja sigui totalment oa trav\u00e9s de fases d&#8217;intervenci\u00f3 que abasten la m\u00e0quina, el quadre de control, la cabina, entre altres.<\/p>\n<div class=\"flex-1 overflow-hidden\">\n<div class=\"react-scroll-to-bottom--css-qimxm-79elbk h-full\">\n<div class=\"react-scroll-to-bottom--css-qimxm-1n7m0yu\">\n<div class=\"flex flex-col pb-9 text-sm\">\n<div class=\"w-full text-token-text-primary\" data-testid=\"conversation-turn-3\">\n<div class=\"px-4 py-2 justify-center text-base md:gap-6 m-auto\">\n<div class=\"flex flex-1 text-base mx-auto gap-3 md:px-5 lg:px-1 xl:px-5 md:max-w-3xl lg:max-w-[40rem] xl:max-w-[48rem] group final-completion\">\n<div class=\"relative flex w-full flex-col lg:w-[calc(100%-115px)] agent-turn\">\n<div class=\"flex-col gap-1 md:gap-3\">\n<div class=\"flex flex-grow flex-col max-w-full\">\n<div class=\"min-h-[20px] text-message flex flex-col items-start gap-3 whitespace-pre-wrap break-words [.text-message+&amp;]:mt-5 overflow-x-auto\" data-message-author-role=\"assistant\" data-message-id=\"a2f34a26-dac1-4d2b-800f-c9a32e4c2921\">\n<div class=\"markdown prose w-full break-words dark:prose-invert light\">\n<p>Tot aquest proc\u00e9s es duu a terme despr\u00e9s d&#8217;un exhaustiu estudi realitzat pel nostre equip t\u00e8cnic, assegurant aix\u00ed que cada intervenci\u00f3 estigui recolzada per una an\u00e0lisi detallada de les necessitats espec\u00edfiques de cada ascensor.<\/p>\n<\/div>\n<\/div>\n<\/div>\n<\/div>\n<\/div>\n<\/div>\n<\/div>\n<\/div>\n<\/div>\n<\/div>\n<\/div>\n<\/div>\n<p>[\/et_pb_text][et_pb_button button_url=&#8221;https:\/\/www.elevamon.com\/ca\/reparacio-de-ascensors-a-barcelona\/&#8221; button_text=&#8221;Saber m\u00e9s&#8221; button_alignment=&#8221;center&#8221; _builder_version=&#8221;4.23.1&#8243; custom_button=&#8221;on&#8221; button_text_size=&#8221;14px&#8221; button_bg_color=&#8221;#083eaa&#8221; button_border_width=&#8221;0px&#8221; button_border_color=&#8221;rgba(0,0,0,0)&#8221; button_font=&#8221;|600|||||||&#8221; background_layout=&#8221;dark&#8221; custom_padding=&#8221;7px||7px||true|false&#8221; global_colors_info=&#8221;{}&#8221;][\/et_pb_button][\/et_pb_column][et_pb_column type=&#8221;1_4&#8243; _builder_version=&#8221;4.16&#8243; global_colors_info=&#8221;{}&#8221;][et_pb_image src=&#8221;https:\/\/www.elevamon.com\/wp-content\/uploads\/2020\/01\/icono-mantenimiento-de-ascensores-elevamon-elevadores.png&#8221; align=&#8221;center&#8221; _builder_version=&#8221;4.16&#8243; max_width=&#8221;80%&#8221; max_width_tablet=&#8221;65%&#8221; max_width_phone=&#8221;57%&#8221; max_width_last_edited=&#8221;on|phone&#8221; global_colors_info=&#8221;{}&#8221;][\/et_pb_image][et_pb_text _builder_version=&#8221;4.23.1&#8243; header_5_text_align=&#8221;center&#8221; header_5_line_height=&#8221;1.2em&#8221; text_orientation=&#8221;justified&#8221; custom_margin=&#8221;||||false|false&#8221; global_colors_info=&#8221;{}&#8221;]<\/p>\n<h5><strong>Manteniment d&#8217;ascensors<\/strong><\/h5>\n<p>Amb l&#8217;objectiu de proporcionar la m\u00e0xima comoditat als usuaris, duem a terme un rigor\u00f3s manteniment preventiu, enfocat a la inspecci\u00f3 i substituci\u00f3 de peces mitjan\u00e7ant materials de la m\u00e9s alta qualitat ia trav\u00e9s dels nostres t\u00e8cnics, altament capacitats i experimentats.<\/p>\n<p>Oferim diverses modalitats de contractes de manteniment dissenyats per adaptar-se a les necessitats de cada client. A m\u00e9s, disposem d&#8217;una atenci\u00f3 d&#8217;avaries les 24 hores del dia, els 365 dies de l&#8217;any, per garantir una resposta immediata davant de qualsevol eventualitat.<\/p>\n<p>. Els nostres preus, altament competitius, van de bracet amb les nostres garanties de qualitat i efici\u00e8ncia.<\/p>\n<p>[\/et_pb_text][et_pb_button button_url=&#8221;https:\/\/www.elevamon.com\/ca\/manteniment-de-ascensors\/&#8221; button_text=&#8221;Saber m\u00e9s&#8221; button_alignment=&#8221;center&#8221; _builder_version=&#8221;4.23.1&#8243; custom_button=&#8221;on&#8221; button_text_size=&#8221;14px&#8221; button_bg_color=&#8221;#083eaa&#8221; button_border_width=&#8221;0px&#8221; button_border_color=&#8221;rgba(0,0,0,0)&#8221; button_font=&#8221;|600|||||||&#8221; background_layout=&#8221;dark&#8221; custom_padding=&#8221;7px||7px||true|false&#8221; global_colors_info=&#8221;{}&#8221;][\/et_pb_button][\/et_pb_column][et_pb_column type=&#8221;1_4&#8243; module_class=&#8221;inline-buttons&#8221; _builder_version=&#8221;4.23.1&#8243; global_colors_info=&#8221;{}&#8221;][et_pb_image src=&#8221;https:\/\/www.elevamon.com\/wp-content\/uploads\/2020\/01\/icono-instalacion-en-edificios-antiguos-elevamon-elevadores.png&#8221; align=&#8221;center&#8221; _builder_version=&#8221;4.16&#8243; max_width=&#8221;80%&#8221; max_width_tablet=&#8221;65%&#8221; max_width_phone=&#8221;57%&#8221; max_width_last_edited=&#8221;on|phone&#8221; global_colors_info=&#8221;{}&#8221;][\/et_pb_image][et_pb_text _builder_version=&#8221;4.23.1&#8243; header_5_text_align=&#8221;center&#8221; header_5_line_height=&#8221;1.2em&#8221; text_orientation=&#8221;justified&#8221; custom_margin=&#8221;||||false|false&#8221; global_colors_info=&#8221;{}&#8221;]<\/p>\n<h5><strong>Instal\u00b7laci\u00f3 d&#8217;ascensor a edificis antics (rehabilitaci\u00f3)<\/strong><\/h5>\n<p>Proporcionem solucions integrals per a la instal\u00b7laci\u00f3 d&#8217;ascensors a edificis antics sense aquest servei. El nostre equip fa un estudi exhaustiu per avaluar la viabilitat d&#8217;incorporar un ascensor a buits d&#8217;escales, fa\u00e7anes o patis. Oferim solucions d&#8217;alta qualitat i completament segures, encarregant-nos de tot el proc\u00e9s, des de la planificaci\u00f3 fins a l&#8217;execuci\u00f3: projectes, obra civil necess\u00e0ria, instal\u00b7laci\u00f3 de fontaneria, serralleria, entre d&#8217;altres.<\/p>\n<p>Lliurem l&#8217;ascensor un cop els nostres t\u00e8cnics han completat \u00edntegrament el projecte, proporcionant tranquil\u00b7litat a les comunitats de propietaris i eliminant qualsevol preocupaci\u00f3 associada. <\/p>\n<p>[\/et_pb_text][et_pb_button button_url=&#8221;https:\/\/www.elevamon.com\/ca\/instal%c2%b7lacio-de-ascensors-a-barcelona\/#ascensores-edificios-antiguos&#8221; button_text=&#8221;Saber m\u00e9s&#8221; button_alignment=&#8221;center&#8221; _builder_version=&#8221;4.23.1&#8243; custom_button=&#8221;on&#8221; button_text_size=&#8221;14px&#8221; button_bg_color=&#8221;#083eaa&#8221; button_border_width=&#8221;0px&#8221; button_border_color=&#8221;rgba(0,0,0,0)&#8221; button_font=&#8221;|600|||||||&#8221; background_layout=&#8221;dark&#8221; custom_margin=&#8221;||13px|||&#8221; custom_padding=&#8221;7px||7px||true|false&#8221; global_colors_info=&#8221;{}&#8221;][\/et_pb_button][et_pb_button button_url=&#8221;https:\/\/www.elevamon.com\/wp-content\/uploads\/2020\/01\/ascensores-hidr\u00e1ulicos-elevamon-elevadores.pdf&#8221; url_new_window=&#8221;on&#8221; button_text=&#8221;Veure cat\u00e0leg&#8221; button_alignment=&#8221;center&#8221; _builder_version=&#8221;4.23.1&#8243; custom_button=&#8221;on&#8221; button_text_size=&#8221;14px&#8221; button_bg_color=&#8221;#E02B20&#8243; button_border_width=&#8221;0px&#8221; button_border_color=&#8221;rgba(0,0,0,0)&#8221; button_font=&#8221;|600|||||||&#8221; background_layout=&#8221;dark&#8221; custom_padding=&#8221;7px||7px||true|false&#8221; global_colors_info=&#8221;{}&#8221;][\/et_pb_button][\/et_pb_column][\/et_pb_row][et_pb_row column_structure=&#8221;1_4,1_4,1_4,1_4&#8243; _builder_version=&#8221;4.23.1&#8243; custom_margin=&#8221;50px||||false|false&#8221; custom_margin_tablet=&#8221;50px||||false|false&#8221; custom_margin_phone=&#8221;0px||||false|false&#8221; custom_margin_last_edited=&#8221;on|phone&#8221; collapsed=&#8221;off&#8221; global_colors_info=&#8221;{}&#8221;][et_pb_column type=&#8221;1_4&#8243; _builder_version=&#8221;4.16&#8243; global_colors_info=&#8221;{}&#8221;][et_pb_image src=&#8221;https:\/\/www.elevamon.com\/wp-content\/uploads\/2020\/01\/icono-plataforma-unifamiliar-domestic-lift-elevamon-elevadores.png&#8221; align=&#8221;center&#8221; _builder_version=&#8221;4.16&#8243; max_width=&#8221;80%&#8221; max_width_tablet=&#8221;65%&#8221; max_width_phone=&#8221;57%&#8221; max_width_last_edited=&#8221;on|phone&#8221; global_colors_info=&#8221;{}&#8221;][\/et_pb_image][et_pb_text _builder_version=&#8221;4.23.1&#8243; header_5_text_align=&#8221;center&#8221; header_5_line_height=&#8221;1.2em&#8221; custom_margin=&#8221;||||false|false&#8221; global_colors_info=&#8221;{}&#8221;]<\/p>\n<h5><strong>Plataformes de tipus unifamiliar (domestic lift)<\/strong><\/h5>\n<p class=\"bodytext\" style=\"text-align: justify;\">Aquestes plataformes s\u00f3n ascensors de tipus unifamiliar, ideals per a cases o per a persones amb mobilitat redu\u00efda. Una soluci\u00f3 de tecnologia pr\u00e0ctica i fiable per a la superaci\u00f3 de barreres arquitect\u00f2niques i adaptable en un m\u00ednim espai.<\/p>\n<p>[\/et_pb_text][et_pb_button button_url=&#8221;https:\/\/www.elevamon.com\/wp-content\/uploads\/2020\/01\/domestic-lift-elevamon-elevadores.pdf&#8221; url_new_window=&#8221;on&#8221; button_text=&#8221;Consulteu el cat\u00e0leg&#8221; button_alignment=&#8221;center&#8221; _builder_version=&#8221;4.16&#8243; custom_button=&#8221;on&#8221; button_text_size=&#8221;14px&#8221; button_bg_color=&#8221;#083eaa&#8221; button_border_width=&#8221;0px&#8221; button_border_color=&#8221;rgba(0,0,0,0)&#8221; button_font=&#8221;|600|||||||&#8221; background_layout=&#8221;dark&#8221; custom_padding=&#8221;7px||7px||true|false&#8221; global_colors_info=&#8221;{}&#8221;][\/et_pb_button][et_pb_divider show_divider=&#8221;off&#8221; _builder_version=&#8221;4.16&#8243; custom_margin=&#8221;||10px||false|false&#8221; global_colors_info=&#8221;{}&#8221;][\/et_pb_divider][\/et_pb_column][et_pb_column type=&#8221;1_4&#8243; _builder_version=&#8221;4.16&#8243; global_colors_info=&#8221;{}&#8221;][et_pb_image src=&#8221;https:\/\/www.elevamon.com\/wp-content\/uploads\/2020\/01\/icono-montacarga-elevamon-elevadores.png&#8221; align=&#8221;center&#8221; _builder_version=&#8221;4.16&#8243; max_width=&#8221;80%&#8221; max_width_tablet=&#8221;65%&#8221; max_width_phone=&#8221;57%&#8221; max_width_last_edited=&#8221;on|phone&#8221; global_colors_info=&#8221;{}&#8221;][\/et_pb_image][et_pb_text _builder_version=&#8221;4.23.1&#8243; header_5_text_align=&#8221;center&#8221; header_5_line_height=&#8221;1.2em&#8221; custom_margin=&#8221;||||false|false&#8221; global_colors_info=&#8221;{}&#8221;]<\/p>\n<h5><strong>Plataformes de c\u00e0rrega (muntac\u00e0rregues)<\/strong><\/h5>\n<p class=\"bodytext\" style=\"text-align: justify;\">Disposem d&#8217;una \u00e0mplia gamma per a diferents c\u00e0rregues, dimensions i al\u00e7ades. Us assessorem sobre quin model \u00e9s el que m\u00e9s s&#8217;adapta a les vostres necessitats. Cal recordar que les plataformes de c\u00e0rrega s\u00f3n aparells de creaci\u00f3 exclusiva per al transport de mercaderies. <\/p>\n<p>[\/et_pb_text][et_pb_button button_url=&#8221;https:\/\/www.elevamon.com\/wp-content\/uploads\/2020\/01\/montacargas-elevamon-elevadores.pdf&#8221; url_new_window=&#8221;on&#8221; button_text=&#8221;Consulteu el cat\u00e0leg&#8221; button_alignment=&#8221;center&#8221; _builder_version=&#8221;4.23.1&#8243; custom_button=&#8221;on&#8221; button_text_size=&#8221;14px&#8221; button_bg_color=&#8221;#083eaa&#8221; button_border_width=&#8221;0px&#8221; button_border_color=&#8221;rgba(0,0,0,0)&#8221; button_font=&#8221;|600|||||||&#8221; background_layout=&#8221;dark&#8221; custom_padding=&#8221;7px||7px||true|false&#8221; global_colors_info=&#8221;{}&#8221;][\/et_pb_button][\/et_pb_column][et_pb_column type=&#8221;1_4&#8243; _builder_version=&#8221;4.16&#8243; global_colors_info=&#8221;{}&#8221;][et_pb_image src=&#8221;https:\/\/www.elevamon.com\/wp-content\/uploads\/2020\/01\/icono-plataforma-movilidad-reducida-elevamon-elevadores.png&#8221; align=&#8221;center&#8221; _builder_version=&#8221;4.16&#8243; max_width=&#8221;80%&#8221; max_width_tablet=&#8221;65%&#8221; max_width_phone=&#8221;57%&#8221; max_width_last_edited=&#8221;on|phone&#8221; global_colors_info=&#8221;{}&#8221;][\/et_pb_image][et_pb_text _builder_version=&#8221;4.23.1&#8243; header_5_text_align=&#8221;center&#8221; header_5_line_height=&#8221;1.2em&#8221; custom_margin=&#8221;||||false|false&#8221; global_colors_info=&#8221;{}&#8221;]<\/p>\n<h5><strong>Plataformes per a persones de mobilitat redu\u00efda (salvaescales)<\/strong><\/h5>\n<p class=\"bodytext\" style=\"text-align: justify;\">Aquestes plataformes estan destinades a eliminar barreres arquitect\u00f2niques mitjan\u00e7ant el despla\u00e7ament vertical a edificis existents, permetent el tr\u00e0nsit a totes les persones amb mobilitat redu\u00efda, vagin o no en cadira de rodes.<\/p>\n<p>[\/et_pb_text][et_pb_button button_url=&#8221;https:\/\/www.elevamon.com\/ca\/serveis-salvaescales\/&#8221; button_text=&#8221;Saber m\u00e9s&#8221; button_alignment=&#8221;center&#8221; _builder_version=&#8221;4.27.4&#8243; custom_button=&#8221;on&#8221; button_text_size=&#8221;14px&#8221; button_bg_color=&#8221;#083eaa&#8221; button_border_width=&#8221;0px&#8221; button_border_color=&#8221;rgba(0,0,0,0)&#8221; button_font=&#8221;|600|||||||&#8221; background_layout=&#8221;dark&#8221; custom_padding=&#8221;7px||7px||true|false&#8221; hover_enabled=&#8221;0&#8243; global_colors_info=&#8221;{}&#8221; sticky_enabled=&#8221;0&#8243;][\/et_pb_button][\/et_pb_column][et_pb_column type=&#8221;1_4&#8243; _builder_version=&#8221;4.16&#8243; global_colors_info=&#8221;{}&#8221;][\/et_pb_column][\/et_pb_row][et_pb_row _builder_version=&#8221;4.23.1&#8243; background_color=&#8221;#f7f7f7&#8243; custom_margin=&#8221;20px||||false|false&#8221; border_radii=&#8221;on|5px|5px|5px|5px&#8221; global_colors_info=&#8221;{}&#8221;][et_pb_column type=&#8221;4_4&#8243; _builder_version=&#8221;4.16&#8243; global_colors_info=&#8221;{}&#8221;][et_pb_text _builder_version=&#8221;4.23.1&#8243; header_3_text_align=&#8221;center&#8221; header_5_text_align=&#8221;center&#8221; header_5_line_height=&#8221;1.2em&#8221; custom_margin=&#8221;||||false|false&#8221; custom_padding=&#8221;|20px||20px|false|true&#8221; header_3_font_size_tablet=&#8221;21px&#8221; header_3_font_size_phone=&#8221;19px&#8221; header_3_font_size_last_edited=&#8221;on|tablet&#8221; global_colors_info=&#8221;{}&#8221;]<\/p>\n<h3><strong>A Elevamon estem especialitzats tamb\u00e9 en el manteniment de portes de garatge. <\/strong><strong>Consulti&#8217;ns.<\/strong><\/h3>\n<p>[\/et_pb_text][\/et_pb_column][\/et_pb_row][\/et_pb_section][et_pb_section fb_built=&#8221;1&#8243; custom_padding_last_edited=&#8221;on|phone&#8221; _builder_version=&#8221;4.23.1&#8243; custom_padding=&#8221;70px||0px||false|false&#8221; custom_padding_tablet=&#8221;70px||0px||false|false&#8221; custom_padding_phone=&#8221;70px||0px||false|false&#8221; locked=&#8221;off&#8221; collapsed=&#8221;off&#8221; global_colors_info=&#8221;{}&#8221;][et_pb_row column_structure=&#8221;3_5,1_5,1_5&#8243; use_custom_gutter=&#8221;on&#8221; gutter_width=&#8221;2&#8243; make_equal=&#8221;on&#8221; _builder_version=&#8221;4.23.1&#8243; custom_css_main_element=&#8221;align-items: center;&#8221; collapsed=&#8221;off&#8221; global_colors_info=&#8221;{}&#8221;][et_pb_column type=&#8221;3_5&#8243; _builder_version=&#8221;4.16&#8243; global_colors_info=&#8221;{}&#8221;][et_pb_text admin_label=&#8221;Texto&#8221; _builder_version=&#8221;4.23.1&#8243; header_4_text_align=&#8221;left&#8221; header_4_font_size=&#8221;20px&#8221; header_4_line_height=&#8221;1.2em&#8221; header_4_text_align_tablet=&#8221;center&#8221; header_4_text_align_phone=&#8221;center&#8221; header_4_text_align_last_edited=&#8221;on|tablet&#8221; global_colors_info=&#8221;{}&#8221;]<\/p>\n<h4><strong>Elevamon Elevadores forma part de FEPYMA (Federaci\u00f3 Espanyola de Pimes d&#8217;Ascensors) i agremiada al Grem\u00ed Empresarial d&#8217;Ascensor de Catalunya (GEDAC)<\/strong><\/h4>\n<p>[\/et_pb_text][\/et_pb_column][et_pb_column type=&#8221;1_5&#8243; _builder_version=&#8221;4.16&#8243; global_colors_info=&#8221;{}&#8221;][et_pb_image src=&#8221;https:\/\/www.elevamon.com\/wp-content\/uploads\/2023\/12\/logo-feyma.jpg&#8221; align=&#8221;center&#8221; disabled_on=&#8221;off|off|off&#8221; _builder_version=&#8221;4.23.1&#8243; width=&#8221;60%&#8221; width_tablet=&#8221;65%&#8221; width_phone=&#8221;50%&#8221; width_last_edited=&#8221;on|phone&#8221; global_colors_info=&#8221;{}&#8221;][\/et_pb_image][\/et_pb_column][et_pb_column type=&#8221;1_5&#8243; _builder_version=&#8221;4.16&#8243; global_colors_info=&#8221;{}&#8221;][et_pb_image src=&#8221;https:\/\/www.elevamon.com\/wp-content\/uploads\/2023\/12\/logo-gremi.jpg&#8221; align=&#8221;center&#8221; disabled_on=&#8221;off|off|off&#8221; _builder_version=&#8221;4.23.1&#8243; width=&#8221;100%&#8221; width_tablet=&#8221;90%&#8221; width_phone=&#8221;75%&#8221; width_last_edited=&#8221;on|phone&#8221; global_colors_info=&#8221;{}&#8221;][\/et_pb_image][\/et_pb_column][\/et_pb_row][\/et_pb_section][et_pb_section fb_built=&#8221;1&#8243; _builder_version=&#8221;4.23.1&#8243; background_color=&#8221;#c61b1b&#8221; custom_padding=&#8221;35px||35px||true|false&#8221; border_color_top=&#8221;#c61b1b&#8221; border_color_bottom=&#8221;#c61b1b&#8221; locked=&#8221;off&#8221; collapsed=&#8221;off&#8221; global_colors_info=&#8221;{}&#8221;][et_pb_row make_equal=&#8221;on&#8221; _builder_version=&#8221;4.16&#8243; custom_css_main_element=&#8221;align-items:center;&#8221; collapsed=&#8221;off&#8221; global_colors_info=&#8221;{}&#8221;][et_pb_column type=&#8221;4_4&#8243; _builder_version=&#8221;4.16&#8243; global_colors_info=&#8221;{}&#8221;][et_pb_text admin_label=&#8221;Texto&#8221; _builder_version=&#8221;4.23.1&#8243; text_font=&#8221;|600|||||||&#8221; text_font_size=&#8221;17px&#8221; text_line_height=&#8221;1.4em&#8221; header_2_text_align=&#8221;center&#8221; header_2_line_height=&#8221;1.4em&#8221; text_orientation=&#8221;center&#8221; background_layout=&#8221;dark&#8221; text_font_size_last_edited=&#8221;off|phone&#8221; header_2_text_align_tablet=&#8221;center&#8221; header_2_text_align_phone=&#8221;center&#8221; header_2_text_align_last_edited=&#8221;on|phone&#8221; text_orientation_tablet=&#8221;center&#8221; text_orientation_phone=&#8221;center&#8221; text_orientation_last_edited=&#8221;on|phone&#8221; global_colors_info=&#8221;{}&#8221;]<\/p>\n<h2><strong>Garantia de qualitat i comprom\u00eds a tots els nostres serveis d&#8217;elevaci\u00f3<\/strong><\/h2>\n<p>La nostra dedicaci\u00f3 a la qualitat, la professionalitat i el comprom\u00eds amb la satisfacci\u00f3 del client ens distingeix. Des de la instal\u00b7laci\u00f3 fins a la reparaci\u00f3 i el manteniment, el nostre equip altament qualificat i experimentat est\u00e0 llest per oferir un servei d&#8217;elevaci\u00f3 excepcional. Contacti&#8217;ns avui mateix, us proporcionarem solucions d&#8217;ascensors adaptades a les vostres necessitats i que marquen la difer\u00e8ncia.<\/p>\n<p>[\/et_pb_text][et_pb_button button_url=&#8221;https:\/\/www.elevamon.com\/ca\/contacti-amb-elevamon-manteniment-elevadors-ascensors\/&#8221; button_text=&#8221;CONTACTAR&#8221; button_alignment=&#8221;center&#8221; _builder_version=&#8221;4.23.1&#8243; custom_button=&#8221;on&#8221; button_text_size=&#8221;18px&#8221; button_text_color=&#8221;#ffffff&#8221; button_bg_color=&#8221;#c61b1b&#8221; button_border_width=&#8221;2px&#8221; button_border_color=&#8221;#FFFFFF&#8221; button_font=&#8221;|600|||||||&#8221; button_icon=&#8221;&#x39;||divi||400&#8243; background_layout=&#8221;dark&#8221; global_colors_info=&#8221;{}&#8221;][\/et_pb_button][\/et_pb_column][\/et_pb_row][\/et_pb_section]<\/p>\n","protected":false},"excerpt":{"rendered":"<p>Instal\u00b7laci\u00f3, manteniment i reparaci\u00f3 d&#8217;ascensors i tota mena d&#8217;aparells elevadors a Barcelona ia tot CatalunyaSERVEIS ELEVAMON ELEVADORSLa nostra empresa est\u00e0 estructurada en diversos departaments per oferir als nostres clients el millor serveiInstal\u00b7laci\u00f3 d&#8217;ascensors en obra nova El nostre servei integral d&#8217;instal\u00b7laci\u00f3 d&#8217;ascensors en noves obres es distingeix per encarregar-se de totes les etapes del proc\u00e9s, [&hellip;]<\/p>\n","protected":false},"author":2,"featured_media":0,"parent":0,"menu_order":0,"comment_status":"closed","ping_status":"closed","template":"","meta":{"_et_pb_use_builder":"on","_et_pb_old_content":"","_et_gb_content_width":"","footnotes":""},"class_list":["post-2528","page","type-page","status-publish","hentry"],"yoast_head":"<!-- This site is optimized with the Yoast SEO plugin v26.8 - https:\/\/yoast.com\/product\/yoast-seo-wordpress\/ -->\n<title>Serveis Elevamon | Instal\u00b7laci\u00f3 i manteniment d&#039;ascensors<\/title>\n<meta name=\"description\" content=\"Especialitzats en la instal\u00b7laci\u00f3, la reparaci\u00f3 i el manteniment d&#039;ascensors. Solucions integrals per a edificis residencials i comercials.\" \/>\n<meta name=\"robots\" content=\"index, follow, max-snippet:-1, max-image-preview:large, max-video-preview:-1\" \/>\n<link rel=\"canonical\" href=\"https:\/\/www.elevamon.com\/ca\/serveis\/\" \/>\n<meta property=\"og:locale\" content=\"ca_ES\" \/>\n<meta property=\"og:type\" content=\"article\" \/>\n<meta property=\"og:title\" content=\"Serveis Elevamon | Instal\u00b7laci\u00f3 i manteniment d&#039;ascensors\" \/>\n<meta property=\"og:description\" content=\"Especialitzats en la instal\u00b7laci\u00f3, la reparaci\u00f3 i el manteniment d&#039;ascensors. Solucions integrals per a edificis residencials i comercials.\" \/>\n<meta property=\"og:url\" content=\"https:\/\/www.elevamon.com\/ca\/serveis\/\" \/>\n<meta property=\"og:site_name\" content=\"Elevamon Elevadores S.L.\" \/>\n<meta property=\"article:modified_time\" content=\"2025-02-05T18:31:20+00:00\" \/>\n<meta name=\"twitter:card\" content=\"summary_large_image\" \/>\n<meta name=\"twitter:label1\" content=\"Temps estimat de lectura\" \/>\n\t<meta name=\"twitter:data1\" content=\"14 minuts\" \/>\n<script type=\"application\/ld+json\" class=\"yoast-schema-graph\">{\"@context\":\"https:\/\/schema.org\",\"@graph\":[{\"@type\":\"WebPage\",\"@id\":\"https:\/\/www.elevamon.com\/ca\/serveis\/\",\"url\":\"https:\/\/www.elevamon.com\/ca\/serveis\/\",\"name\":\"Serveis Elevamon | Instal\u00b7laci\u00f3 i manteniment d'ascensors\",\"isPartOf\":{\"@id\":\"https:\/\/www.elevamon.com\/ca\/#website\"},\"datePublished\":\"2023-12-21T11:55:39+00:00\",\"dateModified\":\"2025-02-05T18:31:20+00:00\",\"description\":\"Especialitzats en la instal\u00b7laci\u00f3, la reparaci\u00f3 i el manteniment d'ascensors. Solucions integrals per a edificis residencials i comercials.\",\"breadcrumb\":{\"@id\":\"https:\/\/www.elevamon.com\/ca\/serveis\/#breadcrumb\"},\"inLanguage\":\"ca\",\"potentialAction\":[{\"@type\":\"ReadAction\",\"target\":[\"https:\/\/www.elevamon.com\/ca\/serveis\/\"]}]},{\"@type\":\"BreadcrumbList\",\"@id\":\"https:\/\/www.elevamon.com\/ca\/serveis\/#breadcrumb\",\"itemListElement\":[{\"@type\":\"ListItem\",\"position\":1,\"name\":\"Portada\",\"item\":\"https:\/\/www.elevamon.com\/ca\/inici\/\"},{\"@type\":\"ListItem\",\"position\":2,\"name\":\"SERVEIS\"}]},{\"@type\":\"WebSite\",\"@id\":\"https:\/\/www.elevamon.com\/ca\/#website\",\"url\":\"https:\/\/www.elevamon.com\/ca\/\",\"name\":\"Elevamon Elevadores S.L.\",\"description\":\"Mantenimiento de Ascensores Barcelona y Rub&iacute; | Instalaci&oacute;n, mantenimiento y reparaci&oacute;n de ascensores\",\"publisher\":{\"@id\":\"https:\/\/www.elevamon.com\/ca\/#organization\"},\"potentialAction\":[{\"@type\":\"SearchAction\",\"target\":{\"@type\":\"EntryPoint\",\"urlTemplate\":\"https:\/\/www.elevamon.com\/ca\/?s={search_term_string}\"},\"query-input\":{\"@type\":\"PropertyValueSpecification\",\"valueRequired\":true,\"valueName\":\"search_term_string\"}}],\"inLanguage\":\"ca\"},{\"@type\":\"Organization\",\"@id\":\"https:\/\/www.elevamon.com\/ca\/#organization\",\"name\":\"Elevam\u00f3n Elevadores S.L.\",\"url\":\"https:\/\/www.elevamon.com\/ca\/\",\"logo\":{\"@type\":\"ImageObject\",\"inLanguage\":\"ca\",\"@id\":\"https:\/\/www.elevamon.com\/ca\/#\/schema\/logo\/image\/\",\"url\":\"https:\/\/www.elevamon.com\/wp-content\/uploads\/2019\/12\/logo-elevamon.png\",\"contentUrl\":\"https:\/\/www.elevamon.com\/wp-content\/uploads\/2019\/12\/logo-elevamon.png\",\"width\":245,\"height\":205,\"caption\":\"Elevam\u00f3n Elevadores S.L.\"},\"image\":{\"@id\":\"https:\/\/www.elevamon.com\/ca\/#\/schema\/logo\/image\/\"},\"sameAs\":[\"https:\/\/www.youtube.com\/channel\/UC6bKkiPq-5OK8IiQqcGTttg\"]}]}<\/script>\n<!-- \/ Yoast SEO plugin. -->","yoast_head_json":{"title":"Serveis Elevamon | Instal\u00b7laci\u00f3 i manteniment d'ascensors","description":"Especialitzats en la instal\u00b7laci\u00f3, la reparaci\u00f3 i el manteniment d'ascensors. Solucions integrals per a edificis residencials i comercials.","robots":{"index":"index","follow":"follow","max-snippet":"max-snippet:-1","max-image-preview":"max-image-preview:large","max-video-preview":"max-video-preview:-1"},"canonical":"https:\/\/www.elevamon.com\/ca\/serveis\/","og_locale":"ca_ES","og_type":"article","og_title":"Serveis Elevamon | Instal\u00b7laci\u00f3 i manteniment d'ascensors","og_description":"Especialitzats en la instal\u00b7laci\u00f3, la reparaci\u00f3 i el manteniment d'ascensors. Solucions integrals per a edificis residencials i comercials.","og_url":"https:\/\/www.elevamon.com\/ca\/serveis\/","og_site_name":"Elevamon Elevadores S.L.","article_modified_time":"2025-02-05T18:31:20+00:00","twitter_card":"summary_large_image","twitter_misc":{"Temps estimat de lectura":"14 minuts"},"schema":{"@context":"https:\/\/schema.org","@graph":[{"@type":"WebPage","@id":"https:\/\/www.elevamon.com\/ca\/serveis\/","url":"https:\/\/www.elevamon.com\/ca\/serveis\/","name":"Serveis Elevamon | Instal\u00b7laci\u00f3 i manteniment d'ascensors","isPartOf":{"@id":"https:\/\/www.elevamon.com\/ca\/#website"},"datePublished":"2023-12-21T11:55:39+00:00","dateModified":"2025-02-05T18:31:20+00:00","description":"Especialitzats en la instal\u00b7laci\u00f3, la reparaci\u00f3 i el manteniment d'ascensors. Solucions integrals per a edificis residencials i comercials.","breadcrumb":{"@id":"https:\/\/www.elevamon.com\/ca\/serveis\/#breadcrumb"},"inLanguage":"ca","potentialAction":[{"@type":"ReadAction","target":["https:\/\/www.elevamon.com\/ca\/serveis\/"]}]},{"@type":"BreadcrumbList","@id":"https:\/\/www.elevamon.com\/ca\/serveis\/#breadcrumb","itemListElement":[{"@type":"ListItem","position":1,"name":"Portada","item":"https:\/\/www.elevamon.com\/ca\/inici\/"},{"@type":"ListItem","position":2,"name":"SERVEIS"}]},{"@type":"WebSite","@id":"https:\/\/www.elevamon.com\/ca\/#website","url":"https:\/\/www.elevamon.com\/ca\/","name":"Elevamon Elevadores S.L.","description":"Mantenimiento de Ascensores Barcelona y Rub&iacute; | Instalaci&oacute;n, mantenimiento y reparaci&oacute;n de ascensores","publisher":{"@id":"https:\/\/www.elevamon.com\/ca\/#organization"},"potentialAction":[{"@type":"SearchAction","target":{"@type":"EntryPoint","urlTemplate":"https:\/\/www.elevamon.com\/ca\/?s={search_term_string}"},"query-input":{"@type":"PropertyValueSpecification","valueRequired":true,"valueName":"search_term_string"}}],"inLanguage":"ca"},{"@type":"Organization","@id":"https:\/\/www.elevamon.com\/ca\/#organization","name":"Elevam\u00f3n Elevadores S.L.","url":"https:\/\/www.elevamon.com\/ca\/","logo":{"@type":"ImageObject","inLanguage":"ca","@id":"https:\/\/www.elevamon.com\/ca\/#\/schema\/logo\/image\/","url":"https:\/\/www.elevamon.com\/wp-content\/uploads\/2019\/12\/logo-elevamon.png","contentUrl":"https:\/\/www.elevamon.com\/wp-content\/uploads\/2019\/12\/logo-elevamon.png","width":245,"height":205,"caption":"Elevam\u00f3n Elevadores S.L."},"image":{"@id":"https:\/\/www.elevamon.com\/ca\/#\/schema\/logo\/image\/"},"sameAs":["https:\/\/www.youtube.com\/channel\/UC6bKkiPq-5OK8IiQqcGTttg"]}]}},"_links":{"self":[{"href":"https:\/\/www.elevamon.com\/ca\/wp-json\/wp\/v2\/pages\/2528","targetHints":{"allow":["GET"]}}],"collection":[{"href":"https:\/\/www.elevamon.com\/ca\/wp-json\/wp\/v2\/pages"}],"about":[{"href":"https:\/\/www.elevamon.com\/ca\/wp-json\/wp\/v2\/types\/page"}],"author":[{"embeddable":true,"href":"https:\/\/www.elevamon.com\/ca\/wp-json\/wp\/v2\/users\/2"}],"replies":[{"embeddable":true,"href":"https:\/\/www.elevamon.com\/ca\/wp-json\/wp\/v2\/comments?post=2528"}],"version-history":[{"count":16,"href":"https:\/\/www.elevamon.com\/ca\/wp-json\/wp\/v2\/pages\/2528\/revisions"}],"predecessor-version":[{"id":2797,"href":"https:\/\/www.elevamon.com\/ca\/wp-json\/wp\/v2\/pages\/2528\/revisions\/2797"}],"wp:attachment":[{"href":"https:\/\/www.elevamon.com\/ca\/wp-json\/wp\/v2\/media?parent=2528"}],"curies":[{"name":"wp","href":"https:\/\/api.w.org\/{rel}","templated":true}]}}