{"id":2419,"date":"2023-12-14T17:15:32","date_gmt":"2023-12-14T17:15:32","guid":{"rendered":"https:\/\/www.elevamon.com\/nosaltres\/"},"modified":"2026-01-29T16:07:15","modified_gmt":"2026-01-29T16:07:15","slug":"nosaltres","status":"publish","type":"page","link":"https:\/\/www.elevamon.com\/ca\/nosaltres\/","title":{"rendered":"NOSALTRES"},"content":{"rendered":"<p>[et_pb_section fb_built=&#8221;1&#8243; _builder_version=&#8221;4.23.1&#8243; custom_padding=&#8221;||||false|false&#8221; collapsed=&#8221;off&#8221; global_colors_info=&#8221;{}&#8221;][et_pb_row use_custom_gutter=&#8221;on&#8221; gutter_width=&#8221;4&#8243; _builder_version=&#8221;4.16&#8243; custom_padding=&#8221;||3px|||&#8221; collapsed=&#8221;off&#8221; global_colors_info=&#8221;{}&#8221;][et_pb_column type=&#8221;4_4&#8243; _builder_version=&#8221;4.16&#8243; global_colors_info=&#8221;{}&#8221;][et_pb_text _builder_version=&#8221;4.23.1&#8243; header_line_height=&#8221;1.2em&#8221; header_2_font_size=&#8221;30px&#8221; header_2_line_height=&#8221;1.2em&#8221; header_3_line_height=&#8221;1.2em&#8221; custom_margin=&#8221;||1px|||&#8221; header_font_size_tablet=&#8221;24px&#8221; header_font_size_phone=&#8221;21px&#8221; header_font_size_last_edited=&#8221;on|phone&#8221; header_2_font_size_tablet=&#8221;30px&#8221; header_2_font_size_phone=&#8221;23px&#8221; header_2_font_size_last_edited=&#8221;on|phone&#8221; global_colors_info=&#8221;{}&#8221;]<\/p>\n<h1><strong>SOBRE NOSALTRES<\/strong><\/h1>\n<p>[\/et_pb_text][\/et_pb_column][\/et_pb_row][et_pb_row column_structure=&#8221;1_2,1_2&#8243; use_custom_gutter=&#8221;on&#8221; gutter_width=&#8221;4&#8243; _builder_version=&#8221;4.16&#8243; custom_padding=&#8221;14px||55px|||&#8221; collapsed=&#8221;off&#8221; global_colors_info=&#8221;{}&#8221;][et_pb_column type=&#8221;1_2&#8243; _builder_version=&#8221;4.16&#8243; global_colors_info=&#8221;{}&#8221;][et_pb_text _builder_version=&#8221;4.23.1&#8243; custom_margin=&#8221;||20px|||&#8221; global_colors_info=&#8221;{}&#8221;]<\/p>\n<p>Elevamon Elevadors, va ser fundada fa m\u00e9s de 15 anys i s&#8217;ha consolidat com a empresa l\u00edder de l&#8217;ascensor i del transport vertical. La nostra experi\u00e8ncia se centra en la instal\u00b7laci\u00f3, el manteniment i la reparaci\u00f3 d&#8217;una \u00e0mplia gamma d&#8217;aparells elevadors, convertint-nos en referents en el sector.<\/p>\n<p>Des dels nostres inicis, hem tingut un paper crucial al territori catal\u00e0, focalitzant la nostra pres\u00e8ncia a l&#8217;\u00e0rea metropolitana de Barcelona. Al llarg dels anys, hem constru\u00eft una reputaci\u00f3 s\u00f2lida gr\u00e0cies al nostre comprom\u00eds amb l&#8217;excel\u00b7l\u00e8ncia i la satisfacci\u00f3 del client.<\/p>\n<p>La nostra oferta inclou una diversitat de productes que engloben tota mena d&#8217;aparells elevadors. Entre ells hi ha ascensors dissenyats amb tecnologia d&#8217;avantguarda, muntac\u00e0rregues robustes i eficients, muntacotxes especialitzats per al transport de vehicles, muntaplats ideals per a entorns comercials i residencials, aix\u00ed com plataformes dissenyades espec\u00edficament per a persones de mobilitat redu\u00efda. A m\u00e9s, oferim solucions integrals relacionades amb el transport vertical de persones i mercaderies.<\/p>\n<p>A Elevamon Elevadors, no nom\u00e9s ens dediquem a la implementaci\u00f3 de solucions elevadores, sin\u00f3 que tamb\u00e9 ens comprometem amb la qualitat al llarg del temps. El nostre servei de manteniment i reparaci\u00f3 est\u00e0 dissenyat per garantir el rendiment \u00f2ptim de cada instal\u00b7laci\u00f3, brindant tranquil\u00b7litat als nostres clients i perllongant la vida \u00fatil dels seus equips.<\/p>\n<p>[\/et_pb_text][\/et_pb_column][et_pb_column type=&#8221;1_2&#8243; _builder_version=&#8221;4.16&#8243; global_colors_info=&#8221;{}&#8221;][et_pb_image src=&#8221;https:\/\/www.elevamon.com\/wp-content\/uploads\/2023\/12\/Elevamon-elevadores-ascensores-barcelona.jpg&#8221; alt=&#8221;Elevamon Elevadors | Instal\u00b7laci\u00f3 i manteniment d&#039;ascensors&#8221; title_text=&#8221;Elevamon Elevadors | Instal\u00b7laci\u00f3 i manteniment d&#039;ascensors&#8221; _builder_version=&#8221;4.23.1&#8243; _module_preset=&#8221;default&#8221; custom_margin=&#8221;||||false|false&#8221; global_colors_info=&#8221;{}&#8221;][\/et_pb_image][\/et_pb_column][\/et_pb_row][\/et_pb_section][et_pb_section fb_built=&#8221;1&#8243; _builder_version=&#8221;4.23.1&#8243; custom_padding=&#8221;0px||0px||true|false&#8221; locked=&#8221;off&#8221; collapsed=&#8221;off&#8221; global_colors_info=&#8221;{}&#8221;][et_pb_row column_structure=&#8221;3_5,1_5,1_5&#8243; use_custom_gutter=&#8221;on&#8221; gutter_width=&#8221;2&#8243; make_equal=&#8221;on&#8221; _builder_version=&#8221;4.23.1&#8243; custom_css_main_element=&#8221;align-items: center;&#8221; collapsed=&#8221;off&#8221; global_colors_info=&#8221;{}&#8221;][et_pb_column type=&#8221;3_5&#8243; _builder_version=&#8221;4.16&#8243; global_colors_info=&#8221;{}&#8221;][et_pb_text admin_label=&#8221;Texto&#8221; _builder_version=&#8221;4.23.1&#8243; header_4_text_align=&#8221;left&#8221; header_4_font_size=&#8221;20px&#8221; header_4_line_height=&#8221;1.2em&#8221; header_4_text_align_tablet=&#8221;center&#8221; header_4_text_align_phone=&#8221;center&#8221; header_4_text_align_last_edited=&#8221;on|tablet&#8221; global_colors_info=&#8221;{}&#8221;]<\/p>\n<h4><strong>Elevamon Elevadores forma part de FEPYMA (Federaci\u00f3 Espanyola de Pimes d&#8217;Ascensors) i agremiada al Grem\u00ed Empresarial d&#8217;Ascensor de Catalunya (GEDAC)<\/strong><\/h4>\n<p>[\/et_pb_text][\/et_pb_column][et_pb_column type=&#8221;1_5&#8243; _builder_version=&#8221;4.16&#8243; global_colors_info=&#8221;{}&#8221;][et_pb_image src=&#8221;https:\/\/www.elevamon.com\/wp-content\/uploads\/2023\/12\/logo-feyma.jpg&#8221; align=&#8221;center&#8221; disabled_on=&#8221;off|off|off&#8221; _builder_version=&#8221;4.23.1&#8243; width=&#8221;60%&#8221; width_tablet=&#8221;65%&#8221; width_phone=&#8221;50%&#8221; width_last_edited=&#8221;on|phone&#8221; global_colors_info=&#8221;{}&#8221;][\/et_pb_image][\/et_pb_column][et_pb_column type=&#8221;1_5&#8243; _builder_version=&#8221;4.16&#8243; global_colors_info=&#8221;{}&#8221;][et_pb_image src=&#8221;https:\/\/www.elevamon.com\/wp-content\/uploads\/2023\/12\/logo-gremi.jpg&#8221; align=&#8221;center&#8221; disabled_on=&#8221;off|off|off&#8221; _builder_version=&#8221;4.23.1&#8243; width=&#8221;100%&#8221; width_tablet=&#8221;90%&#8221; width_phone=&#8221;75%&#8221; width_last_edited=&#8221;on|phone&#8221; global_colors_info=&#8221;{}&#8221;][\/et_pb_image][\/et_pb_column][\/et_pb_row][\/et_pb_section][et_pb_section fb_built=&#8221;1&#8243; _builder_version=&#8221;4.23.1&#8243; background_color=&#8221;#c61b1b&#8221; custom_padding=&#8221;35px||35px||true|false&#8221; border_color_top=&#8221;#c61b1b&#8221; border_color_bottom=&#8221;#c61b1b&#8221; locked=&#8221;off&#8221; collapsed=&#8221;off&#8221; global_colors_info=&#8221;{}&#8221;][et_pb_row make_equal=&#8221;on&#8221; _builder_version=&#8221;4.16&#8243; custom_css_main_element=&#8221;align-items:center;&#8221; collapsed=&#8221;off&#8221; global_colors_info=&#8221;{}&#8221; column_structure=&#8221;3_4,1_4&#8243;][et_pb_column type=&#8221;3_4&#8243; _builder_version=&#8221;4.16&#8243; global_colors_info=&#8221;{}&#8221;][et_pb_text admin_label=&#8221;Texto&#8221; _builder_version=&#8221;4.27.4&#8243; text_font=&#8221;|600|||||||&#8221; text_font_size=&#8221;17px&#8221; text_line_height=&#8221;1.4em&#8221; header_2_text_align=&#8221;left&#8221; header_2_line_height=&#8221;1.4em&#8221; background_layout=&#8221;dark&#8221; hover_enabled=&#8221;0&#8243; text_font_size_last_edited=&#8221;off|phone&#8221; header_2_text_align_tablet=&#8221;center&#8221; header_2_text_align_phone=&#8221;center&#8221; header_2_text_align_last_edited=&#8221;on|phone&#8221; text_orientation_tablet=&#8221;justified&#8221; text_orientation_phone=&#8221;justified&#8221; text_orientation_last_edited=&#8221;on|phone&#8221; global_colors_info=&#8221;{}&#8221; sticky_enabled=&#8221;0&#8243;]<\/p>\n<h2><strong>Qualitat, professionalitat i comprom\u00eds<\/strong><\/h2>\n<p>Ubicada a Rub\u00ed, la nostra companyia especialitzada en la instal\u00b7laci\u00f3 i cura d&#8217;ascensors presta els seus serveis al Vall\u00e8s Occidental, Barcelona i tot el territori catal\u00e0. Des de la instal\u00b7laci\u00f3 inicial fins al manteniment regular, ens empenyem a assegurar la seguretat i efic\u00e0cia de cada ascensor, comprometent-nos sempre amb l&#8217;excel\u00b7l\u00e8ncia i la qualitat. Si esteu buscant una empresa de confian\u00e7a que optimitzi la mobilitat a la vostra comunitat, empresa, llar o qualsevol altra estructura, no dubteu a posar-vos en contacte amb nosaltres.<\/p>\n<p>[\/et_pb_text][\/et_pb_column][et_pb_column type=&#8221;1_4&#8243; _builder_version=&#8221;4.16&#8243; global_colors_info=&#8221;{}&#8221;][et_pb_button button_url=&#8221;https:\/\/www.elevamon.com\/ca\/contacti-amb-elevamon-manteniment-elevadors-ascensors\/&#8221; button_text=&#8221;CONTACTAR&#8221; button_alignment=&#8221;center&#8221; _builder_version=&#8221;4.23.1&#8243; custom_button=&#8221;on&#8221; button_text_size=&#8221;18px&#8221; button_text_color=&#8221;#ffffff&#8221; button_bg_color=&#8221;#c61b1b&#8221; button_border_width=&#8221;2px&#8221; button_border_color=&#8221;#FFFFFF&#8221; button_font=&#8221;|600|||||||&#8221; button_icon=&#8221;&#x39;||divi||400&#8243; background_layout=&#8221;dark&#8221; global_colors_info=&#8221;{}&#8221;][\/et_pb_button][\/et_pb_column][\/et_pb_row][\/et_pb_section]<\/p>\n","protected":false},"excerpt":{"rendered":"<p>SOBRE NOSALTRESElevamon Elevadors, va ser fundada fa m\u00e9s de 15 anys i s&#8217;ha consolidat com a empresa l\u00edder de l&#8217;ascensor i del transport vertical. La nostra experi\u00e8ncia se centra en la instal\u00b7laci\u00f3, el manteniment i la reparaci\u00f3 d&#8217;una \u00e0mplia gamma d&#8217;aparells elevadors, convertint-nos en referents en el sector. Des dels nostres inicis, hem tingut un [&hellip;]<\/p>\n","protected":false},"author":2,"featured_media":0,"parent":0,"menu_order":0,"comment_status":"closed","ping_status":"closed","template":"","meta":{"_et_pb_use_builder":"on","_et_pb_old_content":"","_et_gb_content_width":"","footnotes":""},"class_list":["post-2419","page","type-page","status-publish","hentry"],"yoast_head":"<!-- This site is optimized with the Yoast SEO plugin v26.8 - https:\/\/yoast.com\/product\/yoast-seo-wordpress\/ -->\n<title>Nosaltres | Elevamon Elevadors - Manteniment d&#039;ascensors<\/title>\n<meta name=\"description\" content=\"A Elevamon Elevadores fa m\u00e9s de 15 anys que treballem en la instal\u00b7laci\u00f3, manteniment i reparaci\u00f3 d&#039;ascensors a tot Barcelona.\" \/>\n<meta name=\"robots\" content=\"index, follow, max-snippet:-1, max-image-preview:large, max-video-preview:-1\" \/>\n<link rel=\"canonical\" href=\"https:\/\/www.elevamon.com\/ca\/nosaltres\/\" \/>\n<meta property=\"og:locale\" content=\"ca_ES\" \/>\n<meta property=\"og:type\" content=\"article\" \/>\n<meta property=\"og:title\" content=\"Nosaltres | Elevamon Elevadors - Manteniment d&#039;ascensors\" \/>\n<meta property=\"og:description\" content=\"A Elevamon Elevadores fa m\u00e9s de 15 anys que treballem en la instal\u00b7laci\u00f3, manteniment i reparaci\u00f3 d&#039;ascensors a tot Barcelona.\" \/>\n<meta property=\"og:url\" content=\"https:\/\/www.elevamon.com\/ca\/nosaltres\/\" \/>\n<meta property=\"og:site_name\" content=\"Elevamon Elevadores S.L.\" \/>\n<meta property=\"article:modified_time\" content=\"2026-01-29T16:07:15+00:00\" \/>\n<meta name=\"twitter:card\" content=\"summary_large_image\" \/>\n<meta name=\"twitter:label1\" content=\"Temps estimat de lectura\" \/>\n\t<meta name=\"twitter:data1\" content=\"5 minuts\" \/>\n<script type=\"application\/ld+json\" class=\"yoast-schema-graph\">{\"@context\":\"https:\/\/schema.org\",\"@graph\":[{\"@type\":\"WebPage\",\"@id\":\"https:\/\/www.elevamon.com\/ca\/nosaltres\/\",\"url\":\"https:\/\/www.elevamon.com\/ca\/nosaltres\/\",\"name\":\"Nosaltres | Elevamon Elevadors - Manteniment d'ascensors\",\"isPartOf\":{\"@id\":\"https:\/\/www.elevamon.com\/ca\/#website\"},\"datePublished\":\"2023-12-14T17:15:32+00:00\",\"dateModified\":\"2026-01-29T16:07:15+00:00\",\"description\":\"A Elevamon Elevadores fa m\u00e9s de 15 anys que treballem en la instal\u00b7laci\u00f3, manteniment i reparaci\u00f3 d'ascensors a tot Barcelona.\",\"breadcrumb\":{\"@id\":\"https:\/\/www.elevamon.com\/ca\/nosaltres\/#breadcrumb\"},\"inLanguage\":\"ca\",\"potentialAction\":[{\"@type\":\"ReadAction\",\"target\":[\"https:\/\/www.elevamon.com\/ca\/nosaltres\/\"]}]},{\"@type\":\"BreadcrumbList\",\"@id\":\"https:\/\/www.elevamon.com\/ca\/nosaltres\/#breadcrumb\",\"itemListElement\":[{\"@type\":\"ListItem\",\"position\":1,\"name\":\"Portada\",\"item\":\"https:\/\/www.elevamon.com\/ca\/inici\/\"},{\"@type\":\"ListItem\",\"position\":2,\"name\":\"NOSALTRES\"}]},{\"@type\":\"WebSite\",\"@id\":\"https:\/\/www.elevamon.com\/ca\/#website\",\"url\":\"https:\/\/www.elevamon.com\/ca\/\",\"name\":\"Elevamon Elevadores S.L.\",\"description\":\"Mantenimiento de Ascensores Barcelona y Rub&iacute; | Instalaci&oacute;n, mantenimiento y reparaci&oacute;n de ascensores\",\"publisher\":{\"@id\":\"https:\/\/www.elevamon.com\/ca\/#organization\"},\"potentialAction\":[{\"@type\":\"SearchAction\",\"target\":{\"@type\":\"EntryPoint\",\"urlTemplate\":\"https:\/\/www.elevamon.com\/ca\/?s={search_term_string}\"},\"query-input\":{\"@type\":\"PropertyValueSpecification\",\"valueRequired\":true,\"valueName\":\"search_term_string\"}}],\"inLanguage\":\"ca\"},{\"@type\":\"Organization\",\"@id\":\"https:\/\/www.elevamon.com\/ca\/#organization\",\"name\":\"Elevam\u00f3n Elevadores S.L.\",\"url\":\"https:\/\/www.elevamon.com\/ca\/\",\"logo\":{\"@type\":\"ImageObject\",\"inLanguage\":\"ca\",\"@id\":\"https:\/\/www.elevamon.com\/ca\/#\/schema\/logo\/image\/\",\"url\":\"https:\/\/www.elevamon.com\/wp-content\/uploads\/2019\/12\/logo-elevamon.png\",\"contentUrl\":\"https:\/\/www.elevamon.com\/wp-content\/uploads\/2019\/12\/logo-elevamon.png\",\"width\":245,\"height\":205,\"caption\":\"Elevam\u00f3n Elevadores S.L.\"},\"image\":{\"@id\":\"https:\/\/www.elevamon.com\/ca\/#\/schema\/logo\/image\/\"},\"sameAs\":[\"https:\/\/www.youtube.com\/channel\/UC6bKkiPq-5OK8IiQqcGTttg\"]}]}<\/script>\n<!-- \/ Yoast SEO plugin. -->","yoast_head_json":{"title":"Nosaltres | Elevamon Elevadors - Manteniment d'ascensors","description":"A Elevamon Elevadores fa m\u00e9s de 15 anys que treballem en la instal\u00b7laci\u00f3, manteniment i reparaci\u00f3 d'ascensors a tot Barcelona.","robots":{"index":"index","follow":"follow","max-snippet":"max-snippet:-1","max-image-preview":"max-image-preview:large","max-video-preview":"max-video-preview:-1"},"canonical":"https:\/\/www.elevamon.com\/ca\/nosaltres\/","og_locale":"ca_ES","og_type":"article","og_title":"Nosaltres | Elevamon Elevadors - Manteniment d'ascensors","og_description":"A Elevamon Elevadores fa m\u00e9s de 15 anys que treballem en la instal\u00b7laci\u00f3, manteniment i reparaci\u00f3 d'ascensors a tot Barcelona.","og_url":"https:\/\/www.elevamon.com\/ca\/nosaltres\/","og_site_name":"Elevamon Elevadores S.L.","article_modified_time":"2026-01-29T16:07:15+00:00","twitter_card":"summary_large_image","twitter_misc":{"Temps estimat de lectura":"5 minuts"},"schema":{"@context":"https:\/\/schema.org","@graph":[{"@type":"WebPage","@id":"https:\/\/www.elevamon.com\/ca\/nosaltres\/","url":"https:\/\/www.elevamon.com\/ca\/nosaltres\/","name":"Nosaltres | Elevamon Elevadors - Manteniment d'ascensors","isPartOf":{"@id":"https:\/\/www.elevamon.com\/ca\/#website"},"datePublished":"2023-12-14T17:15:32+00:00","dateModified":"2026-01-29T16:07:15+00:00","description":"A Elevamon Elevadores fa m\u00e9s de 15 anys que treballem en la instal\u00b7laci\u00f3, manteniment i reparaci\u00f3 d'ascensors a tot Barcelona.","breadcrumb":{"@id":"https:\/\/www.elevamon.com\/ca\/nosaltres\/#breadcrumb"},"inLanguage":"ca","potentialAction":[{"@type":"ReadAction","target":["https:\/\/www.elevamon.com\/ca\/nosaltres\/"]}]},{"@type":"BreadcrumbList","@id":"https:\/\/www.elevamon.com\/ca\/nosaltres\/#breadcrumb","itemListElement":[{"@type":"ListItem","position":1,"name":"Portada","item":"https:\/\/www.elevamon.com\/ca\/inici\/"},{"@type":"ListItem","position":2,"name":"NOSALTRES"}]},{"@type":"WebSite","@id":"https:\/\/www.elevamon.com\/ca\/#website","url":"https:\/\/www.elevamon.com\/ca\/","name":"Elevamon Elevadores S.L.","description":"Mantenimiento de Ascensores Barcelona y Rub&iacute; | Instalaci&oacute;n, mantenimiento y reparaci&oacute;n de ascensores","publisher":{"@id":"https:\/\/www.elevamon.com\/ca\/#organization"},"potentialAction":[{"@type":"SearchAction","target":{"@type":"EntryPoint","urlTemplate":"https:\/\/www.elevamon.com\/ca\/?s={search_term_string}"},"query-input":{"@type":"PropertyValueSpecification","valueRequired":true,"valueName":"search_term_string"}}],"inLanguage":"ca"},{"@type":"Organization","@id":"https:\/\/www.elevamon.com\/ca\/#organization","name":"Elevam\u00f3n Elevadores S.L.","url":"https:\/\/www.elevamon.com\/ca\/","logo":{"@type":"ImageObject","inLanguage":"ca","@id":"https:\/\/www.elevamon.com\/ca\/#\/schema\/logo\/image\/","url":"https:\/\/www.elevamon.com\/wp-content\/uploads\/2019\/12\/logo-elevamon.png","contentUrl":"https:\/\/www.elevamon.com\/wp-content\/uploads\/2019\/12\/logo-elevamon.png","width":245,"height":205,"caption":"Elevam\u00f3n Elevadores S.L."},"image":{"@id":"https:\/\/www.elevamon.com\/ca\/#\/schema\/logo\/image\/"},"sameAs":["https:\/\/www.youtube.com\/channel\/UC6bKkiPq-5OK8IiQqcGTttg"]}]}},"_links":{"self":[{"href":"https:\/\/www.elevamon.com\/ca\/wp-json\/wp\/v2\/pages\/2419","targetHints":{"allow":["GET"]}}],"collection":[{"href":"https:\/\/www.elevamon.com\/ca\/wp-json\/wp\/v2\/pages"}],"about":[{"href":"https:\/\/www.elevamon.com\/ca\/wp-json\/wp\/v2\/types\/page"}],"author":[{"embeddable":true,"href":"https:\/\/www.elevamon.com\/ca\/wp-json\/wp\/v2\/users\/2"}],"replies":[{"embeddable":true,"href":"https:\/\/www.elevamon.com\/ca\/wp-json\/wp\/v2\/comments?post=2419"}],"version-history":[{"count":5,"href":"https:\/\/www.elevamon.com\/ca\/wp-json\/wp\/v2\/pages\/2419\/revisions"}],"predecessor-version":[{"id":3064,"href":"https:\/\/www.elevamon.com\/ca\/wp-json\/wp\/v2\/pages\/2419\/revisions\/3064"}],"wp:attachment":[{"href":"https:\/\/www.elevamon.com\/ca\/wp-json\/wp\/v2\/media?parent=2419"}],"curies":[{"name":"wp","href":"https:\/\/api.w.org\/{rel}","templated":true}]}}