{"id":1136,"date":"2020-02-06T17:07:06","date_gmt":"2020-02-06T17:07:06","guid":{"rendered":"https:\/\/www.elevamon.com\/?page_id=1136"},"modified":"2020-02-06T17:07:12","modified_gmt":"2020-02-06T17:07:12","slug":"pujaescales","status":"publish","type":"page","link":"https:\/\/www.elevamon.com\/ca\/pujaescales\/","title":{"rendered":"PUJAESCALES"},"content":{"rendered":"<p>[et_pb_section fb_built=&#8221;1&#8243; _builder_version=&#8221;4.0.7&#8243; background_image=&#8221;https:\/\/www.elevamon.com\/wp-content\/uploads\/2020\/01\/catalogo-de-productos-INTRO-elevamon-elevadores.jpg&#8221; custom_padding=&#8221;||114px|||&#8221; collapsed=&#8221;off&#8221;][et_pb_row column_structure=&#8221;1_2,1_2&#8243; _builder_version=&#8221;4.0.7&#8243;][et_pb_column type=&#8221;1_2&#8243; _builder_version=&#8221;4.0.7&#8243;][\/et_pb_column][et_pb_column type=&#8221;1_2&#8243; _builder_version=&#8221;4.0.7&#8243;][et_pb_text _builder_version=&#8221;4.2.2&#8243; header_font=&#8221;|700|||||||&#8221; header_text_align=&#8221;right&#8221; header_font_size=&#8221;27px&#8221; header_line_height=&#8221;1.3em&#8221; header_3_font=&#8221;|700|||||||&#8221; header_3_text_color=&#8221;#e02b20&#8243; header_3_font_size=&#8221;18px&#8221; background_layout=&#8221;dark&#8221; animation_style=&#8221;slide&#8221; animation_direction=&#8221;top&#8221;]<\/p>\n<h1 style=\"text-align: right;\">TROBA TOT EL QUE BUSQUES<\/h1>\n<h3 style=\"text-align: right;\">EN EL NOSTRE CAT\u00c0LEG DE PRODUCTES<\/h3>\n<p>[\/et_pb_text][\/et_pb_column][\/et_pb_row][\/et_pb_section][et_pb_section fb_built=&#8221;1&#8243; _builder_version=&#8221;4.0.7&#8243; custom_padding=&#8221;||0px|||&#8221;][et_pb_row _builder_version=&#8221;4.0.7&#8243; custom_padding=&#8221;||0px|||&#8221;][et_pb_column type=&#8221;4_4&#8243; _builder_version=&#8221;4.0.7&#8243;][et_pb_text _builder_version=&#8221;4.2.2&#8243;]<\/p>\n<p><a href=\"https:\/\/www.elevamon.com\/cataleg-de-productes\/?lang=ca\">CAT\u00c0LEG DE PRODUCTES<\/a> \/ PUJAESCALES<\/p>\n<p>[\/et_pb_text][et_pb_divider divider_weight=&#8221;1px&#8221; _builder_version=&#8221;4.0.7&#8243;][\/et_pb_divider][\/et_pb_column][\/et_pb_row][\/et_pb_section][et_pb_section fb_built=&#8221;1&#8243; _builder_version=&#8221;4.0.7&#8243; collapsed=&#8221;off&#8221;][et_pb_row column_structure=&#8221;1_2,1_2&#8243; _builder_version=&#8221;4.0.7&#8243;][et_pb_column type=&#8221;1_2&#8243; _builder_version=&#8221;4.0.7&#8243;][et_pb_text _builder_version=&#8221;4.2.2&#8243;]<\/p>\n<h3><strong>PUJAESCALES VERTICAL<\/strong><\/h3>\n<p>[\/et_pb_text][et_pb_text _builder_version=&#8221;4.2.2&#8243;]<\/p>\n<h5><strong>PUJAESCALES HIDR\u00c0ULIC &#8211; DHM OPEN<\/strong><\/h5>\n<p style=\"text-align: justify;\">La plataforma model DHM Open \u00e9s la millor soluci\u00f3 hidr\u00e0ulica per aconseguir un despla\u00e7ament vertical de fins a 3 metres de recorregut.<\/p>\n<p class=\"nota\" style=\"text-align: justify;\">PLATAFORMA ELEVADORA FABRICADA ACORD AMB LA DIRECTIVA DE M\u00c0QUINES 2006\/42 \/ CE I A la NORMA HARMONITZADA EN81 \/ 41<\/p>\n<p>[\/et_pb_text][\/et_pb_column][et_pb_column type=&#8221;1_2&#8243; _builder_version=&#8221;4.0.7&#8243;][et_pb_image src=&#8221;https:\/\/www.elevamon.com\/wp-content\/uploads\/2020\/01\/salvaescalera-vertical-elevamon-elevadores-01.jpg&#8221; show_in_lightbox=&#8221;on&#8221; _builder_version=&#8221;4.0.7&#8243; width=&#8221;90%&#8221; animation_direction=&#8221;bottom&#8221;][\/et_pb_image][\/et_pb_column][\/et_pb_row][et_pb_row column_structure=&#8221;1_2,1_2&#8243; _builder_version=&#8221;4.0.7&#8243;][et_pb_column type=&#8221;1_2&#8243; _builder_version=&#8221;4.0.7&#8243;][et_pb_text _builder_version=&#8221;4.2.2&#8243;]<\/p>\n<h5><strong>PUJAESCALES EL\u00c8CTRIC &#8211; DHSE<\/strong><\/h5>\n<p style=\"text-align: justify;\">La plataforma elevadora pujaescales model DHSE \u00e9s la millor soluci\u00f3 per al despla\u00e7ament vertical de persones amb mobilitat redu\u00efda.<\/p>\n<p style=\"text-align: justify;\">PLATAFORMA ELEVADORA FABRICADA CONFORME A les DISPOSICIONS DE LA DIRECTIVA DE M\u00c0QUINES 2006\/42-CE.<\/p>\n<p>[\/et_pb_text][\/et_pb_column][et_pb_column type=&#8221;1_2&#8243; _builder_version=&#8221;4.0.7&#8243;][et_pb_image src=&#8221;https:\/\/www.elevamon.com\/wp-content\/uploads\/2020\/01\/salvaescalera-vertical-elevamon-elevadores-03.jpg&#8221; show_in_lightbox=&#8221;on&#8221; _builder_version=&#8221;4.0.7&#8243; width=&#8221;90%&#8221; animation_direction=&#8221;bottom&#8221;][\/et_pb_image][\/et_pb_column][\/et_pb_row][et_pb_row _builder_version=&#8221;4.0.7&#8243;][et_pb_column type=&#8221;4_4&#8243; _builder_version=&#8221;4.0.7&#8243;][et_pb_divider divider_weight=&#8221;2px&#8221; _builder_version=&#8221;4.0.7&#8243; width=&#8221;50%&#8221; module_alignment=&#8221;center&#8221; custom_margin=&#8221;||||false|false&#8221; custom_padding=&#8221;15px||15px||false|false&#8221;][\/et_pb_divider][\/et_pb_column][\/et_pb_row][\/et_pb_section][et_pb_section fb_built=&#8221;1&#8243; _builder_version=&#8221;4.0.7&#8243; collapsed=&#8221;off&#8221;][et_pb_row column_structure=&#8221;1_2,1_2&#8243; _builder_version=&#8221;4.0.7&#8243;][et_pb_column type=&#8221;1_2&#8243; _builder_version=&#8221;4.0.7&#8243;][et_pb_text _builder_version=&#8221;4.2.2&#8243;]<\/p>\n<h3><strong>PUJAESCALES INCLINADA<\/strong><\/h3>\n<p>[\/et_pb_text][et_pb_text _builder_version=&#8221;4.2.2&#8243;]<\/p>\n<h5><strong>PLATAFORMA ELEVADORA INCLINADA PER A PERSONES &#8211; DHI (2020)<\/strong><\/h5>\n<p style=\"text-align: justify;\">La plataforma salva escales inclinada model DHI per escales rectes, \u00e9s una soluci\u00f3 funcional, ergon\u00f2mica i segura per al transport de persones tant a nivell particular com de p\u00fablica concurr\u00e8ncia.<\/p>\n<p style=\"text-align: justify;\">Plataforma elevadora fabricada d&#8217;acord amb la Directiva de M\u00e0quines 2006\/42 \/ CE i la EN81 \/ 40.<\/p>\n<p>[\/et_pb_text][\/et_pb_column][et_pb_column type=&#8221;1_2&#8243; _builder_version=&#8221;4.0.7&#8243;][et_pb_gallery gallery_ids=&#8221;885,886&#8243; fullwidth=&#8221;on&#8221; _builder_version=&#8221;4.0.7&#8243;][\/et_pb_gallery][\/et_pb_column][\/et_pb_row][et_pb_row column_structure=&#8221;2_5,3_5&#8243; _builder_version=&#8221;4.0.7&#8243;][et_pb_column type=&#8221;2_5&#8243; _builder_version=&#8221;4.0.7&#8243;][et_pb_text _builder_version=&#8221;4.2.2&#8243;]<\/p>\n<h5><strong>PLATAFORMA PUJAESCALES D\u00c9COR<\/strong><\/h5>\n<p><strong>CARACTER\u00cdSTIQUES PRINCIPALS<\/strong><\/p>\n<ul>\n<li>Instal\u00b7laci\u00f3 en escales corbes.<\/li>\n<li>Sistema de tracci\u00f3 mitjan\u00e7ant cadena de boles.<\/li>\n<li>Versi\u00f3 per a interior i intemp\u00e8rie.<\/li>\n<li>Diferents sistemes de fixaci\u00f3 (pals, pals fixats a lateral de l&#8217;esgla\u00f3, fixaci\u00f3 a la paret i pals centrals).<\/li>\n<li>Funciona amb corrent.<\/li>\n<li>Polsador mantingut (s&#8217;ha d&#8217;estar estrenyent per accionar el moviment).<\/li>\n<li>Plataforma completament plegable (manual).<\/li>\n<li>Bra\u00e7os de seguretat i rampes d&#8217;acc\u00e9s.<\/li>\n<li>Sensors de seguretat sensibles a el tacte.<\/li>\n<li>Sortida gradual i arribada amb velocitat redu\u00efda.<\/li>\n<li>Sistema de desacceleraci\u00f3 en corba.<\/li>\n<li>Silenciosa, c\u00f2moda i segura.<\/li>\n<\/ul>\n<p><strong>OPCIONS<\/strong><\/p>\n<ul>\n<li>Acc\u00e9s lateral.<\/li>\n<li>Bateries.<\/li>\n<li>Plegat autom\u00e0tic.<\/li>\n<li>Senyals \u00f2ptiques i ac\u00fastiques.<\/li>\n<li>Seient abatible.<\/li>\n<li>Pal-suport comandament.<\/li>\n<li>Comandament per a control plataforma per ajudant.<\/li>\n<li>Des comandament paret conduir plataforma desplegada.<\/li>\n<\/ul>\n<p>[\/et_pb_text][\/et_pb_column][et_pb_column type=&#8221;3_5&#8243; _builder_version=&#8221;4.0.7&#8243;][et_pb_gallery gallery_ids=&#8221;891,893,892,890,894,889&#8243; fullwidth=&#8221;on&#8221; _builder_version=&#8221;4.0.7&#8243; max_height=&#8221;400px&#8221; auto=&#8221;on&#8221; auto_speed=&#8221;5000&#8243;][\/et_pb_gallery][et_pb_text _builder_version=&#8221;4.2.2&#8243;]<\/p>\n<p><strong>INFORMACI\u00d3 T\u00c8CNICA<\/strong><\/p>\n<ul>\n<li>Capacitat de c\u00e0rrega m\u00e0xima fins a 225kg.<\/li>\n<li>Inclinaci\u00f3 m\u00e0xima: 60\u00ba.<\/li>\n<li>La intromissi\u00f3 m\u00e9s petita de mercat, nom\u00e9s 365mm (plataforma tancada amb fixaci\u00f3 a paret) i 445mm (plataforma tancada amb fixaci\u00f3 a pals).<\/li>\n<li>Motor: 1,1 \/ 1,5 kW.<\/li>\n<li>Carregador: 230V.<\/li>\n<li>Velocitat: 0,10m \/ s.<\/li>\n<li>Pot\u00e8ncia: 1,1 \/ 1,5Kw.<\/li>\n<li>Diferents mesures de plataforma: m\u00ednim 750x600mm i m\u00e0xim 800x1000mm.<\/li>\n<li>Accessos a la plataforma: frontal, lateral (nom\u00e9s en versi\u00f3 autom\u00e0tica) i posterior.<\/li>\n<\/ul>\n<p>[\/et_pb_text][\/et_pb_column][\/et_pb_row][et_pb_row _builder_version=&#8221;4.0.7&#8243;][et_pb_column type=&#8221;4_4&#8243; _builder_version=&#8221;4.0.7&#8243;][et_pb_divider divider_weight=&#8221;2px&#8221; _builder_version=&#8221;4.0.7&#8243; width=&#8221;50%&#8221; module_alignment=&#8221;center&#8221; custom_margin=&#8221;||||false|false&#8221; custom_padding=&#8221;15px||15px||false|false&#8221;][\/et_pb_divider][\/et_pb_column][\/et_pb_row][\/et_pb_section][et_pb_section fb_built=&#8221;1&#8243; _builder_version=&#8221;4.0.7&#8243; collapsed=&#8221;off&#8221;][et_pb_row column_structure=&#8221;2_5,3_5&#8243; _builder_version=&#8221;4.0.7&#8243;][et_pb_column type=&#8221;2_5&#8243; _builder_version=&#8221;4.0.7&#8243;][et_pb_text _builder_version=&#8221;4.2.2&#8243;]<\/p>\n<h3><strong>CADIRA PUJAESCALES INCLINADA<\/strong><\/h3>\n<p>[\/et_pb_text][et_pb_text _builder_version=&#8221;4.2.2&#8243;]<\/p>\n<h5><strong>CADIRA PUJAESCALES FIDUS<\/strong><\/h5>\n<p><strong>CARACTER\u00cdSTIQUES PRINCIPALS<\/strong><\/p>\n<ul>\n<li>Per trams d&#8217;escala rectes.<\/li>\n<li>Fixaci\u00f3 als graons.<\/li>\n<li>Sistema de tracci\u00f3 mitjan\u00e7ant cremallera i piny\u00f3.<\/li>\n<li>Sensors antiobstacles sensibles a el tacte.<\/li>\n<li>Baix consum el\u00e8ctric.<\/li>\n<li>Seient plegable i giratori manualment.<\/li>\n<li>Moqueta antilliscant en el reposapeus.<\/li>\n<li>Funciona amb bateries.<\/li>\n<li>La cadira c\u00e0rrega en tota la seva longitud.<\/li>\n<li>Dos comandaments a dist\u00e0ncia amb botons (Pujar \/ Baixar).<\/li>\n<li>Punt de llum en planta baixa o en planta superior.<\/li>\n<li>Instal\u00b7laci\u00f3 r\u00e0pida i sense obres. Clau de seguretat (en el reposabra\u00e7os).<\/li>\n<li>Tapisseria en color beix de f\u00e0cil neteja.<\/li>\n<li>Muntatge a banda i banda de l&#8217;escala.<\/li>\n<li>Pantalla LCD d&#8217;autodiagn\u00f2stic per localitzar r\u00e0pidament les avaries.<\/li>\n<li>Cintur\u00f3 de seguretat de s\u00e8rie.<\/li>\n<li>C\u00f2moda, \u00e0gil, segura i silenciosa.<\/li>\n<li>Opci\u00f3 de tram articulat o lliscant.<\/li>\n<li>Nom\u00e9s per a ambients interiors.<\/li>\n<li>Polsador mantingut.<\/li>\n<\/ul>\n<p>[\/et_pb_text][\/et_pb_column][et_pb_column type=&#8221;3_5&#8243; _builder_version=&#8221;4.0.7&#8243;][et_pb_gallery gallery_ids=&#8221;902,898,899,897,901,900&#8243; fullwidth=&#8221;on&#8221; _builder_version=&#8221;4.0.7&#8243; max_height=&#8221;400px&#8221; auto=&#8221;on&#8221; auto_speed=&#8221;5000&#8243;][\/et_pb_gallery][et_pb_text _builder_version=&#8221;4.2.2&#8243;]<\/p>\n<p><strong>INFORMACI\u00d3 T\u00c8CNICA<\/strong><\/p>\n<ul>\n<li>Recorregut m\u00e0xim fins 9 m.<\/li>\n<li>Guia d&#8217;alumini.<\/li>\n<li>Capacitat m\u00e0xima de c\u00e0rrega fins 140kg.<\/li>\n<li>Inclinaci\u00f3 m\u00e0xima: 50\u00ba.<\/li>\n<li>Energia 24v DC Bateria<\/li>\n<li>Velocitat: 0,12M \/ s.<\/li>\n<li>Espai d&#8217;estacionament inferior aproximat requerit: 680mm.<\/li>\n<li>Carregador incl\u00f2s.<\/li>\n<li>Bateries: la cadira pot utilitzar temporalment sense corrent.<\/li>\n<li>Punt de llum 200 mm horitzontal des vora escala i 300 vertical des de terra (perqu\u00e8 no hi hagi interfer\u00e8ncia entre la guia i el carregador).<\/li>\n<\/ul>\n<p>[\/et_pb_text][\/et_pb_column][\/et_pb_row][\/et_pb_section]<\/p>\n","protected":false},"excerpt":{"rendered":"<p>TROBA TOT EL QUE BUSQUES EN EL NOSTRE CAT\u00c0LEG DE PRODUCTESCAT\u00c0LEG DE PRODUCTES \/ PUJAESCALESPUJAESCALES VERTICALPUJAESCALES HIDR\u00c0ULIC &#8211; DHM OPEN La plataforma model DHM Open \u00e9s la millor soluci\u00f3 hidr\u00e0ulica per aconseguir un despla\u00e7ament vertical de fins a 3 metres de recorregut. PLATAFORMA ELEVADORA FABRICADA ACORD AMB LA DIRECTIVA DE M\u00c0QUINES 2006\/42 \/ CE I [&hellip;]<\/p>\n","protected":false},"author":2,"featured_media":0,"parent":0,"menu_order":0,"comment_status":"closed","ping_status":"closed","template":"","meta":{"_et_pb_use_builder":"on","_et_pb_old_content":"<p>[et_pb_section fb_built=\"1\" _builder_version=\"4.0.7\" background_image=\"https:\/\/www.elevamon.com\/wp-content\/uploads\/2020\/01\/catalogo-de-productos-INTRO-elevamon-elevadores.jpg\" custom_padding=\"||114px|||\" collapsed=\"off\"][et_pb_row column_structure=\"1_2,1_2\" _builder_version=\"4.0.7\"][et_pb_column type=\"1_2\" _builder_version=\"4.0.7\"][\/et_pb_column][et_pb_column type=\"1_2\" _builder_version=\"4.0.7\"][et_pb_text _builder_version=\"4.0.7\" header_font=\"|700|||||||\" header_text_align=\"right\" header_font_size=\"27px\" header_line_height=\"1.3em\" header_3_font=\"|700|||||||\" header_3_text_color=\"#e02b20\" header_3_font_size=\"18px\" background_layout=\"dark\" animation_style=\"slide\" animation_direction=\"top\"]<\/p><h1 style=\"text-align: right;\">ENCUENTRA TODO LO QUE BUSCAS<\/h1><h3 style=\"text-align: right;\">EN NUESTRO CAT\u00c1LOGO DE PRODUCTOS<\/h3><p>[\/et_pb_text][\/et_pb_column][\/et_pb_row][\/et_pb_section][et_pb_section fb_built=\"1\" _builder_version=\"4.0.7\" custom_padding=\"||0px|||\"][et_pb_row _builder_version=\"4.0.7\" custom_padding=\"||0px|||\"][et_pb_column type=\"4_4\" _builder_version=\"4.0.7\"][et_pb_text _builder_version=\"4.0.7\"]<\/p><p><a href=\"https:\/\/www.elevamon.com\/catalogo-de-productos\/\">CAT\u00c1LOGO DE PRODUCTOS<\/a> \/ SALVAESCALERAS<\/p><p>[\/et_pb_text][et_pb_divider divider_weight=\"1px\" _builder_version=\"4.0.7\"][\/et_pb_divider][\/et_pb_column][\/et_pb_row][\/et_pb_section][et_pb_section fb_built=\"1\" _builder_version=\"4.0.7\" collapsed=\"off\"][et_pb_row column_structure=\"1_2,1_2\" _builder_version=\"4.0.7\"][et_pb_column type=\"1_2\" _builder_version=\"4.0.7\"][et_pb_text _builder_version=\"4.0.7\"]<\/p><h3><strong>SALVAESCALERA VERTICAL<\/strong><\/h3><p>[\/et_pb_text][et_pb_text _builder_version=\"4.0.7\"]<\/p><h5><strong>SALVAESCALERA HIDR\u00c1ULICO - DHM OPEN<\/strong><\/h5><p>La plataforma modelo DHM Open es la mejor soluci\u00f3n hidr\u00e1ulica para conseguir un desplazamiento vertical de hasta 3 metros de recorrido.<\/p><p class=\"nota\">PLATAFORMA ELEVADORA FABRICADA CONFORME A LA DIRECTIVA DE M\u00c1QUINAS 2006\/42\/CE Y A LA NORMA ARMONIZADA EN81\/41<\/p><p>[\/et_pb_text][\/et_pb_column][et_pb_column type=\"1_2\" _builder_version=\"4.0.7\"][et_pb_image src=\"https:\/\/www.elevamon.com\/wp-content\/uploads\/2020\/01\/salvaescalera-vertical-elevamon-elevadores-01.jpg\" show_in_lightbox=\"on\" _builder_version=\"4.0.7\" width=\"90%\" animation_direction=\"bottom\"][\/et_pb_image][\/et_pb_column][\/et_pb_row][et_pb_row column_structure=\"1_2,1_2\" _builder_version=\"4.0.7\"][et_pb_column type=\"1_2\" _builder_version=\"4.0.7\"][et_pb_text _builder_version=\"4.0.7\"]<\/p><h5><strong>SALVAESCALERA EL\u00c9CTRICO - DHSE<\/strong><\/h5><p>La plataforma elevadora salvaescaleras modelo DHSE es la mejor soluci\u00f3n para el desplazamiento vertical de personas con movilidad reducida.<\/p><p class=\"nota\">PLATAFORMA ELEVADORA FABRICADA CONFORME A LAS DISPOSICIONES DE LA DIRECTIVA DE M\u00c1QUINAS 2006\/42-CE.<\/p><p>[\/et_pb_text][\/et_pb_column][et_pb_column type=\"1_2\" _builder_version=\"4.0.7\"][et_pb_image src=\"https:\/\/www.elevamon.com\/wp-content\/uploads\/2020\/01\/salvaescalera-vertical-elevamon-elevadores-03.jpg\" show_in_lightbox=\"on\" _builder_version=\"4.0.7\" width=\"90%\" animation_direction=\"bottom\"][\/et_pb_image][\/et_pb_column][\/et_pb_row][et_pb_row _builder_version=\"4.0.7\"][et_pb_column type=\"4_4\" _builder_version=\"4.0.7\"][et_pb_divider divider_weight=\"2px\" _builder_version=\"4.0.7\" width=\"50%\" module_alignment=\"center\" custom_margin=\"||||false|false\" custom_padding=\"15px||15px||false|false\"][\/et_pb_divider][\/et_pb_column][\/et_pb_row][\/et_pb_section][et_pb_section fb_built=\"1\" _builder_version=\"4.0.7\" collapsed=\"off\"][et_pb_row column_structure=\"1_2,1_2\" _builder_version=\"4.0.7\"][et_pb_column type=\"1_2\" _builder_version=\"4.0.7\"][et_pb_text _builder_version=\"4.0.7\"]<\/p><h3><strong>SALVAESCALERA INCLINADA<\/strong><\/h3><p>[\/et_pb_text][et_pb_text _builder_version=\"4.0.7\"]<\/p><h5><strong>PLATAFORMA ELEVADORA INCLINADA PARA PERSONAS - DHI (2020)<\/strong><\/h5><p>La plataforma salva escaleras inclinada modelo DHI para escaleras rectas, es una solucio\u0301n funcional, ergono\u0301mica y segura para el transporte de personas tanto a nivel particular como de pu\u0301blica concurrencia.<\/p><p class=\"nota\">Plataforma elevadora fabricada conforme a la Directiva de Ma\u0301quinas 2006\/42\/CE y la EN81\/40.<\/p><p>[\/et_pb_text][\/et_pb_column][et_pb_column type=\"1_2\" _builder_version=\"4.0.7\"][et_pb_gallery gallery_ids=\"885,886\" fullwidth=\"on\" _builder_version=\"4.0.7\"][\/et_pb_gallery][\/et_pb_column][\/et_pb_row][et_pb_row column_structure=\"2_5,3_5\" _builder_version=\"4.0.7\"][et_pb_column type=\"2_5\" _builder_version=\"4.0.7\"][et_pb_text _builder_version=\"4.0.7\"]<\/p><h5><strong>PLATAFORMA SALVAESCALERAS D\u00c9COR<\/strong><\/h5><p><strong>CARACTER\u00cdSTICAS PRINCIPALES<\/strong><\/p><ul><li>Instalaci\u00f3n en escaleras curvas.<\/li><li>Sistema de tracci\u00f3n mediante cadena de bolas.<\/li><li>Versi\u00f3n para interior e intemperie.<\/li><li>Distintos sistemas de fijaci\u00f3n (postes, postes fijados al lateral del escal\u00f3n, fijaci\u00f3n a la pared y postes centrales).<\/li><li>Funciona con corriente.<\/li><li>Pulsador mantenido (se debe estar apretando para accionar el movimiento).<\/li><li>Plataforma completamente plegable (manual).<\/li><li>Brazos de seguridad y rampas de acceso.<\/li><li>Sensores de seguridad sensibles al tacto.<\/li><li>Salida gradual y llegada con velocidad reducida.<\/li><li>Sistema de desaceleraci\u00f3n en curva.<\/li><li>Silenciosa, c\u00f3moda y segura.<\/li><\/ul><p><strong>OPCIONES<\/strong><\/p><ul><li>Acceso lateral.<\/li><li>Bater\u00edas.<\/li><li>Plegado autom\u00e1tico.<\/li><li>Se\u00f1ales \u00f3pticas y ac\u00fasticas.<\/li><li>Asiento abatible.<\/li><li>Poste-soporte mando.<\/li><li>Mando para control plataforma para ayudante.<\/li><li>Desde mando pared conducir plataforma desplegada.<\/li><\/ul><p>[\/et_pb_text][\/et_pb_column][et_pb_column type=\"3_5\" _builder_version=\"4.0.7\"][et_pb_gallery gallery_ids=\"891,893,892,890,894,889\" fullwidth=\"on\" _builder_version=\"4.0.7\" max_height=\"400px\" auto=\"on\" auto_speed=\"5000\"][\/et_pb_gallery][et_pb_text _builder_version=\"4.0.7\"]<\/p><p><strong>INFORMACI\u00d3N T\u00c9CNICA<\/strong><\/p><ul><li>Capacidad de carga m\u00e1xima hasta 225kg.<\/li><li>Inclinaci\u00f3n m\u00e1xima: 60\u00ba.<\/li><li>La intromisi\u00f3n m\u00e1s peque\u00f1a del mercado, s\u00f3lo 365mm (plataforma cerrada con fijaci\u00f3n a pared) y 445mm (plataforma cerrada con fijaci\u00f3n a postes).<\/li><li>Motor: 1,1\/1,5 Kw.<\/li><li>Cargador: 230V.<\/li><li>Velocidad: 0,10m\/s.<\/li><li>Potencia: 1,1\/1,5Kw.<\/li><li>Diferentes medidas de plataforma: m\u00ednimo 750x600mm y m\u00e1ximo 800x1000mm.<\/li><li>Accesos a la plataforma: frontal, lateral (s\u00f3lo en versi\u00f3n autom\u00e1tica) y posterior.<\/li><\/ul><p>[\/et_pb_text][\/et_pb_column][\/et_pb_row][et_pb_row _builder_version=\"4.0.7\"][et_pb_column type=\"4_4\" _builder_version=\"4.0.7\"][et_pb_divider divider_weight=\"2px\" _builder_version=\"4.0.7\" width=\"50%\" module_alignment=\"center\" custom_margin=\"||||false|false\" custom_padding=\"15px||15px||false|false\"][\/et_pb_divider][\/et_pb_column][\/et_pb_row][\/et_pb_section][et_pb_section fb_built=\"1\" _builder_version=\"4.0.7\" collapsed=\"off\"][et_pb_row column_structure=\"2_5,3_5\" _builder_version=\"4.0.7\"][et_pb_column type=\"2_5\" _builder_version=\"4.0.7\"][et_pb_text _builder_version=\"4.0.7\"]<\/p><h3><strong>SILLA SALVAESCALERA INCLINADA<\/strong><\/h3><p>[\/et_pb_text][et_pb_text _builder_version=\"4.0.7\"]<\/p><h5><strong>SILLA SUBEESCALERAS FIDUS<\/strong><\/h5><p><strong>CARACTER\u00cdSTICAS PRINCIPALES<\/strong><\/p><ul><li>Para tramos de escalera rectos.<\/li><li>Fijaci\u00f3n a los escalones.<\/li><li>Sistema de tracci\u00f3n mediante cremallera y pi\u00f1\u00f3n.<\/li><li>Sensores antiobst\u00e1culos sensibles al tacto.<\/li><li>Bajo consumo el\u00e9ctrico.<\/li><li>Asiento plegable y giratorio manualmente.<\/li><li>Moqueta antideslizante en el reposapi\u00e9s.<\/li><li>Funciona con bater\u00edas.<\/li><li>La silla carga en toda su longitud.<\/li><li>Dos mandos a distancia con botones (Subir\/Bajar).<\/li><li>Punto de luz en planta baja o en planta superior.<\/li><li>Instalaci\u00f3n r\u00e1pida y sin obras. Llave de seguridad (en el reposabrazos).<\/li><li>Tapicer\u00eda en color beige de f\u00e1cil limpieza.<\/li><li>Montaje a ambos lados de la escalera.<\/li><li>Pantalla LCD de autodiagn\u00f3stico para localizar r\u00e1pidamente las aver\u00edas.<\/li><li>Cintur\u00f3n de seguridad de serie.<\/li><li>C\u00f3moda, \u00e1gil, segura y silenciosa.<\/li><li>Opci\u00f3n de tramo articulado o deslizante.<\/li><li>S\u00f3lo para ambientes interiores.<\/li><li>Pulsador mantenido.<\/li><\/ul><p>[\/et_pb_text][\/et_pb_column][et_pb_column type=\"3_5\" _builder_version=\"4.0.7\"][et_pb_gallery gallery_ids=\"902,898,899,897,901,900\" fullwidth=\"on\" _builder_version=\"4.0.7\" max_height=\"400px\" auto=\"on\" auto_speed=\"5000\"][\/et_pb_gallery][et_pb_text _builder_version=\"4.0.7\"]<\/p><p><strong>INFORMACI\u00d3N T\u00c9CNICA<\/strong><\/p><ul><li>Recorrido m\u00e1ximo hasta 9m.<\/li><li>Gu\u00eda de aluminio.<\/li><li>Capacidad m\u00e1xima de carga hasta 140kg.<\/li><li>Inclinaci\u00f3n m\u00e1xima: 50\u00ba.<\/li><li>Energ\u00eda 24v DC Bater\u00eda<\/li><li>Velocidad: 0,12m\/s.<\/li><li>Espacio de estacionamiento inferior aproximado requerido: 680mm.<\/li><li>Cargador incluido.<\/li><li>Bater\u00edas: la silla puede utilizarse temporalmente sin corriente.<\/li><li>Punto de luz 200mm horizontal desde borde escalera y 300 vertical desde el suelo (para que no haya interferencia entre la gu\u00eda y el cargador).<\/li><\/ul><p>[\/et_pb_text][\/et_pb_column][\/et_pb_row][\/et_pb_section]<\/p>","_et_gb_content_width":"","footnotes":""},"class_list":["post-1136","page","type-page","status-publish","hentry"],"yoast_head":"<!-- This site is optimized with the Yoast SEO plugin v26.8 - https:\/\/yoast.com\/product\/yoast-seo-wordpress\/ -->\n<title>PUJAESCALES - Elevamon Elevadores S.L.<\/title>\n<meta name=\"robots\" content=\"index, follow, max-snippet:-1, max-image-preview:large, max-video-preview:-1\" \/>\n<link rel=\"canonical\" href=\"https:\/\/www.elevamon.com\/ca\/pujaescales\/\" \/>\n<meta property=\"og:locale\" content=\"ca_ES\" \/>\n<meta property=\"og:type\" content=\"article\" \/>\n<meta property=\"og:title\" content=\"PUJAESCALES - Elevamon Elevadores S.L.\" \/>\n<meta property=\"og:description\" content=\"TROBA TOT EL QUE BUSQUES EN EL NOSTRE CAT\u00c0LEG DE PRODUCTESCAT\u00c0LEG DE PRODUCTES \/ PUJAESCALESPUJAESCALES VERTICALPUJAESCALES HIDR\u00c0ULIC - DHM OPEN La plataforma model DHM Open \u00e9s la millor soluci\u00f3 hidr\u00e0ulica per aconseguir un despla\u00e7ament vertical de fins a 3 metres de recorregut. PLATAFORMA ELEVADORA FABRICADA ACORD AMB LA DIRECTIVA DE M\u00c0QUINES 2006\/42 \/ CE I [&hellip;]\" \/>\n<meta property=\"og:url\" content=\"https:\/\/www.elevamon.com\/ca\/pujaescales\/\" \/>\n<meta property=\"og:site_name\" content=\"Elevamon Elevadores S.L.\" \/>\n<meta property=\"article:modified_time\" content=\"2020-02-06T17:07:12+00:00\" \/>\n<meta name=\"twitter:card\" content=\"summary_large_image\" \/>\n<meta name=\"twitter:label1\" content=\"Temps estimat de lectura\" \/>\n\t<meta name=\"twitter:data1\" content=\"6 minuts\" \/>\n<script type=\"application\/ld+json\" class=\"yoast-schema-graph\">{\"@context\":\"https:\/\/schema.org\",\"@graph\":[{\"@type\":\"WebPage\",\"@id\":\"https:\/\/www.elevamon.com\/ca\/pujaescales\/\",\"url\":\"https:\/\/www.elevamon.com\/ca\/pujaescales\/\",\"name\":\"PUJAESCALES - Elevamon Elevadores S.L.\",\"isPartOf\":{\"@id\":\"https:\/\/www.elevamon.com\/ca\/#website\"},\"datePublished\":\"2020-02-06T17:07:06+00:00\",\"dateModified\":\"2020-02-06T17:07:12+00:00\",\"breadcrumb\":{\"@id\":\"https:\/\/www.elevamon.com\/ca\/pujaescales\/#breadcrumb\"},\"inLanguage\":\"ca\",\"potentialAction\":[{\"@type\":\"ReadAction\",\"target\":[\"https:\/\/www.elevamon.com\/ca\/pujaescales\/\"]}]},{\"@type\":\"BreadcrumbList\",\"@id\":\"https:\/\/www.elevamon.com\/ca\/pujaescales\/#breadcrumb\",\"itemListElement\":[{\"@type\":\"ListItem\",\"position\":1,\"name\":\"Portada\",\"item\":\"https:\/\/www.elevamon.com\/ca\/inici\/\"},{\"@type\":\"ListItem\",\"position\":2,\"name\":\"PUJAESCALES\"}]},{\"@type\":\"WebSite\",\"@id\":\"https:\/\/www.elevamon.com\/ca\/#website\",\"url\":\"https:\/\/www.elevamon.com\/ca\/\",\"name\":\"Elevamon Elevadores S.L.\",\"description\":\"Mantenimiento de Ascensores Barcelona y Rub&iacute; | Instalaci&oacute;n, mantenimiento y reparaci&oacute;n de ascensores\",\"publisher\":{\"@id\":\"https:\/\/www.elevamon.com\/ca\/#organization\"},\"potentialAction\":[{\"@type\":\"SearchAction\",\"target\":{\"@type\":\"EntryPoint\",\"urlTemplate\":\"https:\/\/www.elevamon.com\/ca\/?s={search_term_string}\"},\"query-input\":{\"@type\":\"PropertyValueSpecification\",\"valueRequired\":true,\"valueName\":\"search_term_string\"}}],\"inLanguage\":\"ca\"},{\"@type\":\"Organization\",\"@id\":\"https:\/\/www.elevamon.com\/ca\/#organization\",\"name\":\"Elevam\u00f3n Elevadores S.L.\",\"url\":\"https:\/\/www.elevamon.com\/ca\/\",\"logo\":{\"@type\":\"ImageObject\",\"inLanguage\":\"ca\",\"@id\":\"https:\/\/www.elevamon.com\/ca\/#\/schema\/logo\/image\/\",\"url\":\"https:\/\/www.elevamon.com\/wp-content\/uploads\/2019\/12\/logo-elevamon.png\",\"contentUrl\":\"https:\/\/www.elevamon.com\/wp-content\/uploads\/2019\/12\/logo-elevamon.png\",\"width\":245,\"height\":205,\"caption\":\"Elevam\u00f3n Elevadores S.L.\"},\"image\":{\"@id\":\"https:\/\/www.elevamon.com\/ca\/#\/schema\/logo\/image\/\"},\"sameAs\":[\"https:\/\/www.youtube.com\/channel\/UC6bKkiPq-5OK8IiQqcGTttg\"]}]}<\/script>\n<!-- \/ Yoast SEO plugin. -->","yoast_head_json":{"title":"PUJAESCALES - Elevamon Elevadores S.L.","robots":{"index":"index","follow":"follow","max-snippet":"max-snippet:-1","max-image-preview":"max-image-preview:large","max-video-preview":"max-video-preview:-1"},"canonical":"https:\/\/www.elevamon.com\/ca\/pujaescales\/","og_locale":"ca_ES","og_type":"article","og_title":"PUJAESCALES - Elevamon Elevadores S.L.","og_description":"TROBA TOT EL QUE BUSQUES EN EL NOSTRE CAT\u00c0LEG DE PRODUCTESCAT\u00c0LEG DE PRODUCTES \/ PUJAESCALESPUJAESCALES VERTICALPUJAESCALES HIDR\u00c0ULIC - DHM OPEN La plataforma model DHM Open \u00e9s la millor soluci\u00f3 hidr\u00e0ulica per aconseguir un despla\u00e7ament vertical de fins a 3 metres de recorregut. PLATAFORMA ELEVADORA FABRICADA ACORD AMB LA DIRECTIVA DE M\u00c0QUINES 2006\/42 \/ CE I [&hellip;]","og_url":"https:\/\/www.elevamon.com\/ca\/pujaescales\/","og_site_name":"Elevamon Elevadores S.L.","article_modified_time":"2020-02-06T17:07:12+00:00","twitter_card":"summary_large_image","twitter_misc":{"Temps estimat de lectura":"6 minuts"},"schema":{"@context":"https:\/\/schema.org","@graph":[{"@type":"WebPage","@id":"https:\/\/www.elevamon.com\/ca\/pujaescales\/","url":"https:\/\/www.elevamon.com\/ca\/pujaescales\/","name":"PUJAESCALES - Elevamon Elevadores S.L.","isPartOf":{"@id":"https:\/\/www.elevamon.com\/ca\/#website"},"datePublished":"2020-02-06T17:07:06+00:00","dateModified":"2020-02-06T17:07:12+00:00","breadcrumb":{"@id":"https:\/\/www.elevamon.com\/ca\/pujaescales\/#breadcrumb"},"inLanguage":"ca","potentialAction":[{"@type":"ReadAction","target":["https:\/\/www.elevamon.com\/ca\/pujaescales\/"]}]},{"@type":"BreadcrumbList","@id":"https:\/\/www.elevamon.com\/ca\/pujaescales\/#breadcrumb","itemListElement":[{"@type":"ListItem","position":1,"name":"Portada","item":"https:\/\/www.elevamon.com\/ca\/inici\/"},{"@type":"ListItem","position":2,"name":"PUJAESCALES"}]},{"@type":"WebSite","@id":"https:\/\/www.elevamon.com\/ca\/#website","url":"https:\/\/www.elevamon.com\/ca\/","name":"Elevamon Elevadores S.L.","description":"Mantenimiento de Ascensores Barcelona y Rub&iacute; | Instalaci&oacute;n, mantenimiento y reparaci&oacute;n de ascensores","publisher":{"@id":"https:\/\/www.elevamon.com\/ca\/#organization"},"potentialAction":[{"@type":"SearchAction","target":{"@type":"EntryPoint","urlTemplate":"https:\/\/www.elevamon.com\/ca\/?s={search_term_string}"},"query-input":{"@type":"PropertyValueSpecification","valueRequired":true,"valueName":"search_term_string"}}],"inLanguage":"ca"},{"@type":"Organization","@id":"https:\/\/www.elevamon.com\/ca\/#organization","name":"Elevam\u00f3n Elevadores S.L.","url":"https:\/\/www.elevamon.com\/ca\/","logo":{"@type":"ImageObject","inLanguage":"ca","@id":"https:\/\/www.elevamon.com\/ca\/#\/schema\/logo\/image\/","url":"https:\/\/www.elevamon.com\/wp-content\/uploads\/2019\/12\/logo-elevamon.png","contentUrl":"https:\/\/www.elevamon.com\/wp-content\/uploads\/2019\/12\/logo-elevamon.png","width":245,"height":205,"caption":"Elevam\u00f3n Elevadores S.L."},"image":{"@id":"https:\/\/www.elevamon.com\/ca\/#\/schema\/logo\/image\/"},"sameAs":["https:\/\/www.youtube.com\/channel\/UC6bKkiPq-5OK8IiQqcGTttg"]}]}},"_links":{"self":[{"href":"https:\/\/www.elevamon.com\/ca\/wp-json\/wp\/v2\/pages\/1136","targetHints":{"allow":["GET"]}}],"collection":[{"href":"https:\/\/www.elevamon.com\/ca\/wp-json\/wp\/v2\/pages"}],"about":[{"href":"https:\/\/www.elevamon.com\/ca\/wp-json\/wp\/v2\/types\/page"}],"author":[{"embeddable":true,"href":"https:\/\/www.elevamon.com\/ca\/wp-json\/wp\/v2\/users\/2"}],"replies":[{"embeddable":true,"href":"https:\/\/www.elevamon.com\/ca\/wp-json\/wp\/v2\/comments?post=1136"}],"version-history":[{"count":4,"href":"https:\/\/www.elevamon.com\/ca\/wp-json\/wp\/v2\/pages\/1136\/revisions"}],"predecessor-version":[{"id":1142,"href":"https:\/\/www.elevamon.com\/ca\/wp-json\/wp\/v2\/pages\/1136\/revisions\/1142"}],"wp:attachment":[{"href":"https:\/\/www.elevamon.com\/ca\/wp-json\/wp\/v2\/media?parent=1136"}],"curies":[{"name":"wp","href":"https:\/\/api.w.org\/{rel}","templated":true}]}}