{"id":1032,"date":"2020-02-04T10:02:27","date_gmt":"2020-02-04T10:02:27","guid":{"rendered":"https:\/\/www.elevamon.com\/?page_id=1032"},"modified":"2024-01-03T11:01:37","modified_gmt":"2024-01-03T11:01:37","slug":"cataleg-de-productes","status":"publish","type":"page","link":"https:\/\/www.elevamon.com\/ca\/cataleg-de-productes\/","title":{"rendered":"CAT\u00c0LEG DE PRODUCTES"},"content":{"rendered":"<p>[et_pb_section fb_built=&#8221;1&#8243; fullwidth=&#8221;on&#8221; _builder_version=&#8221;4.23.1&#8243; custom_margin_tablet=&#8221;110px||||false|false&#8221; custom_margin_phone=&#8221;110px||||false|false&#8221; custom_margin_last_edited=&#8221;on|phone&#8221; collapsed=&#8221;off&#8221; global_colors_info=&#8221;{}&#8221;][et_pb_fullwidth_image src=&#8221;https:\/\/www.elevamon.com\/wp-content\/uploads\/2023\/01\/catalogo-de-productos-elevamon-elevadores-1.jpg&#8221; alt=&#8221;Ascensors i muntac\u00e0rregues Rub\u00ed Elevamon&#8221; title_text=&#8221;Ascensors i muntac\u00e0rregues Rub\u00ed Elevamon&#8221; _builder_version=&#8221;4.19.4&#8243; background_enable_image=&#8221;off&#8221; parallax=&#8221;on&#8221; global_colors_info=&#8221;{}&#8221;][\/et_pb_fullwidth_image][\/et_pb_section][et_pb_section fb_built=&#8221;1&#8243; _builder_version=&#8221;4.23.1&#8243; custom_padding=&#8221;51px||0px|||&#8221; hover_enabled=&#8221;0&#8243; collapsed=&#8221;off&#8221; global_colors_info=&#8221;{}&#8221; background_enable_color=&#8221;off&#8221; sticky_enabled=&#8221;0&#8243;][et_pb_row _builder_version=&#8221;4.16&#8243; global_colors_info=&#8221;{}&#8221;][et_pb_column type=&#8221;4_4&#8243; _builder_version=&#8221;4.16&#8243; global_colors_info=&#8221;{}&#8221;][et_pb_text _builder_version=&#8221;4.19.4&#8243; header_line_height=&#8221;1.2em&#8221; header_font_size_tablet=&#8221;&#8221; header_font_size_phone=&#8221;23px&#8221; header_font_size_last_edited=&#8221;on|phone&#8221; global_colors_info=&#8221;{}&#8221;]<\/p>\n<h1><strong>CAT\u00c0LEG DE PRODUCTES<\/strong><\/h1>\n<p>[\/et_pb_text][et_pb_text _builder_version=&#8221;4.19.4&#8243; global_colors_info=&#8221;{}&#8221;]<\/p>\n<h4 style=\"text-align: left;\"><strong>Conegui els productes que utilitzem en Elevamon Elevadors. Estem a la seva disposici\u00f3.<\/strong><\/h4>\n<p>&nbsp;<\/p>\n<p>\u201c<strong>Elevamon Elevadors<\/strong>, instal\u00b7laci\u00f3, manteniment i reparaci\u00f3. Ascensors i muntac\u00e0rregues \u201c.<\/p>\n<p>[\/et_pb_text][\/et_pb_column][\/et_pb_row][et_pb_row column_structure=&#8221;1_5,1_5,1_5,1_5,1_5&#8243; _builder_version=&#8221;4.16&#8243; collapsed=&#8221;off&#8221; global_colors_info=&#8221;{}&#8221;][et_pb_column type=&#8221;1_5&#8243; _builder_version=&#8221;4.16&#8243; global_colors_info=&#8221;{}&#8221;][et_pb_image src=&#8221;https:\/\/www.elevamon.com\/wp-content\/uploads\/2020\/01\/icono-8.png&#8221; url=&#8221;https:\/\/www.elevamon.com\/wp-content\/uploads\/2020\/01\/Raloe_Catalogo_Acabados_Finishes-Catalogue_Catalogue-Finitions_2019.pdf&#8221; url_new_window=&#8221;on&#8221; _builder_version=&#8221;4.16&#8243; animation_style=&#8221;zoom&#8221; global_colors_info=&#8221;{}&#8221;][\/et_pb_image][et_pb_text _builder_version=&#8221;4.16&#8243; text_text_color=&#8221;#e02b20&#8243; header_4_text_color=&#8221;#e02b20&#8243; global_colors_info=&#8221;{}&#8221;]<\/p>\n<h4 style=\"text-align: center;\"><a href=\"https:\/\/www.elevamon.com\/wp-content\/uploads\/2020\/01\/Raloe_Catalogo_Acabados_Finishes-Catalogue_Catalogue-Finitions_2019.pdf\" target=\"_blank\" rel=\"noopener noreferrer\"><strong>CABINES<\/strong><\/a><\/h4>\n<p>[\/et_pb_text][\/et_pb_column][et_pb_column type=&#8221;1_5&#8243; _builder_version=&#8221;4.16&#8243; global_colors_info=&#8221;{}&#8221;][et_pb_image src=&#8221;https:\/\/www.elevamon.com\/wp-content\/uploads\/2020\/01\/icono-10.png&#8221; url=&#8221;https:\/\/www.elevamon.com\/ca\/ascensors-electrics-gearless\/&#8221; admin_label=&#8221;Imagen&#8221; _builder_version=&#8221;4.16&#8243; animation_style=&#8221;zoom&#8221; global_colors_info=&#8221;{}&#8221;][\/et_pb_image][et_pb_text _builder_version=&#8221;4.16&#8243; header_4_text_color=&#8221;#e02b20&#8243; global_colors_info=&#8221;{}&#8221;]<\/p>\n<h4 style=\"text-align: center;\"><a href=\"https:\/\/www.elevamon.com\/ca\/ascensors-electrics-gearless\/\" rel=\"noopener noreferrer\"><strong>ASCENSORS EL\u00c8CTRICS GEARLESS<\/strong><\/a><\/h4>\n<p>[\/et_pb_text][\/et_pb_column][et_pb_column type=&#8221;1_5&#8243; _builder_version=&#8221;4.16&#8243; global_colors_info=&#8221;{}&#8221;][et_pb_image src=&#8221;https:\/\/www.elevamon.com\/wp-content\/uploads\/2020\/01\/icono-6.png&#8221; url=&#8221;https:\/\/www.elevamon.com\/ca\/ascensors-electrics-convencionals\/&#8221; admin_label=&#8221;Imagen&#8221; _builder_version=&#8221;4.16&#8243; animation_style=&#8221;zoom&#8221; global_colors_info=&#8221;{}&#8221;][\/et_pb_image][et_pb_text _builder_version=&#8221;4.16&#8243; header_4_text_color=&#8221;#e02b20&#8243; global_colors_info=&#8221;{}&#8221;]<\/p>\n<h4 style=\"text-align: center;\"><a href=\"https:\/\/www.elevamon.com\/ca\/ascensors-electrics-convencionals\/\" rel=\"noopener noreferrer\"><strong>ASCENSORS EL\u00c8CTRICS<\/strong><\/a><\/h4>\n<p>[\/et_pb_text][\/et_pb_column][et_pb_column type=&#8221;1_5&#8243; _builder_version=&#8221;4.16&#8243; global_colors_info=&#8221;{}&#8221;][et_pb_image src=&#8221;https:\/\/www.elevamon.com\/wp-content\/uploads\/2020\/01\/icono-5.png&#8221; url=&#8221;https:\/\/www.elevamon.com\/ca\/ascensors-hidraulics\/&#8221; admin_label=&#8221;Imagen&#8221; _builder_version=&#8221;4.16&#8243; animation_style=&#8221;zoom&#8221; global_colors_info=&#8221;{}&#8221;][\/et_pb_image][et_pb_text _builder_version=&#8221;4.16&#8243; header_4_text_color=&#8221;#e02b20&#8243; global_colors_info=&#8221;{}&#8221;]<\/p>\n<h4 style=\"text-align: center;\"><a href=\"https:\/\/www.elevamon.com\/ca\/ascensors-hidraulics\/\" rel=\"noopener noreferrer\"><strong>ASCENSORS HIDR\u00c0ULICS<\/strong><\/a><\/h4>\n<p>[\/et_pb_text][\/et_pb_column][et_pb_column type=&#8221;1_5&#8243; _builder_version=&#8221;4.16&#8243; global_colors_info=&#8221;{}&#8221;][et_pb_image src=&#8221;https:\/\/www.elevamon.com\/wp-content\/uploads\/2020\/01\/icono-2.png&#8221; url=&#8221;https:\/\/www.elevamon.com\/ca\/ascensors-unifamiliars\/&#8221; admin_label=&#8221;Imagen&#8221; _builder_version=&#8221;4.16&#8243; animation_style=&#8221;zoom&#8221; global_colors_info=&#8221;{}&#8221;][\/et_pb_image][et_pb_text _builder_version=&#8221;4.16&#8243; header_4_text_color=&#8221;#e02b20&#8243; global_colors_info=&#8221;{}&#8221;]<\/p>\n<h4 style=\"text-align: center;\"><a href=\"https:\/\/www.elevamon.com\/ca\/ascensors-unifamiliars\/\" rel=\"noopener noreferrer\"><strong>ASCENSORS UNIFAMILIARS<\/strong><\/a><\/h4>\n<p>[\/et_pb_text][\/et_pb_column][\/et_pb_row][et_pb_row column_structure=&#8221;1_5,1_5,1_5,1_5,1_5&#8243; _builder_version=&#8221;4.16&#8243; collapsed=&#8221;off&#8221; global_colors_info=&#8221;{}&#8221;][et_pb_column type=&#8221;1_5&#8243; _builder_version=&#8221;4.16&#8243; global_colors_info=&#8221;{}&#8221;][et_pb_image src=&#8221;https:\/\/www.elevamon.com\/wp-content\/uploads\/2020\/01\/icono-1.png&#8221; url=&#8221;https:\/\/www.elevamon.com\/ca\/cabines-i-acabats\/&#8221; _builder_version=&#8221;4.16&#8243; animation_style=&#8221;zoom&#8221; global_colors_info=&#8221;{}&#8221;][\/et_pb_image][et_pb_text _builder_version=&#8221;4.16&#8243; header_4_text_color=&#8221;#e02b20&#8243; global_colors_info=&#8221;{}&#8221;]<\/p>\n<h4 style=\"text-align: center;\"><a href=\"https:\/\/www.elevamon.com\/ca\/cabines-i-acabats\/\" rel=\"noopener noreferrer\"><strong>CABINES I ACABATS<\/strong><\/a><\/h4>\n<p>[\/et_pb_text][\/et_pb_column][et_pb_column type=&#8221;1_5&#8243; _builder_version=&#8221;4.16&#8243; global_colors_info=&#8221;{}&#8221;][et_pb_image src=&#8221;https:\/\/www.elevamon.com\/wp-content\/uploads\/2020\/01\/icono-4.png&#8221; url=&#8221;https:\/\/www.elevamon.com\/ca\/muntacotxes\/&#8221; admin_label=&#8221;Imagen&#8221; _builder_version=&#8221;4.16&#8243; animation_style=&#8221;zoom&#8221; global_colors_info=&#8221;{}&#8221;][\/et_pb_image][et_pb_text _builder_version=&#8221;4.16&#8243; header_4_text_color=&#8221;#e02b20&#8243; global_colors_info=&#8221;{}&#8221;]<\/p>\n<h4 style=\"text-align: center;\"><a href=\"https:\/\/www.elevamon.com\/ca\/muntacotxes\/\" rel=\"noopener noreferrer\"><strong>MUNTACOTXES<\/strong><\/a><\/h4>\n<p>[\/et_pb_text][\/et_pb_column][et_pb_column type=&#8221;1_5&#8243; _builder_version=&#8221;4.16&#8243; global_colors_info=&#8221;{}&#8221;][et_pb_image src=&#8221;https:\/\/www.elevamon.com\/wp-content\/uploads\/2020\/01\/icono-3-.png&#8221; url=&#8221;https:\/\/www.elevamon.com\/ca\/pujaescales\/&#8221; admin_label=&#8221;Imagen&#8221; _builder_version=&#8221;4.16&#8243; animation_style=&#8221;zoom&#8221; global_colors_info=&#8221;{}&#8221;][\/et_pb_image][et_pb_text _builder_version=&#8221;4.16&#8243; header_4_text_color=&#8221;#e02b20&#8243; global_colors_info=&#8221;{}&#8221;]<\/p>\n<h4 style=\"text-align: center;\"><a href=\"https:\/\/www.elevamon.com\/ca\/pujaescales\/\" rel=\"noopener noreferrer\"><strong>PUJAESCALES<\/strong><\/a><\/h4>\n<p>[\/et_pb_text][\/et_pb_column][et_pb_column type=&#8221;1_5&#8243; _builder_version=&#8221;4.16&#8243; global_colors_info=&#8221;{}&#8221;][et_pb_image src=&#8221;https:\/\/www.elevamon.com\/wp-content\/uploads\/2020\/01\/icono-7.png&#8221; url=&#8221;https:\/\/www.elevamon.com\/wp-content\/uploads\/2020\/01\/montacargas-elevamon-elevadores.pdf&#8221; url_new_window=&#8221;on&#8221; admin_label=&#8221;Imagen&#8221; _builder_version=&#8221;4.16&#8243; animation_style=&#8221;zoom&#8221; global_colors_info=&#8221;{}&#8221;][\/et_pb_image][et_pb_text _builder_version=&#8221;4.16&#8243; header_4_text_color=&#8221;#e02b20&#8243; global_colors_info=&#8221;{}&#8221;]<\/p>\n<h4 style=\"text-align: center;\"><a href=\"https:\/\/www.elevamon.com\/wp-content\/uploads\/2020\/01\/montacargas-elevamon-elevadores.pdf\" target=\"_blank\" rel=\"noopener noreferrer\"><strong>MONTAC\u00c0RREGUES<\/strong><\/a><\/h4>\n<p>[\/et_pb_text][\/et_pb_column][et_pb_column type=&#8221;1_5&#8243; _builder_version=&#8221;4.16&#8243; global_colors_info=&#8221;{}&#8221;][\/et_pb_column][\/et_pb_row][\/et_pb_section][et_pb_section fb_built=&#8221;1&#8243; custom_padding_last_edited=&#8221;on|phone&#8221; _builder_version=&#8221;4.23.1&#8243; custom_padding=&#8221;50px||50px||false|false&#8221; custom_padding_tablet=&#8221;||10px||false|false&#8221; custom_padding_phone=&#8221;||10px||false|false&#8221; locked=&#8221;off&#8221; collapsed=&#8221;off&#8221; global_colors_info=&#8221;{}&#8221;][et_pb_row column_structure=&#8221;3_5,1_5,1_5&#8243; use_custom_gutter=&#8221;on&#8221; gutter_width=&#8221;2&#8243; make_equal=&#8221;on&#8221; _builder_version=&#8221;4.23.1&#8243; custom_css_main_element=&#8221;align-items: center;&#8221; collapsed=&#8221;off&#8221; global_colors_info=&#8221;{}&#8221;][et_pb_column type=&#8221;3_5&#8243; _builder_version=&#8221;4.16&#8243; global_colors_info=&#8221;{}&#8221;][et_pb_text admin_label=&#8221;Texto&#8221; _builder_version=&#8221;4.23.1&#8243; header_4_text_align=&#8221;left&#8221; header_4_font_size=&#8221;20px&#8221; header_4_line_height=&#8221;1.2em&#8221; header_4_text_align_tablet=&#8221;center&#8221; header_4_text_align_phone=&#8221;center&#8221; header_4_text_align_last_edited=&#8221;on|tablet&#8221; global_colors_info=&#8221;{}&#8221;]<\/p>\n<h4><strong>Elevamon Elevadores forma part de FEPYMA (Federaci\u00f3 Espanyola de Pimes d&#8217;Ascensors) i agremiada al Grem\u00ed Empresarial d&#8217;Ascensor de Catalunya (GEDAC)<\/strong><\/h4>\n<p>[\/et_pb_text][\/et_pb_column][et_pb_column type=&#8221;1_5&#8243; _builder_version=&#8221;4.16&#8243; global_colors_info=&#8221;{}&#8221;][et_pb_image src=&#8221;https:\/\/www.elevamon.com\/wp-content\/uploads\/2023\/12\/logo-feyma.jpg&#8221; align=&#8221;center&#8221; disabled_on=&#8221;off|off|off&#8221; _builder_version=&#8221;4.23.1&#8243; width=&#8221;60%&#8221; width_tablet=&#8221;65%&#8221; width_phone=&#8221;50%&#8221; width_last_edited=&#8221;on|phone&#8221; global_colors_info=&#8221;{}&#8221;][\/et_pb_image][\/et_pb_column][et_pb_column type=&#8221;1_5&#8243; _builder_version=&#8221;4.16&#8243; global_colors_info=&#8221;{}&#8221;][et_pb_image src=&#8221;https:\/\/www.elevamon.com\/wp-content\/uploads\/2023\/12\/logo-gremi.jpg&#8221; align=&#8221;center&#8221; disabled_on=&#8221;off|off|off&#8221; _builder_version=&#8221;4.23.1&#8243; width=&#8221;100%&#8221; width_tablet=&#8221;90%&#8221; width_phone=&#8221;75%&#8221; width_last_edited=&#8221;on|phone&#8221; global_colors_info=&#8221;{}&#8221;][\/et_pb_image][\/et_pb_column][\/et_pb_row][\/et_pb_section][et_pb_section fb_built=&#8221;1&#8243; _builder_version=&#8221;4.23.1&#8243; background_color=&#8221;#c61b1b&#8221; custom_padding=&#8221;35px||35px||true|false&#8221; border_color_top=&#8221;#c61b1b&#8221; border_color_bottom=&#8221;#c61b1b&#8221; locked=&#8221;off&#8221; collapsed=&#8221;off&#8221; global_colors_info=&#8221;{}&#8221;][et_pb_row make_equal=&#8221;on&#8221; _builder_version=&#8221;4.16&#8243; custom_css_main_element=&#8221;align-items:center;&#8221; collapsed=&#8221;off&#8221; global_colors_info=&#8221;{}&#8221;][et_pb_column type=&#8221;4_4&#8243; _builder_version=&#8221;4.16&#8243; global_colors_info=&#8221;{}&#8221;][et_pb_text admin_label=&#8221;Texto&#8221; _builder_version=&#8221;4.23.1&#8243; text_font=&#8221;|600|||||||&#8221; text_font_size=&#8221;17px&#8221; text_line_height=&#8221;1.4em&#8221; header_2_text_align=&#8221;center&#8221; header_2_line_height=&#8221;1.4em&#8221; text_orientation=&#8221;center&#8221; background_layout=&#8221;dark&#8221; text_font_size_last_edited=&#8221;off|phone&#8221; header_2_text_align_tablet=&#8221;center&#8221; header_2_text_align_phone=&#8221;center&#8221; header_2_text_align_last_edited=&#8221;on|phone&#8221; text_orientation_tablet=&#8221;justified&#8221; text_orientation_phone=&#8221;justified&#8221; text_orientation_last_edited=&#8221;on|phone&#8221; global_colors_info=&#8221;{}&#8221;]<\/p>\n<h2><strong>Comprom\u00eds i transpar\u00e8ncia<\/strong><\/h2>\n<p><span>Ubicada a Rub\u00ed, la nostra companyia especialitzada en la instal\u00b7laci\u00f3 i cura d&#8217;ascensors presta els seus serveis al Vall\u00e8s Occidental, Barcelona ia tota la regi\u00f3 de Catalunya. Des de la fase d&#8217;instal\u00b7laci\u00f3 fins al manteniment regular, ens esforcem per assegurar la seguretat i l&#8217;efic\u00e0cia de cada ascensor, comprometent-nos sempre a proporcionar la m\u00e0xima qualitat i responsabilitat. Si esteu a la recerca d&#8217;una empresa fiable per millorar la mobilitat a la vostra comunitat, empresa, llar o qualsevol altra estructura, us animem a posar-vos en contacte amb nosaltres.<\/span><\/p>\n<p>[\/et_pb_text][et_pb_button button_url=&#8221;https:\/\/www.elevamon.com\/ca\/contacti-amb-elevamon-manteniment-elevadors-ascensors\/&#8221; button_text=&#8221;CONTACTAR&#8221; button_alignment=&#8221;center&#8221; _builder_version=&#8221;4.23.1&#8243; custom_button=&#8221;on&#8221; button_text_size=&#8221;18px&#8221; button_text_color=&#8221;#ffffff&#8221; button_bg_color=&#8221;#c61b1b&#8221; button_border_width=&#8221;2px&#8221; button_border_color=&#8221;#FFFFFF&#8221; button_font=&#8221;|600|||||||&#8221; button_icon=&#8221;&#x39;||divi||400&#8243; background_layout=&#8221;dark&#8221; global_colors_info=&#8221;{}&#8221;][\/et_pb_button][\/et_pb_column][\/et_pb_row][\/et_pb_section]<\/p>\n","protected":false},"excerpt":{"rendered":"<p>CAT\u00c0LEG DE PRODUCTESConegui els productes que utilitzem en Elevamon Elevadors. Estem a la seva disposici\u00f3. &nbsp; \u201cElevamon Elevadors, instal\u00b7laci\u00f3, manteniment i reparaci\u00f3. Ascensors i muntac\u00e0rregues \u201c.CABINESASCENSORS EL\u00c8CTRICS GEARLESSASCENSORS EL\u00c8CTRICSASCENSORS HIDR\u00c0ULICSASCENSORS UNIFAMILIARSCABINES I ACABATSMUNTACOTXESPUJAESCALESMONTAC\u00c0RREGUESElevamon Elevadores forma part de FEPYMA (Federaci\u00f3 Espanyola de Pimes d&#8217;Ascensors) i agremiada al Grem\u00ed Empresarial d&#8217;Ascensor de Catalunya (GEDAC)Comprom\u00eds i transpar\u00e8ncia Ubicada [&hellip;]<\/p>\n","protected":false},"author":2,"featured_media":0,"parent":0,"menu_order":0,"comment_status":"closed","ping_status":"closed","template":"","meta":{"_et_pb_use_builder":"on","_et_pb_old_content":"<p>[et_pb_section fb_built=\"1\" fullwidth=\"on\" _builder_version=\"4.0.7\" box_shadow_style=\"preset3\" box_shadow_color=\"rgba(0,0,0,0.17)\" collapsed=\"off\"][et_pb_fullwidth_image src=\"https:\/\/www.elevamon.com\/wp-content\/uploads\/2020\/01\/catalogo-de-productos-elevamon-elevadores.jpg\" _builder_version=\"4.0.7\" background_enable_image=\"off\" parallax=\"on\"][\/et_pb_fullwidth_image][\/et_pb_section][et_pb_section fb_built=\"1\" _builder_version=\"4.0.7\" background_color=\"#f4f4f4\" custom_padding=\"51px||0px|||\" collapsed=\"off\"][et_pb_row _builder_version=\"4.0.7\"][et_pb_column type=\"4_4\" _builder_version=\"4.0.7\"][et_pb_text _builder_version=\"4.0.7\"]<\/p><h3><strong>CAT\u00c1LOGO DE PRODUCTOS<\/strong><\/h3><p>[\/et_pb_text][et_pb_text _builder_version=\"4.0.7\" hover_enabled=\"0\"]<\/p><h4 style=\"text-align: justify;\"><strong>Conozca los productos que utilizamos en Elevamon Elevadores. Estamos a su entera disposici\u00f3n.<\/strong><\/h4><p>\u00a0<\/p><p>\u201c<strong>Elevamon Elevadores<\/strong>, instalaci\u00f3n, mantenimiento y reparaci\u00f3n. Ascensores y montacargas\".<\/p><p>[\/et_pb_text][\/et_pb_column][\/et_pb_row][et_pb_row column_structure=\"1_5,1_5,1_5,1_5,1_5\" _builder_version=\"4.0.7\" collapsed=\"off\"][et_pb_column type=\"1_5\" _builder_version=\"4.0.7\"][et_pb_image src=\"https:\/\/www.elevamon.com\/wp-content\/uploads\/2020\/01\/icono-8.png\" url=\"https:\/\/www.elevamon.com\/wp-content\/uploads\/2020\/01\/Raloe_Catalogo_Acabados_Finishes-Catalogue_Catalogue-Finitions_2019.pdf\" url_new_window=\"on\" _builder_version=\"4.0.7\" animation_style=\"zoom\"][\/et_pb_image][et_pb_text _builder_version=\"4.0.7\" text_text_color=\"#e02b20\" header_4_text_color=\"#e02b20\"]<\/p><h4 style=\"text-align: center;\"><a href=\"https:\/\/www.elevamon.com\/wp-content\/uploads\/2020\/01\/Raloe_Catalogo_Acabados_Finishes-Catalogue_Catalogue-Finitions_2019.pdf\" target=\"_blank\" rel=\"noopener noreferrer\"><strong>CABINAS<\/strong><\/a><\/h4><p>[\/et_pb_text][\/et_pb_column][et_pb_column type=\"1_5\" _builder_version=\"4.0.7\"][et_pb_image src=\"https:\/\/www.elevamon.com\/wp-content\/uploads\/2020\/01\/icono-10.png\" url=\"https:\/\/www.elevamon.com\/ascensores-electricos-gearless\/\" admin_label=\"Imagen\" _builder_version=\"4.0.7\" animation_style=\"zoom\"][\/et_pb_image][et_pb_text _builder_version=\"4.0.7\" header_4_text_color=\"#e02b20\"]<\/p><h4 style=\"text-align: center;\"><a href=\"https:\/\/www.elevamon.com\/ascensores-electricos-gearless\/\" rel=\"noopener noreferrer\"><strong>ASCENSORES EL\u00c9CTRICOS GEARLES<\/strong><\/a><\/h4><p>[\/et_pb_text][\/et_pb_column][et_pb_column type=\"1_5\" _builder_version=\"4.0.7\"][et_pb_image src=\"https:\/\/www.elevamon.com\/wp-content\/uploads\/2020\/01\/icono-6.png\" url=\"https:\/\/www.elevamon.com\/ascensores-electricos-convencionales\/\" admin_label=\"Imagen\" _builder_version=\"4.0.7\" animation_style=\"zoom\"][\/et_pb_image][et_pb_text _builder_version=\"4.0.7\" header_4_text_color=\"#e02b20\"]<\/p><h4 style=\"text-align: center;\"><a href=\"https:\/\/www.elevamon.com\/ascensores-electricos-convencionales\/\" rel=\"noopener noreferrer\"><strong>ASCENSORES EL\u00c9CTRICOS<\/strong><\/a><\/h4><p>[\/et_pb_text][\/et_pb_column][et_pb_column type=\"1_5\" _builder_version=\"4.0.7\"][et_pb_image src=\"https:\/\/www.elevamon.com\/wp-content\/uploads\/2020\/01\/icono-5.png\" url=\"https:\/\/www.elevamon.com\/ascensores-hidraulicos\/\" admin_label=\"Imagen\" _builder_version=\"4.0.7\" animation_style=\"zoom\"][\/et_pb_image][et_pb_text _builder_version=\"4.0.7\" header_4_text_color=\"#e02b20\"]<\/p><h4 style=\"text-align: center;\"><a href=\"https:\/\/www.elevamon.com\/ascensores-hidraulicos\/\" rel=\"noopener noreferrer\"><strong>ASCENSORES HIDR\u00c1ULICOS<\/strong><\/a><\/h4><p>[\/et_pb_text][\/et_pb_column][et_pb_column type=\"1_5\" _builder_version=\"4.0.7\"][et_pb_image src=\"https:\/\/www.elevamon.com\/wp-content\/uploads\/2020\/01\/icono-2.png\" url=\"https:\/\/www.elevamon.com\/ascensores-unifamiliares\/\" admin_label=\"Imagen\" _builder_version=\"4.0.7\" animation_style=\"zoom\"][\/et_pb_image][et_pb_text _builder_version=\"4.0.7\" header_4_text_color=\"#e02b20\"]<\/p><h4 style=\"text-align: center;\"><a href=\"https:\/\/www.elevamon.com\/ascensores-unifamiliares\/\" rel=\"noopener noreferrer\"><strong>ASCENSORES UNIFAMILIARES<\/strong><\/a><\/h4><p>[\/et_pb_text][\/et_pb_column][\/et_pb_row][et_pb_row column_structure=\"1_5,1_5,1_5,1_5,1_5\" _builder_version=\"4.0.7\" collapsed=\"off\"][et_pb_column type=\"1_5\" _builder_version=\"4.0.7\"][et_pb_image src=\"https:\/\/www.elevamon.com\/wp-content\/uploads\/2020\/01\/icono-1.png\" url=\"https:\/\/www.elevamon.com\/cabinas-y-acabados\/\" _builder_version=\"4.0.7\" animation_style=\"zoom\"][\/et_pb_image][et_pb_text _builder_version=\"4.0.7\" header_4_text_color=\"#e02b20\"]<\/p><h4 style=\"text-align: center;\"><a href=\"https:\/\/www.elevamon.com\/cabinas-y-acabados\/\" rel=\"noopener noreferrer\"><strong>CABINAS Y ACABADOS<\/strong><\/a><\/h4><p>[\/et_pb_text][\/et_pb_column][et_pb_column type=\"1_5\" _builder_version=\"4.0.7\"][et_pb_image src=\"https:\/\/www.elevamon.com\/wp-content\/uploads\/2020\/01\/icono-4.png\" url=\"https:\/\/www.elevamon.com\/montacoches-con-cabina-y-sin-cabina\/\" admin_label=\"Imagen\" _builder_version=\"4.0.7\" animation_style=\"zoom\"][\/et_pb_image][et_pb_text _builder_version=\"4.0.7\" header_4_text_color=\"#e02b20\"]<\/p><h4 style=\"text-align: center;\"><a href=\"https:\/\/www.elevamon.com\/montacoches-con-cabina-y-sin-cabina\/\" rel=\"noopener noreferrer\"><strong>MONTACOCHES<\/strong><\/a><\/h4><p>[\/et_pb_text][\/et_pb_column][et_pb_column type=\"1_5\" _builder_version=\"4.0.7\"][et_pb_image src=\"https:\/\/www.elevamon.com\/wp-content\/uploads\/2020\/01\/icono-3-.png\" url=\"https:\/\/www.elevamon.com\/salvaescaleras\/\" admin_label=\"Imagen\" _builder_version=\"4.0.7\" animation_style=\"zoom\"][\/et_pb_image][et_pb_text _builder_version=\"4.0.7\" header_4_text_color=\"#e02b20\"]<\/p><h4 style=\"text-align: center;\"><a href=\"https:\/\/www.elevamon.com\/salvaescaleras\/\" rel=\"noopener noreferrer\"><strong>SALVAESCALERAS<\/strong><\/a><\/h4><p>[\/et_pb_text][\/et_pb_column][et_pb_column type=\"1_5\" _builder_version=\"4.0.7\"][et_pb_image src=\"https:\/\/www.elevamon.com\/wp-content\/uploads\/2020\/01\/icono-7.png\" url=\"https:\/\/www.elevamon.com\/wp-content\/uploads\/2020\/01\/montacargas-elevamon-elevadores.pdf\" url_new_window=\"on\" admin_label=\"Imagen\" _builder_version=\"4.0.7\" animation_style=\"zoom\"][\/et_pb_image][et_pb_text _builder_version=\"4.0.7\" header_4_text_color=\"#e02b20\"]<\/p><h4 style=\"text-align: center;\"><a href=\"https:\/\/www.elevamon.com\/wp-content\/uploads\/2020\/01\/montacargas-elevamon-elevadores.pdf\" target=\"_blank\" rel=\"noopener noreferrer\"><strong>MONTACARGAS<\/strong><\/a><\/h4><p>[\/et_pb_text][\/et_pb_column][et_pb_column type=\"1_5\" _builder_version=\"4.0.7\"][\/et_pb_column][\/et_pb_row][\/et_pb_section][et_pb_section fb_built=\"1\" _builder_version=\"4.0.7\" collapsed=\"off\"][et_pb_row _builder_version=\"4.0.7\" collapsed=\"off\"][et_pb_column type=\"4_4\" _builder_version=\"4.0.7\"][et_pb_text admin_label=\"Texto\" _builder_version=\"4.0.7\" hover_enabled=\"0\"]<\/p><h4 class=\"bodytext\" style=\"text-align: justify; padding-left: 40px;\"><strong>Elevamon Elevadores S.L. est\u00e1 inscrita en el RCAE (Registre d'empreses Conservadores d'Aparells Elevadors) y agremiada en el Grem\u00ed Empresarial d\u2019Ascensor de Catalunya (GEDAC).<\/strong><\/h4><p>[\/et_pb_text][et_pb_image src=\"https:\/\/www.elevamon.com\/wp-content\/uploads\/2020\/01\/sellos-gremi-elevamon-1.jpg\" align=\"center\" disabled_on=\"on|on|off\" _builder_version=\"4.0.7\" width=\"60%\"][\/et_pb_image][et_pb_image src=\"https:\/\/www.elevamon.com\/wp-content\/uploads\/2020\/01\/sellos-gremi-elevamon-1.jpg\" disabled_on=\"off|off|on\" _builder_version=\"4.0.7\"][\/et_pb_image][\/et_pb_column][\/et_pb_row][\/et_pb_section][et_pb_section fb_built=\"1\" _builder_version=\"4.0.7\" background_color=\"#001756\" collapsed=\"off\"][et_pb_row column_structure=\"3_4,1_4\" _builder_version=\"4.0.7\" collapsed=\"off\"][et_pb_column type=\"3_4\" _builder_version=\"4.0.7\"][et_pb_text admin_label=\"Texto\" _builder_version=\"4.0.7\" background_layout=\"dark\"]<\/p><h4 class=\"bodytext\"><strong>Responsabilidad, honestidad y cumplimiento en todos los servicios. Pida presupuesto sin compromiso.<\/strong><\/h4><p>[\/et_pb_text][\/et_pb_column][et_pb_column type=\"1_4\" _builder_version=\"4.0.7\"][et_pb_button button_url=\"https:\/\/www.elevamon.com\/contacte-con-elevamon-mantenimiento-elevadores-ascensores\/\" button_text=\"CONTACTAR\" button_alignment=\"center\" _builder_version=\"4.0.7\" custom_button=\"on\" button_text_size=\"16px\" button_text_color=\"#ffffff\" button_bg_color=\"#c61b1b\" button_font=\"|600|||||||\" button_icon=\"%%24%%\" background_layout=\"dark\" box_shadow_style=\"preset3\"][\/et_pb_button][\/et_pb_column][\/et_pb_row][\/et_pb_section]<\/p>","_et_gb_content_width":"","footnotes":""},"class_list":["post-1032","page","type-page","status-publish","hentry"],"yoast_head":"<!-- This site is optimized with the Yoast SEO plugin v26.8 - https:\/\/yoast.com\/product\/yoast-seo-wordpress\/ -->\n<title>Ascensors i muntac\u00e0rregues a Rub\u00ed | Cat\u00e0leg de productes | Elevamon<\/title>\n<meta name=\"description\" content=\"A Elevam\u00f3n Elevadors, a Rub\u00ed, us oferim una \u00e0mplia varietat de serveis relacionats amb els ascensors i muntac\u00e0rregues. Tamb\u00e9 reparem.\" \/>\n<meta name=\"robots\" content=\"index, follow, max-snippet:-1, max-image-preview:large, max-video-preview:-1\" \/>\n<link rel=\"canonical\" href=\"https:\/\/www.elevamon.com\/ca\/cataleg-de-productes\/\" \/>\n<meta property=\"og:locale\" content=\"ca_ES\" \/>\n<meta property=\"og:type\" content=\"article\" \/>\n<meta property=\"og:title\" content=\"Ascensors i muntac\u00e0rregues a Rub\u00ed | Cat\u00e0leg de productes | Elevamon\" \/>\n<meta property=\"og:description\" content=\"A Elevam\u00f3n Elevadors, a Rub\u00ed, us oferim una \u00e0mplia varietat de serveis relacionats amb els ascensors i muntac\u00e0rregues. Tamb\u00e9 reparem.\" \/>\n<meta property=\"og:url\" content=\"https:\/\/www.elevamon.com\/ca\/cataleg-de-productes\/\" \/>\n<meta property=\"og:site_name\" content=\"Elevamon Elevadores S.L.\" \/>\n<meta property=\"article:modified_time\" content=\"2024-01-03T11:01:37+00:00\" \/>\n<meta name=\"twitter:card\" content=\"summary_large_image\" \/>\n<meta name=\"twitter:label1\" content=\"Temps estimat de lectura\" \/>\n\t<meta name=\"twitter:data1\" content=\"7 minuts\" \/>\n<script type=\"application\/ld+json\" class=\"yoast-schema-graph\">{\"@context\":\"https:\/\/schema.org\",\"@graph\":[{\"@type\":\"WebPage\",\"@id\":\"https:\/\/www.elevamon.com\/ca\/cataleg-de-productes\/\",\"url\":\"https:\/\/www.elevamon.com\/ca\/cataleg-de-productes\/\",\"name\":\"Ascensors i muntac\u00e0rregues a Rub\u00ed | Cat\u00e0leg de productes | Elevamon\",\"isPartOf\":{\"@id\":\"https:\/\/www.elevamon.com\/ca\/#website\"},\"datePublished\":\"2020-02-04T10:02:27+00:00\",\"dateModified\":\"2024-01-03T11:01:37+00:00\",\"description\":\"A Elevam\u00f3n Elevadors, a Rub\u00ed, us oferim una \u00e0mplia varietat de serveis relacionats amb els ascensors i muntac\u00e0rregues. Tamb\u00e9 reparem.\",\"breadcrumb\":{\"@id\":\"https:\/\/www.elevamon.com\/ca\/cataleg-de-productes\/#breadcrumb\"},\"inLanguage\":\"ca\",\"potentialAction\":[{\"@type\":\"ReadAction\",\"target\":[\"https:\/\/www.elevamon.com\/ca\/cataleg-de-productes\/\"]}]},{\"@type\":\"BreadcrumbList\",\"@id\":\"https:\/\/www.elevamon.com\/ca\/cataleg-de-productes\/#breadcrumb\",\"itemListElement\":[{\"@type\":\"ListItem\",\"position\":1,\"name\":\"Portada\",\"item\":\"https:\/\/www.elevamon.com\/ca\/inici\/\"},{\"@type\":\"ListItem\",\"position\":2,\"name\":\"CAT\u00c0LEG DE PRODUCTES\"}]},{\"@type\":\"WebSite\",\"@id\":\"https:\/\/www.elevamon.com\/ca\/#website\",\"url\":\"https:\/\/www.elevamon.com\/ca\/\",\"name\":\"Elevamon Elevadores S.L.\",\"description\":\"Mantenimiento de Ascensores Barcelona y Rub&iacute; | Instalaci&oacute;n, mantenimiento y reparaci&oacute;n de ascensores\",\"publisher\":{\"@id\":\"https:\/\/www.elevamon.com\/ca\/#organization\"},\"potentialAction\":[{\"@type\":\"SearchAction\",\"target\":{\"@type\":\"EntryPoint\",\"urlTemplate\":\"https:\/\/www.elevamon.com\/ca\/?s={search_term_string}\"},\"query-input\":{\"@type\":\"PropertyValueSpecification\",\"valueRequired\":true,\"valueName\":\"search_term_string\"}}],\"inLanguage\":\"ca\"},{\"@type\":\"Organization\",\"@id\":\"https:\/\/www.elevamon.com\/ca\/#organization\",\"name\":\"Elevam\u00f3n Elevadores S.L.\",\"url\":\"https:\/\/www.elevamon.com\/ca\/\",\"logo\":{\"@type\":\"ImageObject\",\"inLanguage\":\"ca\",\"@id\":\"https:\/\/www.elevamon.com\/ca\/#\/schema\/logo\/image\/\",\"url\":\"https:\/\/www.elevamon.com\/wp-content\/uploads\/2019\/12\/logo-elevamon.png\",\"contentUrl\":\"https:\/\/www.elevamon.com\/wp-content\/uploads\/2019\/12\/logo-elevamon.png\",\"width\":245,\"height\":205,\"caption\":\"Elevam\u00f3n Elevadores S.L.\"},\"image\":{\"@id\":\"https:\/\/www.elevamon.com\/ca\/#\/schema\/logo\/image\/\"},\"sameAs\":[\"https:\/\/www.youtube.com\/channel\/UC6bKkiPq-5OK8IiQqcGTttg\"]}]}<\/script>\n<!-- \/ Yoast SEO plugin. -->","yoast_head_json":{"title":"Ascensors i muntac\u00e0rregues a Rub\u00ed | Cat\u00e0leg de productes | Elevamon","description":"A Elevam\u00f3n Elevadors, a Rub\u00ed, us oferim una \u00e0mplia varietat de serveis relacionats amb els ascensors i muntac\u00e0rregues. Tamb\u00e9 reparem.","robots":{"index":"index","follow":"follow","max-snippet":"max-snippet:-1","max-image-preview":"max-image-preview:large","max-video-preview":"max-video-preview:-1"},"canonical":"https:\/\/www.elevamon.com\/ca\/cataleg-de-productes\/","og_locale":"ca_ES","og_type":"article","og_title":"Ascensors i muntac\u00e0rregues a Rub\u00ed | Cat\u00e0leg de productes | Elevamon","og_description":"A Elevam\u00f3n Elevadors, a Rub\u00ed, us oferim una \u00e0mplia varietat de serveis relacionats amb els ascensors i muntac\u00e0rregues. Tamb\u00e9 reparem.","og_url":"https:\/\/www.elevamon.com\/ca\/cataleg-de-productes\/","og_site_name":"Elevamon Elevadores S.L.","article_modified_time":"2024-01-03T11:01:37+00:00","twitter_card":"summary_large_image","twitter_misc":{"Temps estimat de lectura":"7 minuts"},"schema":{"@context":"https:\/\/schema.org","@graph":[{"@type":"WebPage","@id":"https:\/\/www.elevamon.com\/ca\/cataleg-de-productes\/","url":"https:\/\/www.elevamon.com\/ca\/cataleg-de-productes\/","name":"Ascensors i muntac\u00e0rregues a Rub\u00ed | Cat\u00e0leg de productes | Elevamon","isPartOf":{"@id":"https:\/\/www.elevamon.com\/ca\/#website"},"datePublished":"2020-02-04T10:02:27+00:00","dateModified":"2024-01-03T11:01:37+00:00","description":"A Elevam\u00f3n Elevadors, a Rub\u00ed, us oferim una \u00e0mplia varietat de serveis relacionats amb els ascensors i muntac\u00e0rregues. Tamb\u00e9 reparem.","breadcrumb":{"@id":"https:\/\/www.elevamon.com\/ca\/cataleg-de-productes\/#breadcrumb"},"inLanguage":"ca","potentialAction":[{"@type":"ReadAction","target":["https:\/\/www.elevamon.com\/ca\/cataleg-de-productes\/"]}]},{"@type":"BreadcrumbList","@id":"https:\/\/www.elevamon.com\/ca\/cataleg-de-productes\/#breadcrumb","itemListElement":[{"@type":"ListItem","position":1,"name":"Portada","item":"https:\/\/www.elevamon.com\/ca\/inici\/"},{"@type":"ListItem","position":2,"name":"CAT\u00c0LEG DE PRODUCTES"}]},{"@type":"WebSite","@id":"https:\/\/www.elevamon.com\/ca\/#website","url":"https:\/\/www.elevamon.com\/ca\/","name":"Elevamon Elevadores S.L.","description":"Mantenimiento de Ascensores Barcelona y Rub&iacute; | Instalaci&oacute;n, mantenimiento y reparaci&oacute;n de ascensores","publisher":{"@id":"https:\/\/www.elevamon.com\/ca\/#organization"},"potentialAction":[{"@type":"SearchAction","target":{"@type":"EntryPoint","urlTemplate":"https:\/\/www.elevamon.com\/ca\/?s={search_term_string}"},"query-input":{"@type":"PropertyValueSpecification","valueRequired":true,"valueName":"search_term_string"}}],"inLanguage":"ca"},{"@type":"Organization","@id":"https:\/\/www.elevamon.com\/ca\/#organization","name":"Elevam\u00f3n Elevadores S.L.","url":"https:\/\/www.elevamon.com\/ca\/","logo":{"@type":"ImageObject","inLanguage":"ca","@id":"https:\/\/www.elevamon.com\/ca\/#\/schema\/logo\/image\/","url":"https:\/\/www.elevamon.com\/wp-content\/uploads\/2019\/12\/logo-elevamon.png","contentUrl":"https:\/\/www.elevamon.com\/wp-content\/uploads\/2019\/12\/logo-elevamon.png","width":245,"height":205,"caption":"Elevam\u00f3n Elevadores S.L."},"image":{"@id":"https:\/\/www.elevamon.com\/ca\/#\/schema\/logo\/image\/"},"sameAs":["https:\/\/www.youtube.com\/channel\/UC6bKkiPq-5OK8IiQqcGTttg"]}]}},"_links":{"self":[{"href":"https:\/\/www.elevamon.com\/ca\/wp-json\/wp\/v2\/pages\/1032","targetHints":{"allow":["GET"]}}],"collection":[{"href":"https:\/\/www.elevamon.com\/ca\/wp-json\/wp\/v2\/pages"}],"about":[{"href":"https:\/\/www.elevamon.com\/ca\/wp-json\/wp\/v2\/types\/page"}],"author":[{"embeddable":true,"href":"https:\/\/www.elevamon.com\/ca\/wp-json\/wp\/v2\/users\/2"}],"replies":[{"embeddable":true,"href":"https:\/\/www.elevamon.com\/ca\/wp-json\/wp\/v2\/comments?post=1032"}],"version-history":[{"count":19,"href":"https:\/\/www.elevamon.com\/ca\/wp-json\/wp\/v2\/pages\/1032\/revisions"}],"predecessor-version":[{"id":2604,"href":"https:\/\/www.elevamon.com\/ca\/wp-json\/wp\/v2\/pages\/1032\/revisions\/2604"}],"wp:attachment":[{"href":"https:\/\/www.elevamon.com\/ca\/wp-json\/wp\/v2\/media?parent=1032"}],"curies":[{"name":"wp","href":"https:\/\/api.w.org\/{rel}","templated":true}]}}