{"id":1010,"date":"2020-02-04T08:39:17","date_gmt":"2020-02-04T08:39:17","guid":{"rendered":"https:\/\/www.elevamon.com\/?page_id=1010"},"modified":"2026-01-29T16:33:45","modified_gmt":"2026-01-29T16:33:45","slug":"instal%c2%b7lacio-de-ascensors-a-barcelona","status":"publish","type":"page","link":"https:\/\/www.elevamon.com\/ca\/instal%c2%b7lacio-de-ascensors-a-barcelona\/","title":{"rendered":"Instal\u00b7laci\u00f3 d&#8217;ascensors"},"content":{"rendered":"<p>[et_pb_section fb_built=&#8221;1&#8243; custom_padding_last_edited=&#8221;on|phone&#8221; _builder_version=&#8221;4.27.5&#8243; background_color=&#8221;rgba(0,0,0,0.34)&#8221; background_image=&#8221;https:\/\/www.elevamon.com\/wp-content\/uploads\/2023\/12\/elevamon-elevadors-slider-inicio-webp-02.webp&#8221; background_blend=&#8221;multiply&#8221; width=&#8221;100%&#8221; max_height=&#8221;750px&#8221; custom_padding=&#8221;182px||182px||true|false&#8221; custom_padding_tablet=&#8221;100px||100px||true|false&#8221; custom_padding_phone=&#8221;30px||30px||true|false&#8221; global_colors_info=&#8221;{}&#8221;][et_pb_row _builder_version=&#8221;4.16&#8243; global_colors_info=&#8221;{}&#8221;][et_pb_column type=&#8221;4_4&#8243; _builder_version=&#8221;4.16&#8243; global_colors_info=&#8221;{}&#8221;][et_pb_heading title=&#8221;Instal\u00b7laci\u00f3 d\u00b4ascensors a Barcelona&#8221; _builder_version=&#8221;4.27.5&#8243; _module_preset=&#8221;default&#8221; title_font=&#8221;|700||on|||||&#8221; title_text_align=&#8221;center&#8221; title_text_color=&#8221;#FFFFFF&#8221; title_font_size=&#8221;40px&#8221; title_line_height=&#8221;1.2em&#8221; custom_margin=&#8221;||3px|||&#8221; title_font_size_tablet=&#8221;30px&#8221; title_font_size_phone=&#8221;23px&#8221; title_font_size_last_edited=&#8221;on|phone&#8221; global_colors_info=&#8221;{}&#8221;][\/et_pb_heading][et_pb_text _builder_version=&#8221;4.27.5&#8243; text_font=&#8221;|600|||||||&#8221; text_font_size=&#8221;20px&#8221; text_line_height=&#8221;1.1em&#8221; header_font=&#8221;|700|||||||&#8221; header_font_size=&#8221;40px&#8221; header_line_height=&#8221;1.1em&#8221; header_2_font=&#8221;|700|||||||&#8221; header_2_font_size=&#8221;42px&#8221; background_enable_image=&#8221;off&#8221; text_orientation=&#8221;center&#8221; background_layout=&#8221;dark&#8221; animation_direction=&#8221;bottom&#8221; hover_enabled=&#8221;0&#8243; text_font_size_tablet=&#8221;18px&#8221; text_font_size_phone=&#8221;16px&#8221; text_font_size_last_edited=&#8221;on|phone&#8221; header_font_size_tablet=&#8221;30px&#8221; header_font_size_phone=&#8221;24px&#8221; header_font_size_last_edited=&#8221;on|tablet&#8221; header_2_font_size_tablet=&#8221;42px&#8221; header_2_font_size_phone=&#8221;35px&#8221; header_2_font_size_last_edited=&#8221;on|phone&#8221; global_colors_info=&#8221;{}&#8221; sticky_enabled=&#8221;0&#8243;]<\/p>\n<p>A Elevamon Elevadores estem especialitzats en la instal\u00b7laci\u00f3 d&#8217;ascensors a Barcelona ia tot Catalunya. Des de la nostra seu a Rub\u00ed, oferim solucions adaptades a comunitats de ve\u00efns, edificis residencials, espais comercials i instal\u00b7lacions industrials.<\/p>\n<p>[\/et_pb_text][et_pb_button button_url=&#8221;https:\/\/www.elevamon.com\/ca\/contacti-amb-elevamon-manteniment-elevadors-ascensors\/&#8221; button_text=&#8221;Contactar&#8221; button_alignment=&#8221;center&#8221; _builder_version=&#8221;4.27.5&#8243; custom_button=&#8221;on&#8221; button_text_size=&#8221;17px&#8221; button_bg_color=&#8221;rgba(6,24,127,0.86)&#8221; button_border_width=&#8221;0px&#8221; button_font=&#8221;|600|||||||&#8221; background_layout=&#8221;dark&#8221; custom_padding=&#8221;8px||8px||true|false&#8221; animation_direction=&#8221;bottom&#8221; hover_enabled=&#8221;0&#8243; global_colors_info=&#8221;{}&#8221; sticky_enabled=&#8221;0&#8243;][\/et_pb_button][\/et_pb_column][\/et_pb_row][\/et_pb_section][et_pb_section fb_built=&#8221;1&#8243; _builder_version=&#8221;4.27.5&#8243; custom_padding=&#8221;50px||||false|false&#8221; collapsed=&#8221;off&#8221; global_colors_info=&#8221;{}&#8221;][et_pb_row column_structure=&#8221;1_2,1_2&#8243; use_custom_gutter=&#8221;on&#8221; gutter_width=&#8221;4&#8243; _builder_version=&#8221;4.27.5&#8243; custom_padding=&#8221;||||false|false&#8221; collapsed=&#8221;off&#8221; global_colors_info=&#8221;{}&#8221;][et_pb_column type=&#8221;1_2&#8243; _builder_version=&#8221;4.16&#8243; global_colors_info=&#8221;{}&#8221;][et_pb_heading title=&#8221;Empresa especialitzada en instal\u00b7laci\u00f3 d\u00b4ascensors a Catalunya&#8221; _builder_version=&#8221;4.27.5&#8243; _module_preset=&#8221;default&#8221; title_level=&#8221;h2&#8243; title_font=&#8221;|700|||||||&#8221; title_font_size=&#8221;29px&#8221; title_line_height=&#8221;1.2em&#8221; custom_margin=&#8221;||11px|||&#8221; title_text_align_tablet=&#8221;center&#8221; title_text_align_phone=&#8221;center&#8221; title_text_align_last_edited=&#8221;on|phone&#8221; title_font_size_tablet=&#8221;24px&#8221; title_font_size_phone=&#8221;21px&#8221; title_font_size_last_edited=&#8221;on|desktop&#8221; global_colors_info=&#8221;{}&#8221;][\/et_pb_heading][et_pb_heading title=&#8221;Solucions a mida per a edificis residencials, comercials i industrials&#8221; _builder_version=&#8221;4.27.5&#8243; _module_preset=&#8221;default&#8221; title_level=&#8221;h3&#8243; title_font=&#8221;|700|||||||&#8221; title_text_color=&#8221;gcid-primary-color&#8221; title_font_size=&#8221;21px&#8221; title_letter_spacing=&#8221;1px&#8221; title_line_height=&#8221;1.2em&#8221; custom_margin=&#8221;||34px|||&#8221; title_text_align_tablet=&#8221;center&#8221; title_text_align_phone=&#8221;center&#8221; title_text_align_last_edited=&#8221;on|tablet&#8221; title_font_size_tablet=&#8221;19px&#8221; title_font_size_phone=&#8221;17px&#8221; title_font_size_last_edited=&#8221;on|desktop&#8221; global_colors_info=&#8221;{%22gcid-primary-color%22:%91%22title_text_color%22%93}&#8221;][\/et_pb_heading][et_pb_text _builder_version=&#8221;4.27.5&#8243; text_orientation=&#8221;justified&#8221; custom_margin=&#8221;||34px|||&#8221; hover_enabled=&#8221;0&#8243; text_orientation_tablet=&#8221;justified&#8221; text_orientation_last_edited=&#8221;off|desktop&#8221; global_colors_info=&#8221;{}&#8221; sticky_enabled=&#8221;0&#8243;]<\/p>\n<p>Elevamon Elevadores \u00e9s una empresa amb \u00e0mplia experi\u00e8ncia en la instal\u00b7laci\u00f3 d&#8217;ascensors al Vall\u00e8s Occidental, Vall\u00e8s Oriental, Barcelona i la resta de Catalunya. El nostre equip t\u00e8cnic altament qualificat s&#8217;encarrega de tot el proc\u00e9s, des de l&#8217;estudi previ i la planificaci\u00f3 del projecte fins a la instal\u00b7laci\u00f3 final i engegada de l&#8217;ascensor.<\/p>\n<p>Cada projecte s&#8217;aborda de forma personalitzada, analitzant les caracter\u00edstiques de l&#8217;edifici i les necessitats dels usuaris per oferir la soluci\u00f3 m\u00e9s adequada. El nostre objectiu \u00e9s garantir la m\u00e0xima seguretat, efici\u00e8ncia i confort a cada instal\u00b7laci\u00f3.<\/p>\n<p>[\/et_pb_text][\/et_pb_column][et_pb_column type=&#8221;1_2&#8243; _builder_version=&#8221;4.16&#8243; global_colors_info=&#8221;{}&#8221;][et_pb_gallery gallery_ids=&#8221;961,966,967,968,962,964,963,965&#8243; fullwidth=&#8221;on&#8221; _builder_version=&#8221;4.27.5&#8243; background_layout=&#8221;dark&#8221; max_height=&#8221;520px&#8221; max_height_tablet=&#8221;440px&#8221; max_height_phone=&#8221;300px&#8221; max_height_last_edited=&#8221;on|phone&#8221; auto=&#8221;on&#8221; auto_speed=&#8221;5000&#8243; global_colors_info=&#8221;{}&#8221;][\/et_pb_gallery][\/et_pb_column][\/et_pb_row][et_pb_row column_structure=&#8221;1_2,1_2&#8243; _builder_version=&#8221;4.27.5&#8243; _module_preset=&#8221;default&#8221; custom_padding=&#8221;0px|||||&#8221; global_colors_info=&#8221;{}&#8221;][et_pb_column type=&#8221;1_2&#8243; _builder_version=&#8221;4.23.1&#8243; _module_preset=&#8221;default&#8221; global_colors_info=&#8221;{}&#8221;][et_pb_heading title=&#8221;Instal\u00b7laci\u00f3 d&#039;ascensors a edificis residencials, comercials i industrials&#8221; _builder_version=&#8221;4.27.5&#8243; _module_preset=&#8221;default&#8221; title_level=&#8221;h2&#8243; title_font=&#8221;|700|||||||&#8221; title_font_size=&#8221;21px&#8221; title_line_height=&#8221;1.2em&#8221; custom_margin=&#8221;||13px|||&#8221; title_font_size_tablet=&#8221;19px&#8221; title_font_size_phone=&#8221;19px&#8221; title_font_size_last_edited=&#8221;on|phone&#8221; global_colors_info=&#8221;{}&#8221;][\/et_pb_heading][et_pb_text _builder_version=&#8221;4.27.5&#8243; text_orientation=&#8221;justified&#8221; custom_margin=&#8221;||20px|||&#8221; hover_enabled=&#8221;0&#8243; text_orientation_tablet=&#8221;justified&#8221; text_orientation_last_edited=&#8221;off|desktop&#8221; global_colors_info=&#8221;{}&#8221; sticky_enabled=&#8221;0&#8243;]Realitzem la instal\u00b7laci\u00f3 d&#8217;ascensors a edificis d&#8217;obra nova i edificis antics, habitatges unifamiliars, comunitats de ve\u00efns, locals comercials i naus industrials. Treballem amb solucions d&#8217;elevaci\u00f3 de darrera generaci\u00f3 que s&#8217;adapten tant a espais amplis com a entorns amb limitacions estructurals.<\/p>\n<p>La nostra experi\u00e8ncia ens permet abordar projectes de diferent complexitat, sempre assegurant un alt est\u00e0ndard de qualitat i un rigor\u00f3s compliment de les normatives t\u00e8cniques i de seguretat aplicables a Catalunya.[\/et_pb_text][\/et_pb_column][et_pb_column type=&#8221;1_2&#8243; _builder_version=&#8221;4.23.1&#8243; _module_preset=&#8221;default&#8221; global_colors_info=&#8221;{}&#8221;][et_pb_heading title=&#8221;Solucions integrals en instal\u00b7laci\u00f3, manteniment i modernitzaci\u00f3&#8221; _builder_version=&#8221;4.27.5&#8243; _module_preset=&#8221;default&#8221; title_level=&#8221;h3&#8243; title_font=&#8221;|700|||||||&#8221; title_font_size=&#8221;21px&#8221; title_line_height=&#8221;1.2em&#8221; custom_margin=&#8221;||13px|||&#8221; title_font_size_tablet=&#8221;19px&#8221; title_font_size_phone=&#8221;19px&#8221; title_font_size_last_edited=&#8221;on|phone&#8221; global_colors_info=&#8221;{}&#8221;][\/et_pb_heading][et_pb_text _builder_version=&#8221;4.27.5&#8243; text_orientation=&#8221;justified&#8221; custom_margin=&#8221;||20px|||&#8221; hover_enabled=&#8221;0&#8243; text_orientation_tablet=&#8221;justified&#8221; text_orientation_last_edited=&#8221;off|desktop&#8221; global_colors_info=&#8221;{}&#8221; sticky_enabled=&#8221;0&#8243;]<\/p>\n<p>A m\u00e9s de la instal\u00b7laci\u00f3 d&#8217;ascensors, oferim serveis de manteniment i modernitzaci\u00f3 d&#8217;equips elevadors, assegurant-ne el funcionament correcte i perllongant la seva vida \u00fatil. El nostre comprom\u00eds amb la qualitat i la seguretat ens permet oferir un servei integral, pensat per aportar tranquil\u00b7litat i confian\u00e7a a comunitats de propietaris i empreses.<\/p>\n<p>Si busques una empresa d&#8217;instal\u00b7laci\u00f3 d&#8217;ascensors a Barcelona i Catalunya, a Elevamon Elevadores t&#8217;oferim experi\u00e8ncia, professionalitat i solucions adaptades a cada projecte.<\/p>\n<p>[\/et_pb_text][\/et_pb_column][\/et_pb_row][\/et_pb_section][et_pb_section fb_built=&#8221;1&#8243; _builder_version=&#8221;4.23.1&#8243; custom_padding=&#8221;0px||0px||true|false&#8221; locked=&#8221;off&#8221; collapsed=&#8221;off&#8221; global_colors_info=&#8221;{}&#8221;][et_pb_row column_structure=&#8221;3_5,1_5,1_5&#8243; use_custom_gutter=&#8221;on&#8221; gutter_width=&#8221;2&#8243; make_equal=&#8221;on&#8221; _builder_version=&#8221;4.23.1&#8243; custom_css_main_element=&#8221;align-items: center;&#8221; collapsed=&#8221;off&#8221; global_colors_info=&#8221;{}&#8221;][et_pb_column type=&#8221;3_5&#8243; _builder_version=&#8221;4.16&#8243; global_colors_info=&#8221;{}&#8221;][et_pb_text admin_label=&#8221;Texto&#8221; _builder_version=&#8221;4.23.1&#8243; header_4_text_align=&#8221;left&#8221; header_4_font_size=&#8221;20px&#8221; header_4_line_height=&#8221;1.2em&#8221; header_4_text_align_tablet=&#8221;center&#8221; header_4_text_align_phone=&#8221;center&#8221; header_4_text_align_last_edited=&#8221;on|tablet&#8221; global_colors_info=&#8221;{}&#8221;]<\/p>\n<h4><strong>Elevamon Elevadores forma part de FEPYMA (Federaci\u00f3 Espanyola de Pimes d&#8217;Ascensors) i agremiada al Grem\u00ed Empresarial d&#8217;Ascensor de Catalunya (GEDAC)<\/strong><\/h4>\n<p>[\/et_pb_text][\/et_pb_column][et_pb_column type=&#8221;1_5&#8243; _builder_version=&#8221;4.16&#8243; global_colors_info=&#8221;{}&#8221;][et_pb_image src=&#8221;https:\/\/www.elevamon.com\/wp-content\/uploads\/2023\/12\/logo-feyma.jpg&#8221; align=&#8221;center&#8221; disabled_on=&#8221;off|off|off&#8221; _builder_version=&#8221;4.23.1&#8243; width=&#8221;60%&#8221; width_tablet=&#8221;65%&#8221; width_phone=&#8221;50%&#8221; width_last_edited=&#8221;on|phone&#8221; global_colors_info=&#8221;{}&#8221;][\/et_pb_image][\/et_pb_column][et_pb_column type=&#8221;1_5&#8243; _builder_version=&#8221;4.16&#8243; global_colors_info=&#8221;{}&#8221;][et_pb_image src=&#8221;https:\/\/www.elevamon.com\/wp-content\/uploads\/2023\/12\/logo-gremi.jpg&#8221; align=&#8221;center&#8221; disabled_on=&#8221;off|off|off&#8221; _builder_version=&#8221;4.23.1&#8243; width=&#8221;100%&#8221; width_tablet=&#8221;90%&#8221; width_phone=&#8221;75%&#8221; width_last_edited=&#8221;on|phone&#8221; global_colors_info=&#8221;{}&#8221;][\/et_pb_image][\/et_pb_column][\/et_pb_row][\/et_pb_section][et_pb_section fb_built=&#8221;1&#8243; _builder_version=&#8221;4.23.1&#8243; background_color=&#8221;#c61b1b&#8221; custom_padding=&#8221;35px||35px||true|false&#8221; border_color_top=&#8221;#c61b1b&#8221; border_color_bottom=&#8221;#c61b1b&#8221; locked=&#8221;off&#8221; collapsed=&#8221;off&#8221; global_colors_info=&#8221;{}&#8221;][et_pb_row column_structure=&#8221;3_4,1_4&#8243; make_equal=&#8221;on&#8221; _builder_version=&#8221;4.16&#8243; custom_css_main_element=&#8221;align-items:center;&#8221; collapsed=&#8221;off&#8221; global_colors_info=&#8221;{}&#8221;][et_pb_column type=&#8221;3_4&#8243; _builder_version=&#8221;4.16&#8243; global_colors_info=&#8221;{}&#8221;][et_pb_heading title=&#8221;Sol\u00b7licita assessorament personalitzat per a la instal\u00b7laci\u00f3 del teu ascensor&#8221; _builder_version=&#8221;4.27.5&#8243; _module_preset=&#8221;default&#8221; title_level=&#8221;h2&#8243; title_font=&#8221;|700|||||||&#8221; title_text_color=&#8221;#FFFFFF&#8221; title_font_size=&#8221;27px&#8221; title_line_height=&#8221;1.2em&#8221; custom_margin=&#8221;||13px|||&#8221; title_text_align_tablet=&#8221;center&#8221; title_text_align_phone=&#8221;center&#8221; title_text_align_last_edited=&#8221;on|tablet&#8221; title_font_size_tablet=&#8221;23px&#8221; title_font_size_phone=&#8221;20px&#8221; title_font_size_last_edited=&#8221;on|phone&#8221; global_colors_info=&#8221;{}&#8221;][\/et_pb_heading][et_pb_text admin_label=&#8221;Texto&#8221; _builder_version=&#8221;4.27.5&#8243; text_font=&#8221;|600|||||||&#8221; text_font_size=&#8221;17px&#8221; text_line_height=&#8221;1.4em&#8221; header_text_align=&#8221;left&#8221; header_2_text_align=&#8221;left&#8221; header_2_line_height=&#8221;1.4em&#8221; background_layout=&#8221;dark&#8221; text_font_size_last_edited=&#8221;off|phone&#8221; header_2_text_align_tablet=&#8221;center&#8221; header_2_text_align_phone=&#8221;center&#8221; header_2_text_align_last_edited=&#8221;on|phone&#8221; text_orientation_tablet=&#8221;center&#8221; text_orientation_phone=&#8221;center&#8221; text_orientation_last_edited=&#8221;on|phone&#8221; global_colors_info=&#8221;{}&#8221;]<\/p>\n<p>A Elevamon Elevadores som especialistes en instal\u00b7laci\u00f3 d&#8217;ascensors a Barcelona ia tot Catalunya. Contacta amb el nostre equip i t&#8217;assessorarem per trobar la millor soluci\u00f3 d&#8217;elevaci\u00f3 pel teu edifici, empresa o habitatge.<\/p>\n<p>[\/et_pb_text][\/et_pb_column][et_pb_column type=&#8221;1_4&#8243; _builder_version=&#8221;4.16&#8243; global_colors_info=&#8221;{}&#8221;][et_pb_button button_url=&#8221;https:\/\/www.elevamon.com\/ca\/contacti-amb-elevamon-manteniment-elevadors-ascensors\/&#8221; button_text=&#8221;CONTACTAR&#8221; button_alignment=&#8221;center&#8221; _builder_version=&#8221;4.23.1&#8243; custom_button=&#8221;on&#8221; button_text_size=&#8221;18px&#8221; button_text_color=&#8221;#ffffff&#8221; button_bg_color=&#8221;#c61b1b&#8221; button_border_width=&#8221;2px&#8221; button_border_color=&#8221;#FFFFFF&#8221; button_font=&#8221;|600|||||||&#8221; button_icon=&#8221;&#x39;||divi||400&#8243; background_layout=&#8221;dark&#8221; global_colors_info=&#8221;{}&#8221;][\/et_pb_button][\/et_pb_column][\/et_pb_row][\/et_pb_section]<\/p>\n","protected":false},"excerpt":{"rendered":"<p>A Elevamon Elevadores estem especialitzats en la instal\u00b7laci\u00f3 d&#8217;ascensors a Barcelona ia tot Catalunya. Des de la nostra seu a Rub\u00ed, oferim solucions adaptades a comunitats de ve\u00efns, edificis residencials, espais comercials i instal\u00b7lacions industrials.Elevamon Elevadores \u00e9s una empresa amb \u00e0mplia experi\u00e8ncia en la instal\u00b7laci\u00f3 d&#8217;ascensors al Vall\u00e8s Occidental, Vall\u00e8s Oriental, Barcelona i la resta [&hellip;]<\/p>\n","protected":false},"author":2,"featured_media":0,"parent":0,"menu_order":0,"comment_status":"closed","ping_status":"closed","template":"","meta":{"_et_pb_use_builder":"on","_et_pb_old_content":"<p>[et_pb_section fb_built=\"1\" _builder_version=\"4.0.7\" background_image=\"https:\/\/www.elevamon.com\/wp-content\/uploads\/2020\/01\/empresa-elevamon-elevadores-1.jpg\" width=\"100%\" max_height=\"750px\"][et_pb_row _builder_version=\"4.0.7\"][et_pb_column type=\"4_4\" _builder_version=\"4.0.7\"][et_pb_text _builder_version=\"4.0.7\" text_font=\"|600|||||||\" text_font_size=\"18px\" header_2_font=\"|700|||||||\" header_2_font_size=\"32px\" background_enable_image=\"off\" background_layout=\"dark\" animation_style=\"slide\" animation_direction=\"bottom\" hover_enabled=\"0\"]<\/p><h2 class=\"et_pb_slide_title\" style=\"text-align: center;\"><a href=\"https:\/\/www.elevamon.com\/reparacion-de-ascensores-en-barcelona\/\">INSTALACI\u00d3N DE ASCENSORES EN SABADELL<\/a><\/h2><div class=\"et_pb_slide_content\"><p style=\"text-align: center;\"><strong>En Elevamon encontrar\u00e1 la empresa de instalaci\u00f3n de ascensores que necesita<\/strong><\/p><\/div><p>[\/et_pb_text][et_pb_button button_url=\"https:\/\/www.elevamon.com\/reparacion-de-ascensores-en-barcelona\/\" button_text=\"Saber m\u00e1s\" button_alignment=\"center\" _builder_version=\"4.0.7\" custom_button=\"on\" button_text_size=\"17px\" button_bg_color=\"rgba(6,24,127,0.72)\" background_layout=\"dark\" animation_style=\"slide\" animation_direction=\"bottom\"][\/et_pb_button][\/et_pb_column][\/et_pb_row][\/et_pb_section][et_pb_section fb_built=\"1\" _builder_version=\"4.0.7\" custom_padding=\"51px||0px|||\" collapsed=\"off\"][et_pb_row column_structure=\"1_3,2_3\" _builder_version=\"4.0.7\" custom_padding=\"||14px|||\" collapsed=\"off\"][et_pb_column type=\"1_3\" _builder_version=\"4.0.7\"][et_pb_text _builder_version=\"4.0.7\"]<\/p><h3 style=\"text-align: left;\"><strong>NUESTRA EMPRESA<\/strong><\/h3><p>[\/et_pb_text][et_pb_text _builder_version=\"4.0.7\" custom_margin=\"||20px|||\"]<\/p><p style=\"text-align: justify;\">Elevamon Elevadores es una empresa dedicada \u00edntegramente al mundo del ascensor y del transporte vertical, siendo principalmente la instalaci\u00f3n, mantenimiento y reparaci\u00f3n de aparatos elevadores sus principales actividades.<\/p><p style=\"text-align: justify;\">Desde sus inicios ha estado presente en el sector a lo largo del territorio catal\u00e1n, centrando su actividad en el \u00e1rea metropolitana de\u00a0Barcelona. Los productos que ofrece son toda clase de aparatos elevadores tales como: ascensores, montacargas, montacoches, montaplatos, plataformas para personas de movilidad reducida, y todo lo relacionado con el transporte vertical de personas o mercanc\u00edas.<\/p><p>[\/et_pb_text][\/et_pb_column][et_pb_column type=\"2_3\" _builder_version=\"4.0.7\"][et_pb_gallery gallery_ids=\"796,801,802,803,797,799,798,800\" fullwidth=\"on\" _builder_version=\"4.0.7\" background_layout=\"dark\" max_height=\"451px\" auto=\"on\" auto_speed=\"5000\"][\/et_pb_gallery][\/et_pb_column][\/et_pb_row][\/et_pb_section][et_pb_section fb_built=\"1\" _builder_version=\"4.0.7\" background_color=\"#f4f4f4\" custom_padding=\"51px||0px|||\" collapsed=\"off\"][et_pb_row _builder_version=\"4.0.7\"][et_pb_column type=\"4_4\" _builder_version=\"4.0.7\"][et_pb_text _builder_version=\"4.0.7\"]<\/p><h3><strong>\u00bfQU\u00c9 OFRECEMOS?<\/strong><\/h3><p>[\/et_pb_text][et_pb_text _builder_version=\"4.0.7\"]<\/p><p style=\"text-align: justify;\">Una parte importante de los servicios ofrecidos por la empresa es el mantenimiento de los aparatos elevadores ya instalados, con personal altamente cualificado para ello, as\u00ed como la modernizaci\u00f3n de los mismos y la rehabilitaci\u00f3n de edificios antiguos, estudiando las posibilidades para instalar un ascensor.<\/p><p>[\/et_pb_text][et_pb_gallery gallery_ids=\"342,341,344,343\" orientation=\"portrait\" _builder_version=\"4.0.7\" title_font=\"|600|||||||\" title_text_align=\"center\" title_font_size=\"15px\" caption_font=\"|600|||||||\" caption_text_align=\"center\" caption_font_size=\"15px\" text_orientation=\"center\" custom_margin=\"||||false|false\" animation_style=\"fade\"][\/et_pb_gallery][et_pb_button button_url=\"https:\/\/www.elevamon.com\/catalogo-de-productos\/\" button_text=\"SABER M\u00c1S\" button_alignment=\"center\" _builder_version=\"4.0.7\" custom_button=\"on\" button_text_size=\"16px\" button_bg_color=\"#c60000\" button_font=\"|600|||||||\" background_layout=\"dark\"][\/et_pb_button][\/et_pb_column][\/et_pb_row][\/et_pb_section][et_pb_section fb_built=\"1\" _builder_version=\"4.0.7\" collapsed=\"off\"][et_pb_row _builder_version=\"4.0.7\" collapsed=\"off\"][et_pb_column type=\"4_4\" _builder_version=\"4.0.7\"][et_pb_text admin_label=\"Texto\" _builder_version=\"4.0.7\"]<\/p><h4 class=\"bodytext\" style=\"text-align: justify;\"><strong>Elevamon Elevadores est\u00e1 inscrita en el RCAE (Registre d'empreses Conservadores d'Aparells Elevadors) y agremiada en el Grem\u00ed Empresarial d\u2019Ascensor de Catalunya (GEDAC).<\/strong><\/h4><p>[\/et_pb_text][et_pb_image src=\"https:\/\/www.elevamon.com\/wp-content\/uploads\/2020\/01\/sellos-gremi-elevamon-1.jpg\" align=\"center\" disabled_on=\"on|on|off\" _builder_version=\"4.0.7\" width=\"60%\"][\/et_pb_image][et_pb_image src=\"https:\/\/www.elevamon.com\/wp-content\/uploads\/2020\/01\/sellos-gremi-elevamon-1.jpg\" disabled_on=\"off|off|on\" _builder_version=\"4.0.7\"][\/et_pb_image][\/et_pb_column][\/et_pb_row][\/et_pb_section][et_pb_section fb_built=\"1\" _builder_version=\"4.0.7\" background_color=\"#001756\" collapsed=\"off\"][et_pb_row column_structure=\"3_4,1_4\" _builder_version=\"4.0.7\" collapsed=\"off\"][et_pb_column type=\"3_4\" _builder_version=\"4.0.7\"][et_pb_text admin_label=\"Texto\" _builder_version=\"4.0.7\" background_layout=\"dark\"]<\/p><h4 class=\"bodytext\" style=\"text-align: justify;\"><strong>Responsabilidad, honestidad y cumplimiento en todos los servicios,\u00a0<a href=\"contacto.html\" data-track-event=\"click\" data-track-action=\"internal_link_clicked\">no dude en contactar con nosotros<\/a>.<\/strong><\/h4><p>[\/et_pb_text][\/et_pb_column][et_pb_column type=\"1_4\" _builder_version=\"4.0.7\"][et_pb_button button_url=\"https:\/\/www.elevamon.com\/contacte-con-elevamon-mantenimiento-elevadores-ascensores\/\" button_text=\"CONTACTAR\" button_alignment=\"center\" _builder_version=\"4.0.7\" custom_button=\"on\" button_text_size=\"16px\" button_text_color=\"#ffffff\" button_bg_color=\"#c61b1b\" button_font=\"|600|||||||\" button_icon=\"%%24%%\" background_layout=\"dark\" box_shadow_style=\"preset3\"][\/et_pb_button][\/et_pb_column][\/et_pb_row][\/et_pb_section]<\/p>","_et_gb_content_width":"","footnotes":""},"class_list":["post-1010","page","type-page","status-publish","hentry"],"yoast_head":"<!-- This site is optimized with the Yoast SEO plugin v26.8 - https:\/\/yoast.com\/product\/yoast-seo-wordpress\/ -->\n<title>Instal\u00b7laci\u00f3 d&#039;ascensors a Barcelona i Catalunya | Elevamon<\/title>\n<meta name=\"description\" content=\"Instal\u00b7laci\u00f3 d\u00b4ascensors a Barcelona ia tot Catalunya. Instal\u00b7laci\u00f3 en edificis, habitatges, locals comercials, naus industrials...\" \/>\n<meta name=\"robots\" content=\"index, follow, max-snippet:-1, max-image-preview:large, max-video-preview:-1\" \/>\n<link rel=\"canonical\" href=\"https:\/\/www.elevamon.com\/ca\/instal%c2%b7lacio-de-ascensors-a-barcelona\/\" \/>\n<meta property=\"og:locale\" content=\"ca_ES\" \/>\n<meta property=\"og:type\" content=\"article\" \/>\n<meta property=\"og:title\" content=\"Instal\u00b7laci\u00f3 d&#039;ascensors a Barcelona i Catalunya | Elevamon\" \/>\n<meta property=\"og:description\" content=\"Instal\u00b7laci\u00f3 d\u00b4ascensors a Barcelona ia tot Catalunya. Instal\u00b7laci\u00f3 en edificis, habitatges, locals comercials, naus industrials...\" \/>\n<meta property=\"og:url\" content=\"https:\/\/www.elevamon.com\/ca\/instal%c2%b7lacio-de-ascensors-a-barcelona\/\" \/>\n<meta property=\"og:site_name\" content=\"Elevamon Elevadores S.L.\" \/>\n<meta property=\"article:modified_time\" content=\"2026-01-29T16:33:45+00:00\" \/>\n<meta name=\"twitter:card\" content=\"summary_large_image\" \/>\n<meta name=\"twitter:label1\" content=\"Temps estimat de lectura\" \/>\n\t<meta name=\"twitter:data1\" content=\"7 minuts\" \/>\n<script type=\"application\/ld+json\" class=\"yoast-schema-graph\">{\"@context\":\"https:\/\/schema.org\",\"@graph\":[{\"@type\":\"WebPage\",\"@id\":\"https:\/\/www.elevamon.com\/ca\/instal%c2%b7lacio-de-ascensors-a-barcelona\/\",\"url\":\"https:\/\/www.elevamon.com\/ca\/instal%c2%b7lacio-de-ascensors-a-barcelona\/\",\"name\":\"Instal\u00b7laci\u00f3 d'ascensors a Barcelona i Catalunya | Elevamon\",\"isPartOf\":{\"@id\":\"https:\/\/www.elevamon.com\/ca\/#website\"},\"datePublished\":\"2020-02-04T08:39:17+00:00\",\"dateModified\":\"2026-01-29T16:33:45+00:00\",\"description\":\"Instal\u00b7laci\u00f3 d\u00b4ascensors a Barcelona ia tot Catalunya. Instal\u00b7laci\u00f3 en edificis, habitatges, locals comercials, naus industrials...\",\"breadcrumb\":{\"@id\":\"https:\/\/www.elevamon.com\/ca\/instal%c2%b7lacio-de-ascensors-a-barcelona\/#breadcrumb\"},\"inLanguage\":\"ca\",\"potentialAction\":[{\"@type\":\"ReadAction\",\"target\":[\"https:\/\/www.elevamon.com\/ca\/instal%c2%b7lacio-de-ascensors-a-barcelona\/\"]}]},{\"@type\":\"BreadcrumbList\",\"@id\":\"https:\/\/www.elevamon.com\/ca\/instal%c2%b7lacio-de-ascensors-a-barcelona\/#breadcrumb\",\"itemListElement\":[{\"@type\":\"ListItem\",\"position\":1,\"name\":\"Portada\",\"item\":\"https:\/\/www.elevamon.com\/ca\/inici\/\"},{\"@type\":\"ListItem\",\"position\":2,\"name\":\"Instal\u00b7laci\u00f3 d&#8217;ascensors\"}]},{\"@type\":\"WebSite\",\"@id\":\"https:\/\/www.elevamon.com\/ca\/#website\",\"url\":\"https:\/\/www.elevamon.com\/ca\/\",\"name\":\"Elevamon Elevadores S.L.\",\"description\":\"Mantenimiento de Ascensores Barcelona y Rub&iacute; | Instalaci&oacute;n, mantenimiento y reparaci&oacute;n de ascensores\",\"publisher\":{\"@id\":\"https:\/\/www.elevamon.com\/ca\/#organization\"},\"potentialAction\":[{\"@type\":\"SearchAction\",\"target\":{\"@type\":\"EntryPoint\",\"urlTemplate\":\"https:\/\/www.elevamon.com\/ca\/?s={search_term_string}\"},\"query-input\":{\"@type\":\"PropertyValueSpecification\",\"valueRequired\":true,\"valueName\":\"search_term_string\"}}],\"inLanguage\":\"ca\"},{\"@type\":\"Organization\",\"@id\":\"https:\/\/www.elevamon.com\/ca\/#organization\",\"name\":\"Elevam\u00f3n Elevadores S.L.\",\"url\":\"https:\/\/www.elevamon.com\/ca\/\",\"logo\":{\"@type\":\"ImageObject\",\"inLanguage\":\"ca\",\"@id\":\"https:\/\/www.elevamon.com\/ca\/#\/schema\/logo\/image\/\",\"url\":\"https:\/\/www.elevamon.com\/wp-content\/uploads\/2019\/12\/logo-elevamon.png\",\"contentUrl\":\"https:\/\/www.elevamon.com\/wp-content\/uploads\/2019\/12\/logo-elevamon.png\",\"width\":245,\"height\":205,\"caption\":\"Elevam\u00f3n Elevadores S.L.\"},\"image\":{\"@id\":\"https:\/\/www.elevamon.com\/ca\/#\/schema\/logo\/image\/\"},\"sameAs\":[\"https:\/\/www.youtube.com\/channel\/UC6bKkiPq-5OK8IiQqcGTttg\"]}]}<\/script>\n<!-- \/ Yoast SEO plugin. -->","yoast_head_json":{"title":"Instal\u00b7laci\u00f3 d'ascensors a Barcelona i Catalunya | Elevamon","description":"Instal\u00b7laci\u00f3 d\u00b4ascensors a Barcelona ia tot Catalunya. Instal\u00b7laci\u00f3 en edificis, habitatges, locals comercials, naus industrials...","robots":{"index":"index","follow":"follow","max-snippet":"max-snippet:-1","max-image-preview":"max-image-preview:large","max-video-preview":"max-video-preview:-1"},"canonical":"https:\/\/www.elevamon.com\/ca\/instal%c2%b7lacio-de-ascensors-a-barcelona\/","og_locale":"ca_ES","og_type":"article","og_title":"Instal\u00b7laci\u00f3 d'ascensors a Barcelona i Catalunya | Elevamon","og_description":"Instal\u00b7laci\u00f3 d\u00b4ascensors a Barcelona ia tot Catalunya. Instal\u00b7laci\u00f3 en edificis, habitatges, locals comercials, naus industrials...","og_url":"https:\/\/www.elevamon.com\/ca\/instal%c2%b7lacio-de-ascensors-a-barcelona\/","og_site_name":"Elevamon Elevadores S.L.","article_modified_time":"2026-01-29T16:33:45+00:00","twitter_card":"summary_large_image","twitter_misc":{"Temps estimat de lectura":"7 minuts"},"schema":{"@context":"https:\/\/schema.org","@graph":[{"@type":"WebPage","@id":"https:\/\/www.elevamon.com\/ca\/instal%c2%b7lacio-de-ascensors-a-barcelona\/","url":"https:\/\/www.elevamon.com\/ca\/instal%c2%b7lacio-de-ascensors-a-barcelona\/","name":"Instal\u00b7laci\u00f3 d'ascensors a Barcelona i Catalunya | Elevamon","isPartOf":{"@id":"https:\/\/www.elevamon.com\/ca\/#website"},"datePublished":"2020-02-04T08:39:17+00:00","dateModified":"2026-01-29T16:33:45+00:00","description":"Instal\u00b7laci\u00f3 d\u00b4ascensors a Barcelona ia tot Catalunya. Instal\u00b7laci\u00f3 en edificis, habitatges, locals comercials, naus industrials...","breadcrumb":{"@id":"https:\/\/www.elevamon.com\/ca\/instal%c2%b7lacio-de-ascensors-a-barcelona\/#breadcrumb"},"inLanguage":"ca","potentialAction":[{"@type":"ReadAction","target":["https:\/\/www.elevamon.com\/ca\/instal%c2%b7lacio-de-ascensors-a-barcelona\/"]}]},{"@type":"BreadcrumbList","@id":"https:\/\/www.elevamon.com\/ca\/instal%c2%b7lacio-de-ascensors-a-barcelona\/#breadcrumb","itemListElement":[{"@type":"ListItem","position":1,"name":"Portada","item":"https:\/\/www.elevamon.com\/ca\/inici\/"},{"@type":"ListItem","position":2,"name":"Instal\u00b7laci\u00f3 d&#8217;ascensors"}]},{"@type":"WebSite","@id":"https:\/\/www.elevamon.com\/ca\/#website","url":"https:\/\/www.elevamon.com\/ca\/","name":"Elevamon Elevadores S.L.","description":"Mantenimiento de Ascensores Barcelona y Rub&iacute; | Instalaci&oacute;n, mantenimiento y reparaci&oacute;n de ascensores","publisher":{"@id":"https:\/\/www.elevamon.com\/ca\/#organization"},"potentialAction":[{"@type":"SearchAction","target":{"@type":"EntryPoint","urlTemplate":"https:\/\/www.elevamon.com\/ca\/?s={search_term_string}"},"query-input":{"@type":"PropertyValueSpecification","valueRequired":true,"valueName":"search_term_string"}}],"inLanguage":"ca"},{"@type":"Organization","@id":"https:\/\/www.elevamon.com\/ca\/#organization","name":"Elevam\u00f3n Elevadores S.L.","url":"https:\/\/www.elevamon.com\/ca\/","logo":{"@type":"ImageObject","inLanguage":"ca","@id":"https:\/\/www.elevamon.com\/ca\/#\/schema\/logo\/image\/","url":"https:\/\/www.elevamon.com\/wp-content\/uploads\/2019\/12\/logo-elevamon.png","contentUrl":"https:\/\/www.elevamon.com\/wp-content\/uploads\/2019\/12\/logo-elevamon.png","width":245,"height":205,"caption":"Elevam\u00f3n Elevadores S.L."},"image":{"@id":"https:\/\/www.elevamon.com\/ca\/#\/schema\/logo\/image\/"},"sameAs":["https:\/\/www.youtube.com\/channel\/UC6bKkiPq-5OK8IiQqcGTttg"]}]}},"_links":{"self":[{"href":"https:\/\/www.elevamon.com\/ca\/wp-json\/wp\/v2\/pages\/1010","targetHints":{"allow":["GET"]}}],"collection":[{"href":"https:\/\/www.elevamon.com\/ca\/wp-json\/wp\/v2\/pages"}],"about":[{"href":"https:\/\/www.elevamon.com\/ca\/wp-json\/wp\/v2\/types\/page"}],"author":[{"embeddable":true,"href":"https:\/\/www.elevamon.com\/ca\/wp-json\/wp\/v2\/users\/2"}],"replies":[{"embeddable":true,"href":"https:\/\/www.elevamon.com\/ca\/wp-json\/wp\/v2\/comments?post=1010"}],"version-history":[{"count":37,"href":"https:\/\/www.elevamon.com\/ca\/wp-json\/wp\/v2\/pages\/1010\/revisions"}],"predecessor-version":[{"id":3077,"href":"https:\/\/www.elevamon.com\/ca\/wp-json\/wp\/v2\/pages\/1010\/revisions\/3077"}],"wp:attachment":[{"href":"https:\/\/www.elevamon.com\/ca\/wp-json\/wp\/v2\/media?parent=1010"}],"curies":[{"name":"wp","href":"https:\/\/api.w.org\/{rel}","templated":true}]}}